{"id":1058,"date":"2018-11-06T12:06:00","date_gmt":"2018-11-06T11:06:00","guid":{"rendered":"http:\/\/feuerwehr-espenau.de\/?post_type=einsatz&#038;p=1058"},"modified":"2018-11-18T15:27:46","modified_gmt":"2018-11-18T14:27:46","slug":"gebaeudebrand","status":"publish","type":"einsatz","link":"https:\/\/feuerwehr-espenau.de\/index.php\/einsatzberichte\/gebaeudebrand\/","title":{"rendered":"Geb\u00e4udebrand"},"content":{"rendered":"<p>\n        <strong>Datum:<\/strong> 06.11.2018<br \/>\n        <strong>Einsatznummer:<\/strong> 43-2018<br \/>\n\t<strong>Alarmzeit:<\/strong> 12:06 Uhr<br \/>\n\t<strong>Alarmierungsart:<\/strong> Vollalarm<br \/>\n\t<strong>Art: <\/strong><span style=\"color: #db5432\">Brandeinsatz<\/span><br \/>\n\t<strong>Einsatzort:<\/strong> Immenhausen<\/p>\n<p>\t<strong>Fahrzeuge:<\/strong> <a href=\"https:\/\/feuerwehr-espenau.de\/index.php\/ueber-uns\/fahrzeuge\/staffelloeschfahrzeug\/\" title=\"Mehr Informationen zu Staffell\u00f6schfahrzeug 20\/25\">Staffell\u00f6schfahrzeug 20\/25<\/a><\/p>\n<p>\t<strong>Weitere Kr\u00e4fte:<\/strong> <a href=\"https:\/\/www.feuerwehr-immenhausen.de\/\" title=\"Mehr Informationen zu Feuerwehr Immenhausen\" target=\"_blank\">Feuerwehr Immenhausen<\/a>, <a href=\"https:\/\/ppnh.polizei.hessen.de\/Startseite\/\" title=\"Mehr Informationen zu Polizei\" target=\"_blank\">Polizei<\/a>, <a href=\"https:\/\/www.kassel.de\/einrichtungen\/feuerwehr\/rubrik2-1\/index.php\" title=\"Mehr Informationen zu Rettungsdienst\" target=\"_blank\">Rettungsdienst<\/a>\n<\/p>\n<hr>\n<h2>Einsatzbericht:<\/h2>\n<p>Gegen 12 Uhr wurden wir zeitgleich mit der Freiwillige Feuerwehr Immenhausen zu einem Geb\u00e4udebrand in Immenhausen alarmiert. Schon auf unserer Anfahrt konnte man die Rauchs\u00e4ule sehen. In einer leerstehenden Lagerhalle kam es aus ungekl\u00e4rter Ursache zu einem Brandausbruch. Mit mehreren Trupps unter Atemschutz und \u00fcber die Drehleiter wurde der Brand schlie\u00dflich gel\u00f6scht. Um sicher zu gehen, das sich keine Glutnester erneut entz\u00fcnden, wurde die Halle mit Schaum geflutet.<br \/>\nGegen Sp\u00e4tnachmittag konnten wir die Einsatzstelle verlassen und wieder einr\u00fccken.<br \/><\/p>\n","protected":false},"author":2,"featured_media":0,"template":"","meta":{"einsatz_weight":1,"footnotes":""},"categories":[],"einsatzart":[3],"fahrzeug":[23],"exteinsatzmittel":[10,21,22],"alarmierungsart":[31],"evw_unit":[],"class_list":["post-1058","einsatz","type-einsatz","status-publish","hentry","einsatzart-brandeinsatz","fahrzeug-stlf","exteinsatzmittel-feuerwehr-immenhausen","exteinsatzmittel-polizei","exteinsatzmittel-rettungsdienst","alarmierungsart-vollalarm"],"_links":{"self":[{"href":"https:\/\/feuerwehr-espenau.de\/index.php\/wp-json\/wp\/v2\/einsatz\/1058","targetHints":{"allow":["GET"]}}],"collection":[{"href":"https:\/\/feuerwehr-espenau.de\/index.php\/wp-json\/wp\/v2\/einsatz"}],"about":[{"href":"https:\/\/feuerwehr-espenau.de\/index.php\/wp-json\/wp\/v2\/types\/einsatz"}],"author":[{"embeddable":true,"href":"https:\/\/feuerwehr-espenau.de\/index.php\/wp-json\/wp\/v2\/users\/2"}],"version-history":[{"count":1,"href":"https:\/\/feuerwehr-espenau.de\/index.php\/wp-json\/wp\/v2\/einsatz\/1058\/revisions"}],"predecessor-version":[{"id":1059,"href":"https:\/\/feuerwehr-espenau.de\/index.php\/wp-json\/wp\/v2\/einsatz\/1058\/revisions\/1059"}],"wp:attachment":[{"href":"https:\/\/feuerwehr-espenau.de\/index.php\/wp-json\/wp\/v2\/media?parent=1058"}],"wp:term":[{"taxonomy":"category","embeddable":true,"href":"https:\/\/feuerwehr-espenau.de\/index.php\/wp-json\/wp\/v2\/categories?post=1058"},{"taxonomy":"einsatzart","embeddable":true,"href":"https:\/\/feuerwehr-espenau.de\/index.php\/wp-json\/wp\/v2\/einsatzart?post=1058"},{"taxonomy":"fahrzeug","embeddable":true,"href":"https:\/\/feuerwehr-espenau.de\/index.php\/wp-json\/wp\/v2\/fahrzeug?post=1058"},{"taxonomy":"exteinsatzmittel","embeddable":true,"href":"https:\/\/feuerwehr-espenau.de\/index.php\/wp-json\/wp\/v2\/exteinsatzmittel?post=1058"},{"taxonomy":"alarmierungsart","embeddable":true,"href":"https:\/\/feuerwehr-espenau.de\/index.php\/wp-json\/wp\/v2\/alarmierungsart?post=1058"},{"taxonomy":"evw_unit","embeddable":true,"href":"https:\/\/feuerwehr-espenau.de\/index.php\/wp-json\/wp\/v2\/evw_unit?post=1058"}],"curies":[{"name":"wp","href":"https:\/\/api.w.org\/{rel}","templated":true}]}}