{"id":1417,"date":"2019-10-26T08:23:00","date_gmt":"2019-10-26T06:23:00","guid":{"rendered":"http:\/\/feuerwehr-espenau.de\/?post_type=einsatz&#038;p=1417"},"modified":"2020-10-31T14:52:56","modified_gmt":"2020-10-31T13:52:56","slug":"hklemm1y-2","status":"publish","type":"einsatz","link":"https:\/\/feuerwehr-espenau.de\/index.php\/einsatzberichte\/hklemm1y-2\/","title":{"rendered":"HKlemm1Y \/ Verkehrsunfall"},"content":{"rendered":"<p>\n        <strong>Datum:<\/strong> 26.10.2019<br \/>\n        <strong>Einsatznummer:<\/strong> 39-2019<br \/>\n\t<strong>Alarmzeit:<\/strong> 8:23 Uhr<br \/>\n\t<strong>Alarmierungsart:<\/strong> Pager<br \/>\n\t<strong>Art: <\/strong><span style=\"color: #1e73be\">Technische Hilfeleistung<\/span><br \/>\n\t<strong>Einsatzort:<\/strong> Espenau-M\u00f6nchehof<\/p>\n<p>\t<strong>Fahrzeuge:<\/strong> <a href=\"https:\/\/feuerwehr-espenau.de\/index.php\/ueber-uns\/fahrzeuge\/hilfeleistungsloeschgruppenfahrzeug\/\" title=\"Mehr Informationen zu Hilfeleistungsl\u00f6schgruppenfahrzeug 20\/16\">Hilfeleistungsl\u00f6schgruppenfahrzeug 20\/16<\/a>, <a href=\"https:\/\/feuerwehr-espenau.de\/index.php\/ueber-uns\/fahrzeuge\/staffelloeschfahrzeug\/\" title=\"Mehr Informationen zu Staffell\u00f6schfahrzeug 20\/25\">Staffell\u00f6schfahrzeug 20\/25<\/a>, <a href=\"https:\/\/feuerwehr-espenau.de\/index.php\/ueber-uns\/fahrzeuge\/geraetewagen-logistik-1\/\" title=\"Mehr Informationen zu Ger\u00e4tewagen Logistik 1\">Ger\u00e4tewagen Logistik 1<\/a><\/p>\n<p>\t<strong>Weitere Kr\u00e4fte:<\/strong> <a href=\"https:\/\/www.kassel.de\/einrichtungen\/feuerwehr\/rubrik2-1\/index.php\" title=\"Mehr Informationen zu Notarzt\" target=\"_blank\">Notarzt<\/a>, <a href=\"https:\/\/ppnh.polizei.hessen.de\/Startseite\/\" title=\"Mehr Informationen zu Polizei\" target=\"_blank\">Polizei<\/a>, <a href=\"https:\/\/www.kassel.de\/einrichtungen\/feuerwehr\/rubrik2-1\/index.php\" title=\"Mehr Informationen zu Rettungsdienst\" target=\"_blank\">Rettungsdienst<\/a>\n<\/p>\n<hr>\n<h2>Einsatzbericht:<\/h2>\n<p>P\u00fcnktlich zum Fr\u00fchst\u00fcck gegen 08:20 Uhr piepsten am 26.10 unsere Pager und meldeten einen Verkehrsunfall auf der B7.<\/p>\n<p>W\u00e4hrend das erste Fahrzeug schon ausr\u00fcckte, teilte die Leitstelle \u00fcber Funk mit, das sich ein Unfall auf der B7 ereignet hat und evtl. noch eine Person im Fahrzeug eingeschlossen ist. Vor Ort best\u00e4tigte sich diese Meldung zum Gl\u00fcck nicht. Jedoch war die Einsatzstelle sehr un\u00fcbersichtlich, da sich nur eines der beteiligten Fahrzeuge sowie Tr\u00fcmmerteile auf der Fahrbahn befand. Das andere Fahrzeug stand aus ungekl\u00e4rten Gr\u00fcnden im Geb\u00fcsch neben der Fahrbahn.<br \/>\nF\u00fcr die Aufr\u00e4umarbeiten haben wir die B7 komplett gesperrt.<br \/><\/p>\n","protected":false},"author":2,"featured_media":0,"template":"","meta":{"einsatz_weight":1,"footnotes":""},"categories":[],"einsatzart":[25],"fahrzeug":[15,16,23],"exteinsatzmittel":[20,21,22],"alarmierungsart":[38],"evw_unit":[],"class_list":["post-1417","einsatz","type-einsatz","status-publish","hentry","einsatzart-technische-hilfeleistung","fahrzeug-gw-l","fahrzeug-hlf","fahrzeug-stlf","exteinsatzmittel-notarzt","exteinsatzmittel-polizei","exteinsatzmittel-rettungsdienst","alarmierungsart-pager"],"_links":{"self":[{"href":"https:\/\/feuerwehr-espenau.de\/index.php\/wp-json\/wp\/v2\/einsatz\/1417","targetHints":{"allow":["GET"]}}],"collection":[{"href":"https:\/\/feuerwehr-espenau.de\/index.php\/wp-json\/wp\/v2\/einsatz"}],"about":[{"href":"https:\/\/feuerwehr-espenau.de\/index.php\/wp-json\/wp\/v2\/types\/einsatz"}],"author":[{"embeddable":true,"href":"https:\/\/feuerwehr-espenau.de\/index.php\/wp-json\/wp\/v2\/users\/2"}],"version-history":[{"count":3,"href":"https:\/\/feuerwehr-espenau.de\/index.php\/wp-json\/wp\/v2\/einsatz\/1417\/revisions"}],"predecessor-version":[{"id":1908,"href":"https:\/\/feuerwehr-espenau.de\/index.php\/wp-json\/wp\/v2\/einsatz\/1417\/revisions\/1908"}],"wp:attachment":[{"href":"https:\/\/feuerwehr-espenau.de\/index.php\/wp-json\/wp\/v2\/media?parent=1417"}],"wp:term":[{"taxonomy":"category","embeddable":true,"href":"https:\/\/feuerwehr-espenau.de\/index.php\/wp-json\/wp\/v2\/categories?post=1417"},{"taxonomy":"einsatzart","embeddable":true,"href":"https:\/\/feuerwehr-espenau.de\/index.php\/wp-json\/wp\/v2\/einsatzart?post=1417"},{"taxonomy":"fahrzeug","embeddable":true,"href":"https:\/\/feuerwehr-espenau.de\/index.php\/wp-json\/wp\/v2\/fahrzeug?post=1417"},{"taxonomy":"exteinsatzmittel","embeddable":true,"href":"https:\/\/feuerwehr-espenau.de\/index.php\/wp-json\/wp\/v2\/exteinsatzmittel?post=1417"},{"taxonomy":"alarmierungsart","embeddable":true,"href":"https:\/\/feuerwehr-espenau.de\/index.php\/wp-json\/wp\/v2\/alarmierungsart?post=1417"},{"taxonomy":"evw_unit","embeddable":true,"href":"https:\/\/feuerwehr-espenau.de\/index.php\/wp-json\/wp\/v2\/evw_unit?post=1417"}],"curies":[{"name":"wp","href":"https:\/\/api.w.org\/{rel}","templated":true}]}}