{"id":1527,"date":"2020-01-29T17:18:00","date_gmt":"2020-01-29T16:18:00","guid":{"rendered":"http:\/\/feuerwehr-espenau.de\/?post_type=einsatz&#038;p=1527"},"modified":"2020-02-02T19:36:59","modified_gmt":"2020-02-02T18:36:59","slug":"brand-in-gebaeude-f2","status":"publish","type":"einsatz","link":"https:\/\/feuerwehr-espenau.de\/index.php\/einsatzberichte\/brand-in-gebaeude-f2\/","title":{"rendered":"F2 \/ Brand in Geb\u00e4ude"},"content":{"rendered":"<p>\n        <strong>Datum:<\/strong> 29.01.2020<br \/>\n        <strong>Einsatznummer:<\/strong> 04-2020<br \/>\n\t<strong>Alarmzeit:<\/strong> 17:18 Uhr<br \/>\n\t<strong>Alarmierungsart:<\/strong> Vollalarm<br \/>\n\t<strong>Art: <\/strong><span style=\"color: #db5432\">Brandeinsatz<\/span><br \/>\n\t<strong>Einsatzort:<\/strong> Fuldatal-Simmershausen<\/p>\n<p>\t<strong>Fahrzeuge:<\/strong> <a href=\"https:\/\/feuerwehr-espenau.de\/index.php\/ueber-uns\/fahrzeuge\/einsatzleitwagen\/\" title=\"Mehr Informationen zu Einsatzleitwagen\">Einsatzleitwagen<\/a>, <a href=\"https:\/\/feuerwehr-espenau.de\/index.php\/ueber-uns\/fahrzeuge\/staffelloeschfahrzeug\/\" title=\"Mehr Informationen zu Staffell\u00f6schfahrzeug 20\/25\">Staffell\u00f6schfahrzeug 20\/25<\/a>, <a href=\"https:\/\/feuerwehr-espenau.de\/index.php\/ueber-uns\/fahrzeuge\/loeschgruppenfahrzeug-16\/\" title=\"Mehr Informationen zu L\u00f6schgruppenfahrzeug 16-TS\">L\u00f6schgruppenfahrzeug 16-TS<\/a>, <a href=\"https:\/\/feuerwehr-espenau.de\/index.php\/ueber-uns\/fahrzeuge\/geraetewagen-logistik-1\/\" title=\"Mehr Informationen zu Ger\u00e4tewagen Logistik 1\">Ger\u00e4tewagen Logistik 1<\/a><\/p>\n<p>\t<strong>Weitere Kr\u00e4fte:<\/strong> <a href=\"https:\/\/fuldatal.de\/rathaus-politik\/freiwillige-feuerwehr.html\" title=\"Mehr Informationen zu Feuerwehr Fuldatal\" target=\"_blank\">Feuerwehr Fuldatal<\/a>, <a href=\"https:\/\/fuldatal.de\/rathaus-politik\/freiwillige-feuerwehr.html\" title=\"Mehr Informationen zu Feuerwehr Rothwesten\" target=\"_blank\">Feuerwehr Rothwesten<\/a>, <a href=\"https:\/\/www.feuerwehr-stadt-vellmar.de\" title=\"Mehr Informationen zu Feuerwehr Vellmar\" target=\"_blank\">Feuerwehr Vellmar<\/a>, <a href=\"https:\/\/ppnh.polizei.hessen.de\/Startseite\/\" title=\"Mehr Informationen zu Polizei\" target=\"_blank\">Polizei<\/a>, <a href=\"https:\/\/www.kassel.de\/einrichtungen\/feuerwehr\/rubrik2-1\/index.php\" title=\"Mehr Informationen zu Rettungsdienst\" target=\"_blank\">Rettungsdienst<\/a>, <a href=\"http:\/\/kfv-kassel-land.de\/\" title=\"Mehr Informationen zu Umliegende Feuerwehren\" target=\"_blank\">Umliegende Feuerwehren<\/a>\n<\/p>\n<hr>\n<h2>Einsatzbericht:<\/h2>\n<p>Die Feuerwehr Espenau wurde am 29.01., \u00a0gegen 17:15 Uhr zur Unterst\u00fctzung der Freiwillige Feuerwehr Fuldatal nach Simmershausen alarmiert, wo es zu einem gr\u00f6\u00dferen Geb\u00e4udebrand kam.<br \/>\nAufgrund der umfangreichen L\u00f6scharbeiten wurden wir nachgefordert.<br \/>\nDabei wurden von uns vorrangig Atemschutzger\u00e4tetr\u00e4ger ben\u00f6tigt.<br \/>\nF\u00fcnf Trupps unserer Wehr waren unter Atemschutz im Einsatz und unterst\u00fctzten die L\u00f6scharbeiten, wobei ebenfalls das Dach abgedeckt werden musste um alle Glutnester erreichen zu k\u00f6nnen.<br \/>\nHierbei erwies sich die Zusammenarbeit zwischen den verschiedenen Kommunen wieder mal als sehr wichtig, welche jedoch tadellos funktionierte.<br \/>\nEin ausf\u00fchrlicher Bericht ist auf der Seite der Kameraden der Freiwilligen Feuerwehr Fuldatal zu finden.<\/p>\n<p><a href=\"https:\/\/fuldatal.de\/aktuelles-infos\/aktuelles\/detailansicht-news\/article\/pressemitteilung-zum-gebaeudebrand-in-fuldatal-simmershausen.html\">Gemeinde Fuldatal &#8211; News<\/a><br \/><\/p>\n","protected":false},"author":2,"featured_media":0,"template":"","meta":{"einsatz_weight":1,"footnotes":""},"categories":[],"einsatzart":[3],"fahrzeug":[8,15,18,23],"exteinsatzmittel":[46,41,11,21,22,29],"alarmierungsart":[31],"evw_unit":[],"class_list":["post-1527","einsatz","type-einsatz","status-publish","hentry","einsatzart-brandeinsatz","fahrzeug-elw","fahrzeug-gw-l","fahrzeug-lf-16ts","fahrzeug-stlf","exteinsatzmittel-feuerwehr-fuldatal","exteinsatzmittel-feuerwehr-rothwesten","exteinsatzmittel-feuerwehr-vellmar","exteinsatzmittel-polizei","exteinsatzmittel-rettungsdienst","exteinsatzmittel-umliegende-feuerwehren","alarmierungsart-vollalarm"],"_links":{"self":[{"href":"https:\/\/feuerwehr-espenau.de\/index.php\/wp-json\/wp\/v2\/einsatz\/1527","targetHints":{"allow":["GET"]}}],"collection":[{"href":"https:\/\/feuerwehr-espenau.de\/index.php\/wp-json\/wp\/v2\/einsatz"}],"about":[{"href":"https:\/\/feuerwehr-espenau.de\/index.php\/wp-json\/wp\/v2\/types\/einsatz"}],"author":[{"embeddable":true,"href":"https:\/\/feuerwehr-espenau.de\/index.php\/wp-json\/wp\/v2\/users\/2"}],"version-history":[{"count":11,"href":"https:\/\/feuerwehr-espenau.de\/index.php\/wp-json\/wp\/v2\/einsatz\/1527\/revisions"}],"predecessor-version":[{"id":1539,"href":"https:\/\/feuerwehr-espenau.de\/index.php\/wp-json\/wp\/v2\/einsatz\/1527\/revisions\/1539"}],"wp:attachment":[{"href":"https:\/\/feuerwehr-espenau.de\/index.php\/wp-json\/wp\/v2\/media?parent=1527"}],"wp:term":[{"taxonomy":"category","embeddable":true,"href":"https:\/\/feuerwehr-espenau.de\/index.php\/wp-json\/wp\/v2\/categories?post=1527"},{"taxonomy":"einsatzart","embeddable":true,"href":"https:\/\/feuerwehr-espenau.de\/index.php\/wp-json\/wp\/v2\/einsatzart?post=1527"},{"taxonomy":"fahrzeug","embeddable":true,"href":"https:\/\/feuerwehr-espenau.de\/index.php\/wp-json\/wp\/v2\/fahrzeug?post=1527"},{"taxonomy":"exteinsatzmittel","embeddable":true,"href":"https:\/\/feuerwehr-espenau.de\/index.php\/wp-json\/wp\/v2\/exteinsatzmittel?post=1527"},{"taxonomy":"alarmierungsart","embeddable":true,"href":"https:\/\/feuerwehr-espenau.de\/index.php\/wp-json\/wp\/v2\/alarmierungsart?post=1527"},{"taxonomy":"evw_unit","embeddable":true,"href":"https:\/\/feuerwehr-espenau.de\/index.php\/wp-json\/wp\/v2\/evw_unit?post=1527"}],"curies":[{"name":"wp","href":"https:\/\/api.w.org\/{rel}","templated":true}]}}