{"id":1599,"date":"2020-03-26T12:32:00","date_gmt":"2020-03-26T11:32:00","guid":{"rendered":"http:\/\/feuerwehr-espenau.de\/?post_type=einsatz&#038;p=1599"},"modified":"2020-03-26T16:36:08","modified_gmt":"2020-03-26T15:36:08","slug":"f3y-brand-mit-menschenleben-in-gefahr-iuk-2","status":"publish","type":"einsatz","link":"https:\/\/feuerwehr-espenau.de\/index.php\/einsatzberichte\/f3y-brand-mit-menschenleben-in-gefahr-iuk-2\/","title":{"rendered":"F3Y \/ Brand mit Menschenleben in Gefahr (IuK)"},"content":{"rendered":"<p>\n        <strong>Datum:<\/strong> 26.03.2020<br \/>\n        <strong>Einsatznummer:<\/strong> 12-2020<br \/>\n\t<strong>Alarmzeit:<\/strong> 12:32 Uhr<br \/>\n\t<strong>Alarmierungsart:<\/strong> Pager<br \/>\n\t<strong>Art: <\/strong><span style=\"color: #db5432\">Brandeinsatz<\/span><br \/>\n\t<strong>Einsatzort:<\/strong> Hofgeismar<\/p>\n<p>\t<strong>Fahrzeuge:<\/strong> <a href=\"https:\/\/feuerwehr-espenau.de\/index.php\/ueber-uns\/fahrzeuge\/geraetewagen-information-kommunikation\/\" title=\"Mehr Informationen zu Ger\u00e4tewagen Information und Kommunikation\">Ger\u00e4tewagen Information und Kommunikation<\/a><\/p>\n<p>\t<strong>Weitere Kr\u00e4fte:<\/strong> <a href=\"https:\/\/feuerwehr-hofgeismar.de\/\" title=\"Mehr Informationen zu Feuerwehr Hofgeismar\" target=\"_blank\">Feuerwehr Hofgeismar<\/a>, <a href=\"http:\/\/www.facebook.com\/IuKLKKS\" title=\"Mehr Informationen zu TEL LK Kassel \/ IuK Gruppe\" target=\"_blank\">TEL LK Kassel \/ IuK Gruppe<\/a>\n<\/p>\n<hr>\n<h2>Einsatzbericht:<\/h2>\n<p>Einsatz f\u00fcr die <a class=\"profileLink\" href=\"https:\/\/www.facebook.com\/IuKLKKS\/?fref=mentions&amp;__xts__%5B0%5D=68.ARCluK1i1zisdBCH3me_PfEiYbTLHPFPpz1t3GxmvHOV_cCfY4R5Ya8fjm-8eJJPSQRiUbJ3dSmXP77Mxt9Cw8unRQjW0RAqpDyjZhq193XsNVDMsTcMlyMvBkqCLWnsjELgNQ_c-v6OcC1Ejdvl7n7pR9DIuPh2ONRuTdNnWQkFveb3n4g-4H_ShJlKVHLD0TvM28TBkq2VUV20s6qkcl4k-5ouOimRKFy5F09Y5LAQ9QUtYaQiFPzvXxvxo4xBvoN46ImfnjGcbu2AaUAIU-xw27pM3kcrUHG9xwV8DsvzkkFajAzzV9I-77NEPokG2fLlu9-odjv0ArXxDrfLW8cVlg&amp;__tn__=K-R\">IuK-Gruppe des Landkreis Kassel!<\/a><\/p>\n<p>Nachdem es l\u00e4ngere Zeit ruhig f\u00fcr Uns war, meldeten sich heute Mittag lautstark die Pager f\u00fcr unsere Mitglieder der IuK-Gruppe.<span class=\"text_exposed_show\"><br \/>\nIn einer Gemeinschaftsunterkunft in Hofgeismar wurde ein Brand gemeldet.<br \/>\nGem\u00e4\u00df dem Einsatzstichwort<br \/>\nF3Y (Brand mit Menschenleben in Gefahr) wurden die zust\u00e4ndigen <a class=\"profileLink\" href=\"https:\/\/www.facebook.com\/freiwillige.feuerwehr.hofgeismar.de\/?fref=mentions&amp;__xts__%5B0%5D=68.ARCluK1i1zisdBCH3me_PfEiYbTLHPFPpz1t3GxmvHOV_cCfY4R5Ya8fjm-8eJJPSQRiUbJ3dSmXP77Mxt9Cw8unRQjW0RAqpDyjZhq193XsNVDMsTcMlyMvBkqCLWnsjELgNQ_c-v6OcC1Ejdvl7n7pR9DIuPh2ONRuTdNnWQkFveb3n4g-4H_ShJlKVHLD0TvM28TBkq2VUV20s6qkcl4k-5ouOimRKFy5F09Y5LAQ9QUtYaQiFPzvXxvxo4xBvoN46ImfnjGcbu2AaUAIU-xw27pM3kcrUHG9xwV8DsvzkkFajAzzV9I-77NEPokG2fLlu9-odjv0ArXxDrfLW8cVlg&amp;__tn__=K-R\">Freiwillige Feuerwehr Hofgeismar<\/a> sowie die Einsatzleitkomponente des Landkreis Kassel alarmiert.<br \/>\nNoch auf der Anfahrt wurde von den \u00f6rtlichen Kr\u00e4ften \u201eFeuer aus!\u201c gemeldet.<br \/>\nAlle, auf dem Weg befindlichen Einheiten, konnten daraufhin abbrechen und wieder zu ihrem Standort zur\u00fcckkehren. <\/span><\/p>\n<div class=\"text_exposed_show\">\n<p>Bleibt gesund !<\/p>\n<p><a class=\"_58cn\" href=\"https:\/\/www.facebook.com\/hashtag\/wirsindf\u00fcreuchda?source=feed_text&amp;epa=HASHTAG&amp;__xts__%5B0%5D=68.ARCluK1i1zisdBCH3me_PfEiYbTLHPFPpz1t3GxmvHOV_cCfY4R5Ya8fjm-8eJJPSQRiUbJ3dSmXP77Mxt9Cw8unRQjW0RAqpDyjZhq193XsNVDMsTcMlyMvBkqCLWnsjELgNQ_c-v6OcC1Ejdvl7n7pR9DIuPh2ONRuTdNnWQkFveb3n4g-4H_ShJlKVHLD0TvM28TBkq2VUV20s6qkcl4k-5ouOimRKFy5F09Y5LAQ9QUtYaQiFPzvXxvxo4xBvoN46ImfnjGcbu2AaUAIU-xw27pM3kcrUHG9xwV8DsvzkkFajAzzV9I-77NEPokG2fLlu9-odjv0ArXxDrfLW8cVlg&amp;__tn__=%2ANK-R\" data-ft=\"{&quot;type&quot;:104,&quot;tn&quot;:&quot;*N&quot;}\"><span class=\"_5afx\"><span class=\"_58cl _5afz\" aria-label=\"Hashtag\">#<\/span><span class=\"_58cm\">wirsindf\u00fcreuchda<\/span><\/span><\/a> <a class=\"_58cn\" href=\"https:\/\/www.facebook.com\/hashtag\/stayathome?source=feed_text&amp;epa=HASHTAG&amp;__xts__%5B0%5D=68.ARCluK1i1zisdBCH3me_PfEiYbTLHPFPpz1t3GxmvHOV_cCfY4R5Ya8fjm-8eJJPSQRiUbJ3dSmXP77Mxt9Cw8unRQjW0RAqpDyjZhq193XsNVDMsTcMlyMvBkqCLWnsjELgNQ_c-v6OcC1Ejdvl7n7pR9DIuPh2ONRuTdNnWQkFveb3n4g-4H_ShJlKVHLD0TvM28TBkq2VUV20s6qkcl4k-5ouOimRKFy5F09Y5LAQ9QUtYaQiFPzvXxvxo4xBvoN46ImfnjGcbu2AaUAIU-xw27pM3kcrUHG9xwV8DsvzkkFajAzzV9I-77NEPokG2fLlu9-odjv0ArXxDrfLW8cVlg&amp;__tn__=%2ANK-R\" data-ft=\"{&quot;type&quot;:104,&quot;tn&quot;:&quot;*N&quot;}\"><span class=\"_5afx\"><span class=\"_58cl _5afz\" aria-label=\"Hashtag\">#<\/span><span class=\"_58cm\">StayAtHome<\/span><\/span><\/a> <a class=\"_58cn\" href=\"https:\/\/www.facebook.com\/hashtag\/flattenthecurve?source=feed_text&amp;epa=HASHTAG&amp;__xts__%5B0%5D=68.ARCluK1i1zisdBCH3me_PfEiYbTLHPFPpz1t3GxmvHOV_cCfY4R5Ya8fjm-8eJJPSQRiUbJ3dSmXP77Mxt9Cw8unRQjW0RAqpDyjZhq193XsNVDMsTcMlyMvBkqCLWnsjELgNQ_c-v6OcC1Ejdvl7n7pR9DIuPh2ONRuTdNnWQkFveb3n4g-4H_ShJlKVHLD0TvM28TBkq2VUV20s6qkcl4k-5ouOimRKFy5F09Y5LAQ9QUtYaQiFPzvXxvxo4xBvoN46ImfnjGcbu2AaUAIU-xw27pM3kcrUHG9xwV8DsvzkkFajAzzV9I-77NEPokG2fLlu9-odjv0ArXxDrfLW8cVlg&amp;__tn__=%2ANK-R\" data-ft=\"{&quot;type&quot;:104,&quot;tn&quot;:&quot;*N&quot;}\"><span class=\"_5afx\"><span class=\"_58cl _5afz\" aria-label=\"Hashtag\">#<\/span><span class=\"_58cm\">FlattenTheCurve<\/span><\/span><\/a><\/p>\n<\/div>\n<p><\/p>\n","protected":false},"author":2,"featured_media":0,"template":"","meta":{"einsatz_weight":1,"footnotes":""},"categories":[],"einsatzart":[3],"fahrzeug":[14],"exteinsatzmittel":[49,26],"alarmierungsart":[38],"evw_unit":[],"class_list":["post-1599","einsatz","type-einsatz","status-publish","hentry","einsatzart-brandeinsatz","fahrzeug-gw-iuk","exteinsatzmittel-feuerwehr-hofgeismar","exteinsatzmittel-tel-lk-kassel-iuk-gruppe","alarmierungsart-pager"],"_links":{"self":[{"href":"https:\/\/feuerwehr-espenau.de\/index.php\/wp-json\/wp\/v2\/einsatz\/1599","targetHints":{"allow":["GET"]}}],"collection":[{"href":"https:\/\/feuerwehr-espenau.de\/index.php\/wp-json\/wp\/v2\/einsatz"}],"about":[{"href":"https:\/\/feuerwehr-espenau.de\/index.php\/wp-json\/wp\/v2\/types\/einsatz"}],"author":[{"embeddable":true,"href":"https:\/\/feuerwehr-espenau.de\/index.php\/wp-json\/wp\/v2\/users\/2"}],"version-history":[{"count":1,"href":"https:\/\/feuerwehr-espenau.de\/index.php\/wp-json\/wp\/v2\/einsatz\/1599\/revisions"}],"predecessor-version":[{"id":1600,"href":"https:\/\/feuerwehr-espenau.de\/index.php\/wp-json\/wp\/v2\/einsatz\/1599\/revisions\/1600"}],"wp:attachment":[{"href":"https:\/\/feuerwehr-espenau.de\/index.php\/wp-json\/wp\/v2\/media?parent=1599"}],"wp:term":[{"taxonomy":"category","embeddable":true,"href":"https:\/\/feuerwehr-espenau.de\/index.php\/wp-json\/wp\/v2\/categories?post=1599"},{"taxonomy":"einsatzart","embeddable":true,"href":"https:\/\/feuerwehr-espenau.de\/index.php\/wp-json\/wp\/v2\/einsatzart?post=1599"},{"taxonomy":"fahrzeug","embeddable":true,"href":"https:\/\/feuerwehr-espenau.de\/index.php\/wp-json\/wp\/v2\/fahrzeug?post=1599"},{"taxonomy":"exteinsatzmittel","embeddable":true,"href":"https:\/\/feuerwehr-espenau.de\/index.php\/wp-json\/wp\/v2\/exteinsatzmittel?post=1599"},{"taxonomy":"alarmierungsart","embeddable":true,"href":"https:\/\/feuerwehr-espenau.de\/index.php\/wp-json\/wp\/v2\/alarmierungsart?post=1599"},{"taxonomy":"evw_unit","embeddable":true,"href":"https:\/\/feuerwehr-espenau.de\/index.php\/wp-json\/wp\/v2\/evw_unit?post=1599"}],"curies":[{"name":"wp","href":"https:\/\/api.w.org\/{rel}","templated":true}]}}