{"id":2134,"date":"2021-03-07T19:15:00","date_gmt":"2021-03-07T18:15:00","guid":{"rendered":"http:\/\/feuerwehr-espenau.de\/?post_type=einsatz&#038;p=2134"},"modified":"2021-03-07T21:42:08","modified_gmt":"2021-03-07T20:42:08","slug":"f2-brand-in-gebaeude-4","status":"publish","type":"einsatz","link":"https:\/\/feuerwehr-espenau.de\/index.php\/einsatzberichte\/f2-brand-in-gebaeude-4\/","title":{"rendered":"F2 \/ Brand in Geb\u00e4ude"},"content":{"rendered":"<p>\n        <strong>Datum:<\/strong> 07.03.2021<br \/>\n        <strong>Einsatznummer:<\/strong> 10-2021<br \/>\n\t<strong>Alarmzeit:<\/strong> 19:15 Uhr<br \/>\n\t<strong>Alarmierungsart:<\/strong> Pager<br \/>\n\t<strong>Art: <\/strong><span style=\"color: #db5432\">Brandeinsatz<\/span><br \/>\n\t<strong>Einsatzort:<\/strong> Espenau-Hohenkirchen<\/p>\n<p>\t<strong>Fahrzeuge:<\/strong> <a href=\"https:\/\/feuerwehr-espenau.de\/index.php\/ueber-uns\/fahrzeuge\/einsatzleitwagen\/\" title=\"Mehr Informationen zu Einsatzleitwagen\">Einsatzleitwagen<\/a>, <a href=\"https:\/\/feuerwehr-espenau.de\/index.php\/ueber-uns\/fahrzeuge\/hilfeleistungsloeschgruppenfahrzeug\/\" title=\"Mehr Informationen zu Hilfeleistungsl\u00f6schgruppenfahrzeug 20\/16\">Hilfeleistungsl\u00f6schgruppenfahrzeug 20\/16<\/a>, <a href=\"https:\/\/feuerwehr-espenau.de\/index.php\/ueber-uns\/fahrzeuge\/staffelloeschfahrzeug\/\" title=\"Mehr Informationen zu Staffell\u00f6schfahrzeug 20\/25\">Staffell\u00f6schfahrzeug 20\/25<\/a><\/p>\n<p>\t<strong>Weitere Kr\u00e4fte:<\/strong> <a href=\"https:\/\/ppnh.polizei.hessen.de\/Startseite\/\" title=\"Mehr Informationen zu Polizei\" target=\"_blank\">Polizei<\/a>, <a href=\"https:\/\/www.kassel.de\/einrichtungen\/feuerwehr\/rubrik2-1\/index.php\" title=\"Mehr Informationen zu Rettungsdienst\" target=\"_blank\">Rettungsdienst<\/a>\n<\/p>\n<hr>\n<h2>Einsatzbericht:<\/h2>\n<p>P\u00fcnktlich zum Abendessen wurden wir am 07. M\u00e4rz um 19.15 Uhr zu einem Brandeinsatz alarmiert.<\/p>\n<p>Gemeldet wurde eine brennende Holzh\u00fctte\/Stallung im OT Hohenkirchen.<br \/>\nAuf dem Weg zum Ereignisort teilte die Leitstelle mit, dass das Feuer bereits weitestgehend durch einen Passanten gel\u00f6scht wurde.<br \/>\nDesweiteren wurde noch auf Anfahrt und schlie\u00dflich vor Ort bekannt das, hingegen der Erstmeldung, keine Holzh\u00fctte o.\u00e4. brannte, sondern die Verkleidung und ein Teilbereich eines Wassertanks f\u00fcr eine Pferdetr\u00e4nke.<br \/>\nVor Ort f\u00fchrten wir gr\u00fcndliche Nachl\u00f6scharbeiten und eine Kontrolle mit der W\u00e4rmebildkamera durch.<br \/>\nAuch wenn sich die Brandstelle direkt an einem Pferdestall befand, kam keines der Tiere zu Schaden.<br \/>\nAn dieser Stelle sei das beherzte Eingreifen des Passanten zu erw\u00e4hnen, wodurch evtl. Schlimmeres verhindert wurde.<\/p>\n<p>Trotzdem unser Apell an Sie:<br \/>\nBegeben Sie sich niemals selbst in Gefahr!<\/p>\n<p>Im Anschluss unserer Ma\u00dfnahmen \u00fcbernahm die Polizei Nordhessen die Einsatzstelle.<\/p>\n<p>Bericht: J.Menne, S.Sippel<br \/><\/p>\n","protected":false},"author":2,"featured_media":0,"template":"","meta":{"einsatz_weight":1,"footnotes":""},"categories":[],"einsatzart":[3],"fahrzeug":[8,16,23],"exteinsatzmittel":[21,22],"alarmierungsart":[38],"evw_unit":[],"class_list":["post-2134","einsatz","type-einsatz","status-publish","hentry","einsatzart-brandeinsatz","fahrzeug-elw","fahrzeug-hlf","fahrzeug-stlf","exteinsatzmittel-polizei","exteinsatzmittel-rettungsdienst","alarmierungsart-pager"],"_links":{"self":[{"href":"https:\/\/feuerwehr-espenau.de\/index.php\/wp-json\/wp\/v2\/einsatz\/2134","targetHints":{"allow":["GET"]}}],"collection":[{"href":"https:\/\/feuerwehr-espenau.de\/index.php\/wp-json\/wp\/v2\/einsatz"}],"about":[{"href":"https:\/\/feuerwehr-espenau.de\/index.php\/wp-json\/wp\/v2\/types\/einsatz"}],"author":[{"embeddable":true,"href":"https:\/\/feuerwehr-espenau.de\/index.php\/wp-json\/wp\/v2\/users\/2"}],"version-history":[{"count":3,"href":"https:\/\/feuerwehr-espenau.de\/index.php\/wp-json\/wp\/v2\/einsatz\/2134\/revisions"}],"predecessor-version":[{"id":2137,"href":"https:\/\/feuerwehr-espenau.de\/index.php\/wp-json\/wp\/v2\/einsatz\/2134\/revisions\/2137"}],"wp:attachment":[{"href":"https:\/\/feuerwehr-espenau.de\/index.php\/wp-json\/wp\/v2\/media?parent=2134"}],"wp:term":[{"taxonomy":"category","embeddable":true,"href":"https:\/\/feuerwehr-espenau.de\/index.php\/wp-json\/wp\/v2\/categories?post=2134"},{"taxonomy":"einsatzart","embeddable":true,"href":"https:\/\/feuerwehr-espenau.de\/index.php\/wp-json\/wp\/v2\/einsatzart?post=2134"},{"taxonomy":"fahrzeug","embeddable":true,"href":"https:\/\/feuerwehr-espenau.de\/index.php\/wp-json\/wp\/v2\/fahrzeug?post=2134"},{"taxonomy":"exteinsatzmittel","embeddable":true,"href":"https:\/\/feuerwehr-espenau.de\/index.php\/wp-json\/wp\/v2\/exteinsatzmittel?post=2134"},{"taxonomy":"alarmierungsart","embeddable":true,"href":"https:\/\/feuerwehr-espenau.de\/index.php\/wp-json\/wp\/v2\/alarmierungsart?post=2134"},{"taxonomy":"evw_unit","embeddable":true,"href":"https:\/\/feuerwehr-espenau.de\/index.php\/wp-json\/wp\/v2\/evw_unit?post=2134"}],"curies":[{"name":"wp","href":"https:\/\/api.w.org\/{rel}","templated":true}]}}