{"id":2246,"date":"2021-06-26T22:34:00","date_gmt":"2021-06-26T20:34:00","guid":{"rendered":"https:\/\/feuerwehr-espenau.de\/?post_type=einsatz&#038;p=2246"},"modified":"2021-06-27T15:33:38","modified_gmt":"2021-06-27T13:33:38","slug":"f2-schornsteinbrand","status":"publish","type":"einsatz","link":"https:\/\/feuerwehr-espenau.de\/index.php\/einsatzberichte\/f2-schornsteinbrand\/","title":{"rendered":"F2 \/ Schornsteinbrand"},"content":{"rendered":"<p>\n        <strong>Datum:<\/strong> 26.06.2021<br \/>\n        <strong>Einsatznummer:<\/strong> 29-2021<br \/>\n\t<strong>Alarmzeit:<\/strong> 22:34 Uhr<br \/>\n\t<strong>Alarmierungsart:<\/strong> Pager<br \/>\n\t<strong>Art: <\/strong><span style=\"color: #db5432\">Brandeinsatz<\/span><br \/>\n\t<strong>Einsatzort:<\/strong> Espenau-M\u00f6nchehof<\/p>\n<p>\t<strong>Fahrzeuge:<\/strong> <a href=\"https:\/\/feuerwehr-espenau.de\/index.php\/ueber-uns\/fahrzeuge\/hilfeleistungsloeschgruppenfahrzeug\/\" title=\"Mehr Informationen zu Hilfeleistungsl\u00f6schgruppenfahrzeug 20\/16\">Hilfeleistungsl\u00f6schgruppenfahrzeug 20\/16<\/a>, <a href=\"https:\/\/feuerwehr-espenau.de\/index.php\/ueber-uns\/fahrzeuge\/staffelloeschfahrzeug\/\" title=\"Mehr Informationen zu Staffell\u00f6schfahrzeug 20\/25\">Staffell\u00f6schfahrzeug 20\/25<\/a><\/p>\n<p>\t<strong>Weitere Kr\u00e4fte:<\/strong> <a href=\"https:\/\/ppnh.polizei.hessen.de\/Startseite\/\" title=\"Mehr Informationen zu Polizei\" target=\"_blank\">Polizei<\/a>, <a href=\"https:\/\/www.kassel.de\/einrichtungen\/feuerwehr\/rubrik2-1\/index.php\" title=\"Mehr Informationen zu Rettungsdienst\" target=\"_blank\">Rettungsdienst<\/a>, <a href=\"https:\/\/www.schornsteinfeger-liv-hessen.de\/startseite.html\" title=\"Mehr Informationen zu Schornsteinfeger\" target=\"_blank\">Schornsteinfeger<\/a>\n<\/p>\n<hr>\n<h2>Einsatzbericht:<\/h2>\n<p>Am sp\u00e4ten Abend des 26. Juni wurden wir gegen 22:34 Uhr in den Ortsteil M\u00f6nchehof alarmiert.<br \/>\nKurz nach Ankunft an der Einsatzstelle best\u00e4tigte sich die Meldung eines brennenden Schornsteins. Umgehend ging der Angriffstrupp zur Lageerkundung in das Geb\u00e4ude vor. Schnell stellte sich heraus, dass sich keine Person mehr im Geb\u00e4ude befanden.<br \/>\nWir l\u00f6schten das Brandgut ab und kontrollierten die Einsatzstelle anschlie\u00dfend mit einer W\u00e4rmebildkamera.<br \/>\nIm Anschluss bel\u00fcfteten wir das Geb\u00e4ude, mittels Druckbel\u00fcfter.<br \/>\nEin hinzugerufener Schornsteinfeger unterst\u00fctzte uns bei den Arbeiten.<br \/>\nMit uns im Einsatz war au\u00dferdem ein Streifenwagen der Polizei Nordhessen sowie ein Rettungswagen des ASB Regionalverband Kassel-Nordhessen.<br \/>\nNach circa 2 Stunden konnte der Einsatz beendet werden.<\/p>\n<p>Bericht: S.Sippel<br \/><\/p>\n","protected":false},"author":8,"featured_media":0,"template":"","meta":{"einsatz_weight":1,"footnotes":""},"categories":[],"einsatzart":[3],"fahrzeug":[16,23],"exteinsatzmittel":[21,22,71],"alarmierungsart":[38],"evw_unit":[],"class_list":["post-2246","einsatz","type-einsatz","status-publish","hentry","einsatzart-brandeinsatz","fahrzeug-hlf","fahrzeug-stlf","exteinsatzmittel-polizei","exteinsatzmittel-rettungsdienst","exteinsatzmittel-schornsteinfeger","alarmierungsart-pager"],"_links":{"self":[{"href":"https:\/\/feuerwehr-espenau.de\/index.php\/wp-json\/wp\/v2\/einsatz\/2246","targetHints":{"allow":["GET"]}}],"collection":[{"href":"https:\/\/feuerwehr-espenau.de\/index.php\/wp-json\/wp\/v2\/einsatz"}],"about":[{"href":"https:\/\/feuerwehr-espenau.de\/index.php\/wp-json\/wp\/v2\/types\/einsatz"}],"author":[{"embeddable":true,"href":"https:\/\/feuerwehr-espenau.de\/index.php\/wp-json\/wp\/v2\/users\/8"}],"version-history":[{"count":5,"href":"https:\/\/feuerwehr-espenau.de\/index.php\/wp-json\/wp\/v2\/einsatz\/2246\/revisions"}],"predecessor-version":[{"id":2253,"href":"https:\/\/feuerwehr-espenau.de\/index.php\/wp-json\/wp\/v2\/einsatz\/2246\/revisions\/2253"}],"wp:attachment":[{"href":"https:\/\/feuerwehr-espenau.de\/index.php\/wp-json\/wp\/v2\/media?parent=2246"}],"wp:term":[{"taxonomy":"category","embeddable":true,"href":"https:\/\/feuerwehr-espenau.de\/index.php\/wp-json\/wp\/v2\/categories?post=2246"},{"taxonomy":"einsatzart","embeddable":true,"href":"https:\/\/feuerwehr-espenau.de\/index.php\/wp-json\/wp\/v2\/einsatzart?post=2246"},{"taxonomy":"fahrzeug","embeddable":true,"href":"https:\/\/feuerwehr-espenau.de\/index.php\/wp-json\/wp\/v2\/fahrzeug?post=2246"},{"taxonomy":"exteinsatzmittel","embeddable":true,"href":"https:\/\/feuerwehr-espenau.de\/index.php\/wp-json\/wp\/v2\/exteinsatzmittel?post=2246"},{"taxonomy":"alarmierungsart","embeddable":true,"href":"https:\/\/feuerwehr-espenau.de\/index.php\/wp-json\/wp\/v2\/alarmierungsart?post=2246"},{"taxonomy":"evw_unit","embeddable":true,"href":"https:\/\/feuerwehr-espenau.de\/index.php\/wp-json\/wp\/v2\/evw_unit?post=2246"}],"curies":[{"name":"wp","href":"https:\/\/api.w.org\/{rel}","templated":true}]}}