{"id":2309,"date":"2021-08-14T07:51:00","date_gmt":"2021-08-14T05:51:00","guid":{"rendered":"https:\/\/feuerwehr-espenau.de\/?post_type=einsatz&#038;p=2309"},"modified":"2021-08-14T13:17:55","modified_gmt":"2021-08-14T11:17:55","slug":"h1y-verkehrsunfall","status":"publish","type":"einsatz","link":"https:\/\/feuerwehr-espenau.de\/index.php\/einsatzberichte\/h1y-verkehrsunfall\/","title":{"rendered":"HKlemm1Y \/ Verkehrsunfall mit eingeklemmter Person"},"content":{"rendered":"<p>\n        <strong>Datum:<\/strong> 14.08.2021<br \/>\n        <strong>Einsatznummer:<\/strong> 65-2021<br \/>\n\t<strong>Alarmzeit:<\/strong> 7:51 Uhr<br \/>\n\t<strong>Alarmierungsart:<\/strong> Pager<br \/>\n\t<strong>Art: <\/strong><span style=\"color: #1e73be\">Technische Hilfeleistung<\/span><br \/>\n\t<strong>Einsatzort:<\/strong> Espenau-B83 Richtung Hofgeismar<\/p>\n<p>\t<strong>Fahrzeuge:<\/strong> <a href=\"https:\/\/feuerwehr-espenau.de\/index.php\/ueber-uns\/fahrzeuge\/hilfeleistungsloeschgruppenfahrzeug\/\" title=\"Mehr Informationen zu Hilfeleistungsl\u00f6schgruppenfahrzeug 20\/16\">Hilfeleistungsl\u00f6schgruppenfahrzeug 20\/16<\/a>, <a href=\"https:\/\/feuerwehr-espenau.de\/index.php\/ueber-uns\/fahrzeuge\/staffelloeschfahrzeug\/\" title=\"Mehr Informationen zu Staffell\u00f6schfahrzeug 20\/25\">Staffell\u00f6schfahrzeug 20\/25<\/a><\/p>\n<p>\t<strong>Weitere Kr\u00e4fte:<\/strong> Abschleppdienst, <a href=\"https:\/\/www.kassel.de\/einrichtungen\/feuerwehr\/rubrik2-1\/index.php\" title=\"Mehr Informationen zu Notarzt\" target=\"_blank\">Notarzt<\/a>, <a href=\"https:\/\/ppnh.polizei.hessen.de\/Startseite\/\" title=\"Mehr Informationen zu Polizei\" target=\"_blank\">Polizei<\/a>, <a href=\"https:\/\/www.kassel.de\/einrichtungen\/feuerwehr\/rubrik2-1\/index.php\" title=\"Mehr Informationen zu Rettungsdienst\" target=\"_blank\">Rettungsdienst<\/a>\n<\/p>\n<hr>\n<h2>Einsatzbericht:<\/h2>\n<p>Am morgen des 14. August, gegen 07:50 Uhr wurden wir zu einem Verkehrsunfall auf die B83\/Abfahrt Espenau alarmiert.<\/p>\n<p>Aus aktuell unbekannter Ursache kam dort ein Pkw ins Schleudern, prallte in die Leitplanke und kam letztendlich auf der Fahrbahn zum stehen.<br \/>\nDurch den Aufprall war die Fahrerin in ihrem Fahrzeug eingeschlossen.<br \/>\nBei unserer Ankunft war der Rettungsdienst bereits schon vor Ort sodass eine schnelle Absprache \u00fcber den weiteren Verlauf stattfinden konnte.<br \/>\nMit hydraulischem Rettungsger\u00e4t wurde die Fahrert\u00fcr entfernt, bevor der Rettungsdienst dann seine abschlie\u00dfende Versorgung durchf\u00fchrte und die Patientin bereit f\u00fcr den Transport ins Krankenhaus war.<br \/>\nIm Anschluss reinigten wir die Fahrbahn und \u00fcbergaben die Einsatzstelle an die Polizei.<\/p>\n<p>Wir w\u00fcnschen gute Besserung und eine schnelle Genesung.<\/p>\n<p>Mit uns im Einsatz waren zwei Rettungswagen (DRK Kassel-Wolfhagen sowie der Feuerwehr Kassel), ein Notarzt sowie zwei Streifen der Polizei Nordhessen.<\/p>\n<p>Bericht: J.Menne \/ S.Sippel<br \/><\/p>\n","protected":false},"author":2,"featured_media":0,"template":"","meta":{"einsatz_weight":1,"footnotes":""},"categories":[],"einsatzart":[25],"fahrzeug":[16,23],"exteinsatzmittel":[52,20,21,22],"alarmierungsart":[38],"evw_unit":[],"class_list":["post-2309","einsatz","type-einsatz","status-publish","hentry","einsatzart-technische-hilfeleistung","fahrzeug-hlf","fahrzeug-stlf","exteinsatzmittel-abschleppdienst","exteinsatzmittel-notarzt","exteinsatzmittel-polizei","exteinsatzmittel-rettungsdienst","alarmierungsart-pager"],"_links":{"self":[{"href":"https:\/\/feuerwehr-espenau.de\/index.php\/wp-json\/wp\/v2\/einsatz\/2309","targetHints":{"allow":["GET"]}}],"collection":[{"href":"https:\/\/feuerwehr-espenau.de\/index.php\/wp-json\/wp\/v2\/einsatz"}],"about":[{"href":"https:\/\/feuerwehr-espenau.de\/index.php\/wp-json\/wp\/v2\/types\/einsatz"}],"author":[{"embeddable":true,"href":"https:\/\/feuerwehr-espenau.de\/index.php\/wp-json\/wp\/v2\/users\/2"}],"version-history":[{"count":4,"href":"https:\/\/feuerwehr-espenau.de\/index.php\/wp-json\/wp\/v2\/einsatz\/2309\/revisions"}],"predecessor-version":[{"id":2313,"href":"https:\/\/feuerwehr-espenau.de\/index.php\/wp-json\/wp\/v2\/einsatz\/2309\/revisions\/2313"}],"wp:attachment":[{"href":"https:\/\/feuerwehr-espenau.de\/index.php\/wp-json\/wp\/v2\/media?parent=2309"}],"wp:term":[{"taxonomy":"category","embeddable":true,"href":"https:\/\/feuerwehr-espenau.de\/index.php\/wp-json\/wp\/v2\/categories?post=2309"},{"taxonomy":"einsatzart","embeddable":true,"href":"https:\/\/feuerwehr-espenau.de\/index.php\/wp-json\/wp\/v2\/einsatzart?post=2309"},{"taxonomy":"fahrzeug","embeddable":true,"href":"https:\/\/feuerwehr-espenau.de\/index.php\/wp-json\/wp\/v2\/fahrzeug?post=2309"},{"taxonomy":"exteinsatzmittel","embeddable":true,"href":"https:\/\/feuerwehr-espenau.de\/index.php\/wp-json\/wp\/v2\/exteinsatzmittel?post=2309"},{"taxonomy":"alarmierungsart","embeddable":true,"href":"https:\/\/feuerwehr-espenau.de\/index.php\/wp-json\/wp\/v2\/alarmierungsart?post=2309"},{"taxonomy":"evw_unit","embeddable":true,"href":"https:\/\/feuerwehr-espenau.de\/index.php\/wp-json\/wp\/v2\/evw_unit?post=2309"}],"curies":[{"name":"wp","href":"https:\/\/api.w.org\/{rel}","templated":true}]}}