{"id":2342,"date":"2021-08-30T06:03:00","date_gmt":"2021-08-30T04:03:00","guid":{"rendered":"https:\/\/feuerwehr-espenau.de\/?post_type=einsatz&#038;p=2342"},"modified":"2021-08-31T07:36:05","modified_gmt":"2021-08-31T05:36:05","slug":"f2-big","status":"publish","type":"einsatz","link":"https:\/\/feuerwehr-espenau.de\/index.php\/einsatzberichte\/f2-big\/","title":{"rendered":"F2 \/ Brand in Geb\u00e4ude"},"content":{"rendered":"<p>\n        <strong>Datum:<\/strong> 30.08.2021<br \/>\n        <strong>Einsatznummer:<\/strong> 69-2021<br \/>\n\t<strong>Alarmzeit:<\/strong> 6:03 Uhr<br \/>\n\t<strong>Alarmierungsart:<\/strong> Pager<br \/>\n\t<strong>Art: <\/strong><span style=\"color: #db5432\">Brandeinsatz<\/span><br \/>\n\t<strong>Einsatzort:<\/strong> Espenau-Hohenkirchen<\/p>\n<p>\t<strong>Fahrzeuge:<\/strong> <a href=\"https:\/\/feuerwehr-espenau.de\/index.php\/ueber-uns\/fahrzeuge\/hilfeleistungsloeschgruppenfahrzeug\/\" title=\"Mehr Informationen zu Hilfeleistungsl\u00f6schgruppenfahrzeug 20\/16\">Hilfeleistungsl\u00f6schgruppenfahrzeug 20\/16<\/a>, <a href=\"https:\/\/feuerwehr-espenau.de\/index.php\/ueber-uns\/fahrzeuge\/staffelloeschfahrzeug\/\" title=\"Mehr Informationen zu Staffell\u00f6schfahrzeug 20\/25\">Staffell\u00f6schfahrzeug 20\/25<\/a>, <a href=\"https:\/\/feuerwehr-espenau.de\/index.php\/ueber-uns\/fahrzeuge\/loeschgruppenfahrzeug-16\/\" title=\"Mehr Informationen zu L\u00f6schgruppenfahrzeug 16-TS\">L\u00f6schgruppenfahrzeug 16-TS<\/a>, <a href=\"https:\/\/feuerwehr-espenau.de\/index.php\/ueber-uns\/fahrzeuge\/geraetewagen-logistik-1\/\" title=\"Mehr Informationen zu Ger\u00e4tewagen Logistik 1\">Ger\u00e4tewagen Logistik 1<\/a><\/p>\n<p>\t<strong>Weitere Kr\u00e4fte:<\/strong> <a href=\"https:\/\/ppnh.polizei.hessen.de\/Startseite\/\" title=\"Mehr Informationen zu Polizei\" target=\"_blank\">Polizei<\/a>, <a href=\"https:\/\/www.kassel.de\/einrichtungen\/feuerwehr\/rubrik2-1\/index.php\" title=\"Mehr Informationen zu Rettungsdienst\" target=\"_blank\">Rettungsdienst<\/a>\n<\/p>\n<hr>\n<h2>Einsatzbericht:<\/h2>\n<p>P\u00fcnktlich zum Wochenstart um 06:05 Uhr piepsten unsere Pager un\u00fcberh\u00f6rbar und meldeten einen Einsatz.<br \/>\nGemeldet wurde ein Geb\u00e4udebrand im OT Hohenkirchen.<br \/>\nBeim Ausr\u00fccken der Einsatzfahrzeuge wurde das Meldebild mit der Info, das bereits Rauchmelder piepsen und es verbrannt riecht erg\u00e4nzt.<\/p>\n<p>An der Einsatzstelle konnte diese Meldung so best\u00e4tigt werden.<br \/>\nUmgehend wurden zwei Trupps unter Atemschutz eingesetzt. Ein Trupp begann mit der Brandbek\u00e4mpfung im Keller, der andere suchte das Haus und jede Wohnung sicherheitshalber nochmal nach Bewohnern ab. Zum Gl\u00fcck befand sich niemand mehr im Geb\u00e4ude.<br \/>\nHier zeigte sich mal wieder wie wichtig Rauchmelder sind.<br \/>\nIm Keller konnte das Feuer schnell gel\u00f6scht werden, umfassende Nachl\u00f6scharbeiten waren auf Grund der Beschaffenheit des Geb\u00e4udes jedoch n\u00f6tig.<br \/>\nMehrfach wurde der betroffene Bereich mit der W\u00e4rmebildkamera kontrolliert und hei\u00dfe Bereiche erneut abgel\u00f6scht.<br \/>\nAnschlie\u00dfend wurde das gesamte Geb\u00e4ude bel\u00fcftet und eine Brandwache bis in die Mittagsstunden gestellt.<\/p>\n<p>Mit uns im Einsatz war ein Streifenwagen der Polizei Nordhessen sowie Rettungswagen des DRK Kassel-Wolfhagen sowie ASB Regionalverband Kassel-Nordhessen.<\/p>\n<p>Bericht: J.Menne \/ S.Sippel<br \/><\/p>\n","protected":false},"author":2,"featured_media":0,"template":"","meta":{"einsatz_weight":1,"footnotes":""},"categories":[],"einsatzart":[3],"fahrzeug":[15,16,18,23],"exteinsatzmittel":[21,22],"alarmierungsart":[38],"evw_unit":[],"class_list":["post-2342","einsatz","type-einsatz","status-publish","hentry","einsatzart-brandeinsatz","fahrzeug-gw-l","fahrzeug-hlf","fahrzeug-lf-16ts","fahrzeug-stlf","exteinsatzmittel-polizei","exteinsatzmittel-rettungsdienst","alarmierungsart-pager"],"_links":{"self":[{"href":"https:\/\/feuerwehr-espenau.de\/index.php\/wp-json\/wp\/v2\/einsatz\/2342","targetHints":{"allow":["GET"]}}],"collection":[{"href":"https:\/\/feuerwehr-espenau.de\/index.php\/wp-json\/wp\/v2\/einsatz"}],"about":[{"href":"https:\/\/feuerwehr-espenau.de\/index.php\/wp-json\/wp\/v2\/types\/einsatz"}],"author":[{"embeddable":true,"href":"https:\/\/feuerwehr-espenau.de\/index.php\/wp-json\/wp\/v2\/users\/2"}],"version-history":[{"count":2,"href":"https:\/\/feuerwehr-espenau.de\/index.php\/wp-json\/wp\/v2\/einsatz\/2342\/revisions"}],"predecessor-version":[{"id":2344,"href":"https:\/\/feuerwehr-espenau.de\/index.php\/wp-json\/wp\/v2\/einsatz\/2342\/revisions\/2344"}],"wp:attachment":[{"href":"https:\/\/feuerwehr-espenau.de\/index.php\/wp-json\/wp\/v2\/media?parent=2342"}],"wp:term":[{"taxonomy":"category","embeddable":true,"href":"https:\/\/feuerwehr-espenau.de\/index.php\/wp-json\/wp\/v2\/categories?post=2342"},{"taxonomy":"einsatzart","embeddable":true,"href":"https:\/\/feuerwehr-espenau.de\/index.php\/wp-json\/wp\/v2\/einsatzart?post=2342"},{"taxonomy":"fahrzeug","embeddable":true,"href":"https:\/\/feuerwehr-espenau.de\/index.php\/wp-json\/wp\/v2\/fahrzeug?post=2342"},{"taxonomy":"exteinsatzmittel","embeddable":true,"href":"https:\/\/feuerwehr-espenau.de\/index.php\/wp-json\/wp\/v2\/exteinsatzmittel?post=2342"},{"taxonomy":"alarmierungsart","embeddable":true,"href":"https:\/\/feuerwehr-espenau.de\/index.php\/wp-json\/wp\/v2\/alarmierungsart?post=2342"},{"taxonomy":"evw_unit","embeddable":true,"href":"https:\/\/feuerwehr-espenau.de\/index.php\/wp-json\/wp\/v2\/evw_unit?post=2342"}],"curies":[{"name":"wp","href":"https:\/\/api.w.org\/{rel}","templated":true}]}}