{"id":2375,"date":"2021-10-16T17:37:00","date_gmt":"2021-10-16T15:37:00","guid":{"rendered":"https:\/\/feuerwehr-espenau.de\/?post_type=einsatz&#038;p=2375"},"modified":"2021-10-17T13:10:28","modified_gmt":"2021-10-17T11:10:28","slug":"h1-oelspur-3","status":"publish","type":"einsatz","link":"https:\/\/feuerwehr-espenau.de\/index.php\/einsatzberichte\/h1-oelspur-3\/","title":{"rendered":"H1 \/ \u00d6lspur"},"content":{"rendered":"<p>\n        <strong>Datum:<\/strong> 16.10.2021<br \/>\n        <strong>Einsatznummer:<\/strong> 72-2021<br \/>\n\t<strong>Alarmzeit:<\/strong> 17:37 Uhr<br \/>\n\t<strong>Alarmierungsart:<\/strong> Pager<br \/>\n\t<strong>Art: <\/strong><span style=\"color: #1e73be\">Technische Hilfeleistung<\/span><br \/>\n\t<strong>Einsatzort:<\/strong> Espenau-Hohenkirchen<\/p>\n<p>\t<strong>Fahrzeuge:<\/strong> <a href=\"https:\/\/feuerwehr-espenau.de\/index.php\/ueber-uns\/fahrzeuge\/einsatzleitwagen\/\" title=\"Mehr Informationen zu Einsatzleitwagen\">Einsatzleitwagen<\/a>, <a href=\"https:\/\/feuerwehr-espenau.de\/index.php\/ueber-uns\/fahrzeuge\/hilfeleistungsloeschgruppenfahrzeug\/\" title=\"Mehr Informationen zu Hilfeleistungsl\u00f6schgruppenfahrzeug 20\/16\">Hilfeleistungsl\u00f6schgruppenfahrzeug 20\/16<\/a>, <a href=\"https:\/\/feuerwehr-espenau.de\/index.php\/ueber-uns\/fahrzeuge\/geraetewagen-logistik-1\/\" title=\"Mehr Informationen zu Ger\u00e4tewagen Logistik 1\">Ger\u00e4tewagen Logistik 1<\/a><\/p>\n<p>\t<strong>Weitere Kr\u00e4fte:<\/strong> <a href=\"https:\/\/ppnh.polizei.hessen.de\/Startseite\/\" title=\"Mehr Informationen zu Polizei\" target=\"_blank\">Polizei<\/a>, <a href=\"http:\/\/mobil.hessen.de\/\" title=\"Mehr Informationen zu Stra\u00dfenmeisterei (Hessen Mobil)\" target=\"_blank\">Stra\u00dfenmeisterei (Hessen Mobil)<\/a>\n<\/p>\n<hr>\n<h2>Einsatzbericht:<\/h2>\n<p>Am fr\u00fchen Abend um 17:37 Uhr wurden wir von der Leitstelle, veranlasst durch die Polizei, in den Ortsteil Hohenkirchen zu einer \u00d6lspur alarmiert.<br \/>\nNach kurzer Erkundung stellte man eine ca. 900m lange \u00d6lspur bis hinter den Ortsausgang fest. Wir sicherten die Einsatzstelle und nahmen mit \u00d6l-Bindemittel und entsprechendem Ger\u00e4t das ausgelaufene \u00d6l auf.<\/p>\n<p>Nach circa 2 Stunden konnte der Einsatz beendet werden.<\/p>\n<p>Mit uns im Einsatz war ein Streifenwagen der Polizei Nordhessen sowie die Stra\u00dfenmeisterei.<\/p>\n<p>Bericht: S.Sippel<br \/><\/p>\n","protected":false},"author":2,"featured_media":0,"template":"","meta":{"einsatz_weight":1,"footnotes":""},"categories":[],"einsatzart":[25],"fahrzeug":[8,15,16],"exteinsatzmittel":[21,24],"alarmierungsart":[38],"evw_unit":[],"class_list":["post-2375","einsatz","type-einsatz","status-publish","hentry","einsatzart-technische-hilfeleistung","fahrzeug-elw","fahrzeug-gw-l","fahrzeug-hlf","exteinsatzmittel-polizei","exteinsatzmittel-strassenmeisterei","alarmierungsart-pager"],"_links":{"self":[{"href":"https:\/\/feuerwehr-espenau.de\/index.php\/wp-json\/wp\/v2\/einsatz\/2375","targetHints":{"allow":["GET"]}}],"collection":[{"href":"https:\/\/feuerwehr-espenau.de\/index.php\/wp-json\/wp\/v2\/einsatz"}],"about":[{"href":"https:\/\/feuerwehr-espenau.de\/index.php\/wp-json\/wp\/v2\/types\/einsatz"}],"author":[{"embeddable":true,"href":"https:\/\/feuerwehr-espenau.de\/index.php\/wp-json\/wp\/v2\/users\/2"}],"version-history":[{"count":5,"href":"https:\/\/feuerwehr-espenau.de\/index.php\/wp-json\/wp\/v2\/einsatz\/2375\/revisions"}],"predecessor-version":[{"id":2380,"href":"https:\/\/feuerwehr-espenau.de\/index.php\/wp-json\/wp\/v2\/einsatz\/2375\/revisions\/2380"}],"wp:attachment":[{"href":"https:\/\/feuerwehr-espenau.de\/index.php\/wp-json\/wp\/v2\/media?parent=2375"}],"wp:term":[{"taxonomy":"category","embeddable":true,"href":"https:\/\/feuerwehr-espenau.de\/index.php\/wp-json\/wp\/v2\/categories?post=2375"},{"taxonomy":"einsatzart","embeddable":true,"href":"https:\/\/feuerwehr-espenau.de\/index.php\/wp-json\/wp\/v2\/einsatzart?post=2375"},{"taxonomy":"fahrzeug","embeddable":true,"href":"https:\/\/feuerwehr-espenau.de\/index.php\/wp-json\/wp\/v2\/fahrzeug?post=2375"},{"taxonomy":"exteinsatzmittel","embeddable":true,"href":"https:\/\/feuerwehr-espenau.de\/index.php\/wp-json\/wp\/v2\/exteinsatzmittel?post=2375"},{"taxonomy":"alarmierungsart","embeddable":true,"href":"https:\/\/feuerwehr-espenau.de\/index.php\/wp-json\/wp\/v2\/alarmierungsart?post=2375"},{"taxonomy":"evw_unit","embeddable":true,"href":"https:\/\/feuerwehr-espenau.de\/index.php\/wp-json\/wp\/v2\/evw_unit?post=2375"}],"curies":[{"name":"wp","href":"https:\/\/api.w.org\/{rel}","templated":true}]}}