{"id":2451,"date":"2022-02-04T15:15:00","date_gmt":"2022-02-04T14:15:00","guid":{"rendered":"https:\/\/feuerwehr-espenau.de\/?post_type=einsatz&#038;p=2451"},"modified":"2022-02-05T23:51:27","modified_gmt":"2022-02-05T22:51:27","slug":"h1-oelspur-6","status":"publish","type":"einsatz","link":"https:\/\/feuerwehr-espenau.de\/index.php\/einsatzberichte\/h1-oelspur-6\/","title":{"rendered":"H1 \/ \u00d6lspur"},"content":{"rendered":"<p>\n        <strong>Datum:<\/strong> 04.02.2022<br \/>\n        <strong>Einsatznummer:<\/strong> 06-2022<br \/>\n\t<strong>Alarmzeit:<\/strong> 15:15 Uhr<br \/>\n\t<strong>Alarmierungsart:<\/strong> Vollalarm<br \/>\n\t<strong>Art: <\/strong><span style=\"color: #1e73be\">Technische Hilfeleistung<\/span><br \/>\n\t<strong>Einsatzort:<\/strong> Espenau-M\u00f6nchehof<\/p>\n<p>\t<strong>Fahrzeuge:<\/strong> <a href=\"https:\/\/feuerwehr-espenau.de\/index.php\/ueber-uns\/fahrzeuge\/einsatzleitwagen\/\" title=\"Mehr Informationen zu Einsatzleitwagen\">Einsatzleitwagen<\/a>, <a href=\"https:\/\/feuerwehr-espenau.de\/index.php\/ueber-uns\/fahrzeuge\/hilfeleistungsloeschgruppenfahrzeug\/\" title=\"Mehr Informationen zu Hilfeleistungsl\u00f6schgruppenfahrzeug 20\/16\">Hilfeleistungsl\u00f6schgruppenfahrzeug 20\/16<\/a>, <a href=\"https:\/\/feuerwehr-espenau.de\/index.php\/ueber-uns\/fahrzeuge\/staffelloeschfahrzeug\/\" title=\"Mehr Informationen zu Staffell\u00f6schfahrzeug 20\/25\">Staffell\u00f6schfahrzeug 20\/25<\/a>, <a href=\"https:\/\/feuerwehr-espenau.de\/index.php\/ueber-uns\/fahrzeuge\/geraetewagen-logistik-1\/\" title=\"Mehr Informationen zu Ger\u00e4tewagen Logistik 1\">Ger\u00e4tewagen Logistik 1<\/a><\/p>\n<p>\t<strong>Weitere Kr\u00e4fte:<\/strong> <a href=\"https:\/\/ppnh.polizei.hessen.de\/Startseite\/\" title=\"Mehr Informationen zu Polizei\" target=\"_blank\">Polizei<\/a>, <a href=\"http:\/\/mobil.hessen.de\/\" title=\"Mehr Informationen zu Stra\u00dfenmeisterei (Hessen Mobil)\" target=\"_blank\">Stra\u00dfenmeisterei (Hessen Mobil)<\/a>, <a href=\"https:\/\/www.gemeinde-espenau.de\/\" title=\"Mehr Informationen zu Vertr. der Gemeinde Espenau\" target=\"_blank\">Vertr. der Gemeinde Espenau<\/a>\n<\/p>\n<hr>\n<h2>Einsatzbericht:<\/h2>\n<p>Freitagnachmittag den 04. Februar, gegen 14:52 Uhr wurden wir per Vollalarm (Pager + Sirene) in den Ortsteil M\u00f6nchehof alarmiert. Vor Ort wurden mehrere Mengen \u00d6l auf der Fahrbahn festgestellt.<br \/>\nWir nahmen an den Wasserkanal-Einl\u00e4ufen das ausgelaufene \u00d6l mittels \u00d6l-Bindemittel auf.<br \/>\nUnmittelbar nach Erkundung der Einsatzstelle, wurden weitere \u00d6l-Flecken in der Ortslage aufgefunden. Aufgrund der Ausbreitung, auch auf die B7, ist die Stra\u00dfenmeisterei (Hessen Mobil) mit verst\u00e4ndigt worden.<\/p>\n<p>Ein Mitarbeiter der Gemeinde war ebenfalls Vorort und beauftragte anschlie\u00dfend eine Fachfirma, welche dann die Fahrbahn reinigte.<\/p>\n<p>Nach ca. 2 Stunden konnte der Einsatz beendet werden.<\/p>\n<p>Bericht: S.Sippel<br \/><\/p>\n","protected":false},"author":2,"featured_media":0,"template":"","meta":{"einsatz_weight":1,"footnotes":""},"categories":[],"einsatzart":[25],"fahrzeug":[8,15,16,23],"exteinsatzmittel":[21,24,30],"alarmierungsart":[31],"evw_unit":[],"class_list":["post-2451","einsatz","type-einsatz","status-publish","hentry","einsatzart-technische-hilfeleistung","fahrzeug-elw","fahrzeug-gw-l","fahrzeug-hlf","fahrzeug-stlf","exteinsatzmittel-polizei","exteinsatzmittel-strassenmeisterei","exteinsatzmittel-gemeinde-espenau","alarmierungsart-vollalarm"],"_links":{"self":[{"href":"https:\/\/feuerwehr-espenau.de\/index.php\/wp-json\/wp\/v2\/einsatz\/2451","targetHints":{"allow":["GET"]}}],"collection":[{"href":"https:\/\/feuerwehr-espenau.de\/index.php\/wp-json\/wp\/v2\/einsatz"}],"about":[{"href":"https:\/\/feuerwehr-espenau.de\/index.php\/wp-json\/wp\/v2\/types\/einsatz"}],"author":[{"embeddable":true,"href":"https:\/\/feuerwehr-espenau.de\/index.php\/wp-json\/wp\/v2\/users\/2"}],"version-history":[{"count":3,"href":"https:\/\/feuerwehr-espenau.de\/index.php\/wp-json\/wp\/v2\/einsatz\/2451\/revisions"}],"predecessor-version":[{"id":2458,"href":"https:\/\/feuerwehr-espenau.de\/index.php\/wp-json\/wp\/v2\/einsatz\/2451\/revisions\/2458"}],"wp:attachment":[{"href":"https:\/\/feuerwehr-espenau.de\/index.php\/wp-json\/wp\/v2\/media?parent=2451"}],"wp:term":[{"taxonomy":"category","embeddable":true,"href":"https:\/\/feuerwehr-espenau.de\/index.php\/wp-json\/wp\/v2\/categories?post=2451"},{"taxonomy":"einsatzart","embeddable":true,"href":"https:\/\/feuerwehr-espenau.de\/index.php\/wp-json\/wp\/v2\/einsatzart?post=2451"},{"taxonomy":"fahrzeug","embeddable":true,"href":"https:\/\/feuerwehr-espenau.de\/index.php\/wp-json\/wp\/v2\/fahrzeug?post=2451"},{"taxonomy":"exteinsatzmittel","embeddable":true,"href":"https:\/\/feuerwehr-espenau.de\/index.php\/wp-json\/wp\/v2\/exteinsatzmittel?post=2451"},{"taxonomy":"alarmierungsart","embeddable":true,"href":"https:\/\/feuerwehr-espenau.de\/index.php\/wp-json\/wp\/v2\/alarmierungsart?post=2451"},{"taxonomy":"evw_unit","embeddable":true,"href":"https:\/\/feuerwehr-espenau.de\/index.php\/wp-json\/wp\/v2\/evw_unit?post=2451"}],"curies":[{"name":"wp","href":"https:\/\/api.w.org\/{rel}","templated":true}]}}