{"id":2973,"date":"2023-12-25T18:29:00","date_gmt":"2023-12-25T17:29:00","guid":{"rendered":"https:\/\/feuerwehr-espenau.de\/?post_type=einsatz&#038;p=2973"},"modified":"2023-12-28T10:52:17","modified_gmt":"2023-12-28T09:52:17","slug":"hunwetterwasser-unwetterlage","status":"publish","type":"einsatz","link":"https:\/\/feuerwehr-espenau.de\/index.php\/einsatzberichte\/hunwetterwasser-unwetterlage\/","title":{"rendered":"HUNWETTERWASSER \/ Unwetterlage"},"content":{"rendered":"<p>\n        <strong>Datum:<\/strong> 25.12.2023<br \/>\n        <strong>Einsatznummer:<\/strong> 56-2023<br \/>\n\t<strong>Alarmzeit:<\/strong> 18:29 Uhr<br \/>\n\t<strong>Alarmierungsart:<\/strong> Alamos, Pager<br \/>\n\t<strong>Art: <\/strong><span style=\"color: #1e73be\">Technische Hilfeleistung<\/span><br \/>\n\t<strong>Einsatzort:<\/strong> Niestetal<\/p>\n<p>\t<strong>Fahrzeuge:<\/strong> <a href=\"https:\/\/feuerwehr-espenau.de\/index.php\/ueber-uns\/fahrzeuge\/einsatzleitwagen\/\" title=\"Mehr Informationen zu Einsatzleitwagen\">Einsatzleitwagen<\/a>, <a href=\"https:\/\/feuerwehr-espenau.de\/index.php\/ueber-uns\/fahrzeuge\/loeschgruppenfahrzeug-10\/\" title=\"Mehr Informationen zu L\u00f6schgruppenfahrzeug 10\">L\u00f6schgruppenfahrzeug 10<\/a>, <a href=\"https:\/\/feuerwehr-espenau.de\/index.php\/ueber-uns\/fahrzeuge\/mannschaftstransportfahrzeug\/\" title=\"Mehr Informationen zu Mannschaftstransportfahrzeug\">Mannschaftstransportfahrzeug<\/a><\/p>\n<p>\t<strong>Weitere Kr\u00e4fte:<\/strong> <a href=\"https:\/\/www.ahnatal.de\/politik-verwaltung\/brandschutz-feuerwehr\" title=\"Mehr Informationen zu Feuerwehr Ahnatal\" target=\"_blank\">Feuerwehr Ahnatal<\/a>, <a href=\"https:\/\/feuerwehr-niestetal.de\" title=\"Mehr Informationen zu Feuerwehr Niestetal\" target=\"_blank\">Feuerwehr Niestetal<\/a>, <a href=\"http:\/\/ov-kassel.thw.de\/\" title=\"Mehr Informationen zu THW\" target=\"_blank\">THW<\/a>\n<\/p>\n<hr>\n<h2>Einsatzbericht:<\/h2>\n<p>Die andauernden Regenf\u00e4lle haben es schon nahezu vorhergesagt, der Pegelstand der Nieste stieg und stieg.<br \/>\nDaher kam man zusammen mit der Gemeindeverwaltung am 1. Weihnachtsfeiertag zu dem Entschluss das Niestetaler Hochwasserschutzsystem aufzubauen. Es folgte die Alarmierung aller notwendigen Kr\u00e4fte \u00fcber die Leitstelle Kassel.<br \/>\nDie vorangegangenen Ma\u00dfnahmen erleichterten uns die Arbeit, die Sands\u00e4cke waren schon weitl\u00e4ufig vorgef\u00fcllt.<br \/>\nMit Personenkraft wurden die Tonnen gerollt, gestellt und mit Wasser gef\u00fcllt. Den letztendlichen Schutz gegen die Wassermassen bildet eine Folie, die wasserseitig vor den Tonnen ausgebreitet und mit Sands\u00e4cken beschwert wird. Somit k\u00f6nnen wir die Wassermassen mit Wasser bek\u00e4mpfen.<br \/>\nNeben dem Hochwasserschutz kam es in der Ortslage zu vollgelaufenen Kellern und auch vollgelaufenen Industriegeb\u00e4uden. Chronologisch wurden auch diese Einsatzstellen abgearbeitet. Auch das Angebot der Sandsackabholung am Niestetaler Bauhof wurde reichlich genutzt.<br \/>\nWir bedanken uns bei allen eingesetzten Kameraden, Organisationen und Freunden, die uns und die Gemeinde bei den Eins\u00e4tzen in der letzten Woche unterst\u00fctzt haben.<br \/>\nEhrenamt ist Ehrensache. Wollen auch Sie uns unterst\u00fctzen und mal eine Pause zwischen dem Alltag haben, dann schauen Sie doch mal im neuen Jahr bei uns vorbei. Wir freuen uns \u00fcber jede helfende Hand.<br \/>\nDer Einsatz ging etwa bis um 1 Uhr, exklusive Aufr\u00e4umzeit. Einen ausf\u00fchrlichen Bericht finden Sie in der kommenden Woche auf unserer Internetseite.<\/p>\n<p>Bericht: <a href=\"https:\/\/feuerwehr-niestetal.de\/\">Feuerwehr Niestetal<\/a><br \/><\/p>\n","protected":false},"author":2,"featured_media":0,"template":"","meta":{"einsatz_weight":1,"footnotes":""},"categories":[],"einsatzart":[25],"fahrzeug":[8,82,84],"exteinsatzmittel":[9,62,28],"alarmierungsart":[77,38],"evw_unit":[],"class_list":["post-2973","einsatz","type-einsatz","status-publish","hentry","einsatzart-technische-hilfeleistung","fahrzeug-elw","fahrzeug-loeschgruppenfahrzeug-10","fahrzeug-mannschaftstransportfahrzeug","exteinsatzmittel-feuerwehr-ahnatal","exteinsatzmittel-feuerwehr-niestetal","exteinsatzmittel-thw","alarmierungsart-alamos","alarmierungsart-pager"],"_links":{"self":[{"href":"https:\/\/feuerwehr-espenau.de\/index.php\/wp-json\/wp\/v2\/einsatz\/2973","targetHints":{"allow":["GET"]}}],"collection":[{"href":"https:\/\/feuerwehr-espenau.de\/index.php\/wp-json\/wp\/v2\/einsatz"}],"about":[{"href":"https:\/\/feuerwehr-espenau.de\/index.php\/wp-json\/wp\/v2\/types\/einsatz"}],"author":[{"embeddable":true,"href":"https:\/\/feuerwehr-espenau.de\/index.php\/wp-json\/wp\/v2\/users\/2"}],"version-history":[{"count":3,"href":"https:\/\/feuerwehr-espenau.de\/index.php\/wp-json\/wp\/v2\/einsatz\/2973\/revisions"}],"predecessor-version":[{"id":2980,"href":"https:\/\/feuerwehr-espenau.de\/index.php\/wp-json\/wp\/v2\/einsatz\/2973\/revisions\/2980"}],"wp:attachment":[{"href":"https:\/\/feuerwehr-espenau.de\/index.php\/wp-json\/wp\/v2\/media?parent=2973"}],"wp:term":[{"taxonomy":"category","embeddable":true,"href":"https:\/\/feuerwehr-espenau.de\/index.php\/wp-json\/wp\/v2\/categories?post=2973"},{"taxonomy":"einsatzart","embeddable":true,"href":"https:\/\/feuerwehr-espenau.de\/index.php\/wp-json\/wp\/v2\/einsatzart?post=2973"},{"taxonomy":"fahrzeug","embeddable":true,"href":"https:\/\/feuerwehr-espenau.de\/index.php\/wp-json\/wp\/v2\/fahrzeug?post=2973"},{"taxonomy":"exteinsatzmittel","embeddable":true,"href":"https:\/\/feuerwehr-espenau.de\/index.php\/wp-json\/wp\/v2\/exteinsatzmittel?post=2973"},{"taxonomy":"alarmierungsart","embeddable":true,"href":"https:\/\/feuerwehr-espenau.de\/index.php\/wp-json\/wp\/v2\/alarmierungsart?post=2973"},{"taxonomy":"evw_unit","embeddable":true,"href":"https:\/\/feuerwehr-espenau.de\/index.php\/wp-json\/wp\/v2\/evw_unit?post=2973"}],"curies":[{"name":"wp","href":"https:\/\/api.w.org\/{rel}","templated":true}]}}