{"id":3097,"date":"2024-06-22T18:05:00","date_gmt":"2024-06-22T16:05:00","guid":{"rendered":"https:\/\/feuerwehr-espenau.de\/?post_type=einsatz&#038;p=3097"},"modified":"2024-06-23T19:30:37","modified_gmt":"2024-06-23T17:30:37","slug":"f1-brennt-pkw","status":"publish","type":"einsatz","link":"https:\/\/feuerwehr-espenau.de\/index.php\/einsatzberichte\/f1-brennt-pkw\/","title":{"rendered":"F1 \/ brennt PKW"},"content":{"rendered":"<p>\n        <strong>Datum:<\/strong> 22.06.2024<br \/>\n        <strong>Einsatznummer:<\/strong> 16-2024<br \/>\n\t<strong>Alarmzeit:<\/strong> 18:05 Uhr<br \/>\n\t<strong>Alarmierungsart:<\/strong> Alamos, Pager<br \/>\n\t<strong>Art: <\/strong><span style=\"color: #db5432\">Brandeinsatz<\/span><br \/>\n\t<strong>Einsatzort:<\/strong> Espenau-Sch\u00e4ferberg, B7<\/p>\n<p>\t<strong>Fahrzeuge:<\/strong> <a href=\"https:\/\/feuerwehr-espenau.de\/index.php\/ueber-uns\/fahrzeuge\/hilfeleistungsloeschgruppenfahrzeug\/\" title=\"Mehr Informationen zu Hilfeleistungsl\u00f6schgruppenfahrzeug 20\/16\">Hilfeleistungsl\u00f6schgruppenfahrzeug 20\/16<\/a>, <a href=\"https:\/\/feuerwehr-espenau.de\/index.php\/ueber-uns\/fahrzeuge\/staffelloeschfahrzeug\/\" title=\"Mehr Informationen zu Staffell\u00f6schfahrzeug 20\/25\">Staffell\u00f6schfahrzeug 20\/25<\/a><\/p>\n<p>\t<strong>Weitere Kr\u00e4fte:<\/strong> <a href=\"https:\/\/ppnh.polizei.hessen.de\/Startseite\/\" title=\"Mehr Informationen zu Polizei\" target=\"_blank\">Polizei<\/a>\n<\/p>\n<hr>\n<h2>Einsatzbericht:<\/h2>\n<p>Zu einem weiteren Einsatz wurden wir gegen 18 Uhr am Abend alarmiert.<br \/>\nGemeldet wurde eine PKW-Brand auf der B7 in Fahrtrichtung Calden.<br \/>\nVor Ort konnte z\u00fcgig festgestellt werden, das kein PKW brennt, sondern ein technischer Defekt der Grund f\u00fcr die Rauchentwicklung war.<br \/>\nAuch hier wurde wieder mittels W\u00e4rmebildkamera auf m\u00f6gliche Brandherde kontrolliert.<br \/>\nKurzzeitig war die B7 voll gesperrt, da sich am Fahrzeug ein Pferdeanh\u00e4nger befand und sich w\u00e4hrend der Einsatzma\u00dfnahmen die Tiere samt Halter auf der Fahrbahn aufhielten.<br \/>\nWieder mit Einsatz war eine Streife der Polizei Nordhessen.<br \/>\nNach ca 30 min war der Einsatz beendet und die Einsatzkr\u00e4fte konnten wieder ins Ger\u00e4tehaus einr\u00fccken.<br \/><\/p>\n","protected":false},"author":2,"featured_media":0,"template":"","meta":{"einsatz_weight":1,"footnotes":""},"categories":[],"einsatzart":[3],"fahrzeug":[16,23],"exteinsatzmittel":[21],"alarmierungsart":[77,38],"evw_unit":[],"class_list":["post-3097","einsatz","type-einsatz","status-publish","hentry","einsatzart-brandeinsatz","fahrzeug-hlf","fahrzeug-stlf","exteinsatzmittel-polizei","alarmierungsart-alamos","alarmierungsart-pager"],"_links":{"self":[{"href":"https:\/\/feuerwehr-espenau.de\/index.php\/wp-json\/wp\/v2\/einsatz\/3097","targetHints":{"allow":["GET"]}}],"collection":[{"href":"https:\/\/feuerwehr-espenau.de\/index.php\/wp-json\/wp\/v2\/einsatz"}],"about":[{"href":"https:\/\/feuerwehr-espenau.de\/index.php\/wp-json\/wp\/v2\/types\/einsatz"}],"author":[{"embeddable":true,"href":"https:\/\/feuerwehr-espenau.de\/index.php\/wp-json\/wp\/v2\/users\/2"}],"version-history":[{"count":1,"href":"https:\/\/feuerwehr-espenau.de\/index.php\/wp-json\/wp\/v2\/einsatz\/3097\/revisions"}],"predecessor-version":[{"id":3098,"href":"https:\/\/feuerwehr-espenau.de\/index.php\/wp-json\/wp\/v2\/einsatz\/3097\/revisions\/3098"}],"wp:attachment":[{"href":"https:\/\/feuerwehr-espenau.de\/index.php\/wp-json\/wp\/v2\/media?parent=3097"}],"wp:term":[{"taxonomy":"category","embeddable":true,"href":"https:\/\/feuerwehr-espenau.de\/index.php\/wp-json\/wp\/v2\/categories?post=3097"},{"taxonomy":"einsatzart","embeddable":true,"href":"https:\/\/feuerwehr-espenau.de\/index.php\/wp-json\/wp\/v2\/einsatzart?post=3097"},{"taxonomy":"fahrzeug","embeddable":true,"href":"https:\/\/feuerwehr-espenau.de\/index.php\/wp-json\/wp\/v2\/fahrzeug?post=3097"},{"taxonomy":"exteinsatzmittel","embeddable":true,"href":"https:\/\/feuerwehr-espenau.de\/index.php\/wp-json\/wp\/v2\/exteinsatzmittel?post=3097"},{"taxonomy":"alarmierungsart","embeddable":true,"href":"https:\/\/feuerwehr-espenau.de\/index.php\/wp-json\/wp\/v2\/alarmierungsart?post=3097"},{"taxonomy":"evw_unit","embeddable":true,"href":"https:\/\/feuerwehr-espenau.de\/index.php\/wp-json\/wp\/v2\/evw_unit?post=3097"}],"curies":[{"name":"wp","href":"https:\/\/api.w.org\/{rel}","templated":true}]}}