{"id":3146,"date":"2024-08-27T07:27:00","date_gmt":"2024-08-27T05:27:00","guid":{"rendered":"https:\/\/feuerwehr-espenau.de\/?post_type=einsatz&#038;p=3146"},"modified":"2024-08-27T09:11:56","modified_gmt":"2024-08-27T07:11:56","slug":"f1-brennt-mueltonne","status":"publish","type":"einsatz","link":"https:\/\/feuerwehr-espenau.de\/index.php\/einsatzberichte\/f1-brennt-mueltonne\/","title":{"rendered":"F1 \/ brennt M\u00fcltonne"},"content":{"rendered":"<p>\n        <strong>Datum:<\/strong> 27.08.2024<br \/>\n        <strong>Einsatznummer:<\/strong> 33-2024<br \/>\n\t<strong>Alarmzeit:<\/strong> 7:27 Uhr<br \/>\n\t<strong>Alarmierungsart:<\/strong> Vollalarm<br \/>\n\t<strong>Art: <\/strong><span style=\"color: #db5432\">Brandeinsatz<\/span><br \/>\n\t<strong>Einsatzort:<\/strong> Espenau-M\u00f6nchehof<\/p>\n<p>\t<strong>Fahrzeuge:<\/strong> <a href=\"https:\/\/feuerwehr-espenau.de\/index.php\/ueber-uns\/fahrzeuge\/staffelloeschfahrzeug\/\" title=\"Mehr Informationen zu Staffell\u00f6schfahrzeug 20\/25\">Staffell\u00f6schfahrzeug 20\/25<\/a><\/p>\n<p>\t<strong>Weitere Kr\u00e4fte:<\/strong> &#8211;\n<\/p>\n<hr>\n<h2>Einsatzbericht:<\/h2>\n<p>Am 27. August, klingelten unsere Pager und die Sirene um 7:30 Uhr und die Leitstelle Kassel alarmierte uns zu einem gemeldeten M\u00fclltonnenbrand in den Ortsteil M\u00f6nchehof. Vor Ort brannte Unrat in einer Tonne, welcher wahrscheinlich durch eine Zigarette oder \u00e4hnliches ausgel\u00f6st wurde.<\/p>\n<p>Wir l\u00f6schten den Brand mit Kleinl\u00f6schger\u00e4t ab und kontrollierten die Temperatur mit der W\u00e4rmebildkamera.<br \/><\/p>\n","protected":false},"author":2,"featured_media":0,"template":"","meta":{"einsatz_weight":1,"footnotes":""},"categories":[],"einsatzart":[3],"fahrzeug":[23],"exteinsatzmittel":[61],"alarmierungsart":[31],"evw_unit":[],"class_list":["post-3146","einsatz","type-einsatz","status-publish","hentry","einsatzart-brandeinsatz","fahrzeug-stlf","exteinsatzmittel-61","alarmierungsart-vollalarm"],"_links":{"self":[{"href":"https:\/\/feuerwehr-espenau.de\/index.php\/wp-json\/wp\/v2\/einsatz\/3146","targetHints":{"allow":["GET"]}}],"collection":[{"href":"https:\/\/feuerwehr-espenau.de\/index.php\/wp-json\/wp\/v2\/einsatz"}],"about":[{"href":"https:\/\/feuerwehr-espenau.de\/index.php\/wp-json\/wp\/v2\/types\/einsatz"}],"author":[{"embeddable":true,"href":"https:\/\/feuerwehr-espenau.de\/index.php\/wp-json\/wp\/v2\/users\/2"}],"version-history":[{"count":3,"href":"https:\/\/feuerwehr-espenau.de\/index.php\/wp-json\/wp\/v2\/einsatz\/3146\/revisions"}],"predecessor-version":[{"id":3149,"href":"https:\/\/feuerwehr-espenau.de\/index.php\/wp-json\/wp\/v2\/einsatz\/3146\/revisions\/3149"}],"wp:attachment":[{"href":"https:\/\/feuerwehr-espenau.de\/index.php\/wp-json\/wp\/v2\/media?parent=3146"}],"wp:term":[{"taxonomy":"category","embeddable":true,"href":"https:\/\/feuerwehr-espenau.de\/index.php\/wp-json\/wp\/v2\/categories?post=3146"},{"taxonomy":"einsatzart","embeddable":true,"href":"https:\/\/feuerwehr-espenau.de\/index.php\/wp-json\/wp\/v2\/einsatzart?post=3146"},{"taxonomy":"fahrzeug","embeddable":true,"href":"https:\/\/feuerwehr-espenau.de\/index.php\/wp-json\/wp\/v2\/fahrzeug?post=3146"},{"taxonomy":"exteinsatzmittel","embeddable":true,"href":"https:\/\/feuerwehr-espenau.de\/index.php\/wp-json\/wp\/v2\/exteinsatzmittel?post=3146"},{"taxonomy":"alarmierungsart","embeddable":true,"href":"https:\/\/feuerwehr-espenau.de\/index.php\/wp-json\/wp\/v2\/alarmierungsart?post=3146"},{"taxonomy":"evw_unit","embeddable":true,"href":"https:\/\/feuerwehr-espenau.de\/index.php\/wp-json\/wp\/v2\/evw_unit?post=3146"}],"curies":[{"name":"wp","href":"https:\/\/api.w.org\/{rel}","templated":true}]}}