{"id":3176,"date":"2024-09-24T20:40:00","date_gmt":"2024-09-24T18:40:00","guid":{"rendered":"https:\/\/feuerwehr-espenau.de\/?post_type=einsatz&#038;p=3176"},"modified":"2024-09-29T17:22:16","modified_gmt":"2024-09-29T15:22:16","slug":"fbmas-brandmeldeanlage-sonderojekt","status":"publish","type":"einsatz","link":"https:\/\/feuerwehr-espenau.de\/index.php\/einsatzberichte\/fbmas-brandmeldeanlage-sonderojekt\/","title":{"rendered":"FBMAS \/ Brandmeldeanlage Sonderobjekt"},"content":{"rendered":"<p>\n        <strong>Datum:<\/strong> 24.09.2024<br \/>\n        <strong>Einsatznummer:<\/strong> 40-2024<br \/>\n\t<strong>Alarmzeit:<\/strong> 20:40 Uhr<br \/>\n\t<strong>Alarmierungsart:<\/strong> Alamos, Pager<br \/>\n\t<strong>Art: <\/strong><span style=\"color: #db5432\">Brandeinsatz<\/span><br \/>\n\t<strong>Einsatzort:<\/strong> Espenau-Hohenkirchen<\/p>\n<p>\t<strong>Fahrzeuge:<\/strong> <a href=\"https:\/\/feuerwehr-espenau.de\/index.php\/ueber-uns\/fahrzeuge\/hilfeleistungsloeschgruppenfahrzeug\/\" title=\"Mehr Informationen zu Hilfeleistungsl\u00f6schgruppenfahrzeug 20\/16\">Hilfeleistungsl\u00f6schgruppenfahrzeug 20\/16<\/a>, <a href=\"https:\/\/feuerwehr-espenau.de\/index.php\/ueber-uns\/fahrzeuge\/staffelloeschfahrzeug\/\" title=\"Mehr Informationen zu Staffell\u00f6schfahrzeug 20\/25\">Staffell\u00f6schfahrzeug 20\/25<\/a><\/p>\n<p>\t<strong>Weitere Kr\u00e4fte:<\/strong> <a href=\"https:\/\/www.kassel.de\/einrichtungen\/feuerwehr\/rubrik2-1\/index.php\" title=\"Mehr Informationen zu Rettungsdienst\" target=\"_blank\">Rettungsdienst<\/a>\n<\/p>\n<hr>\n<h2>Einsatzbericht:<\/h2>\n<p>Am 24. September, kurz nach dem \u00dcbungsdienst wurden wir zu einem ausgel\u00f6sten Brandmelder in der \u00f6rtlichen Gemeinschaftsunterkunft alarmiert. Da sich noch einige von uns im Ger\u00e4tehaus befanden, dauerte es keine 5 Minuten bis zwei L\u00f6schfahrzeuge ausr\u00fcckten. An der Einsatzstelle konnte schnell angebranntes Essen als Ausl\u00f6segrund festgestellt werden. Nachdem die betroffenen Bereiche ordentlich gel\u00fcftet wurden, ist die Anlage wieder zur\u00fcckgestellt worden.<br \/>\nZeitnah darauf hie\u00df es dann \u201eStatus 2 gedr\u00fcckt und einger\u00fcckt\u201c.<\/p>\n<p>Ebenfalls mit vor Ort war ein Rettungswagen des ASB Regionalverband Kassel-Nordhessen.<br \/><\/p>\n","protected":false},"author":2,"featured_media":0,"template":"","meta":{"einsatz_weight":1,"footnotes":""},"categories":[],"einsatzart":[3],"fahrzeug":[16,23],"exteinsatzmittel":[22],"alarmierungsart":[77,38],"evw_unit":[],"class_list":["post-3176","einsatz","type-einsatz","status-publish","hentry","einsatzart-brandeinsatz","fahrzeug-hlf","fahrzeug-stlf","exteinsatzmittel-rettungsdienst","alarmierungsart-alamos","alarmierungsart-pager"],"_links":{"self":[{"href":"https:\/\/feuerwehr-espenau.de\/index.php\/wp-json\/wp\/v2\/einsatz\/3176","targetHints":{"allow":["GET"]}}],"collection":[{"href":"https:\/\/feuerwehr-espenau.de\/index.php\/wp-json\/wp\/v2\/einsatz"}],"about":[{"href":"https:\/\/feuerwehr-espenau.de\/index.php\/wp-json\/wp\/v2\/types\/einsatz"}],"author":[{"embeddable":true,"href":"https:\/\/feuerwehr-espenau.de\/index.php\/wp-json\/wp\/v2\/users\/2"}],"version-history":[{"count":4,"href":"https:\/\/feuerwehr-espenau.de\/index.php\/wp-json\/wp\/v2\/einsatz\/3176\/revisions"}],"predecessor-version":[{"id":3181,"href":"https:\/\/feuerwehr-espenau.de\/index.php\/wp-json\/wp\/v2\/einsatz\/3176\/revisions\/3181"}],"wp:attachment":[{"href":"https:\/\/feuerwehr-espenau.de\/index.php\/wp-json\/wp\/v2\/media?parent=3176"}],"wp:term":[{"taxonomy":"category","embeddable":true,"href":"https:\/\/feuerwehr-espenau.de\/index.php\/wp-json\/wp\/v2\/categories?post=3176"},{"taxonomy":"einsatzart","embeddable":true,"href":"https:\/\/feuerwehr-espenau.de\/index.php\/wp-json\/wp\/v2\/einsatzart?post=3176"},{"taxonomy":"fahrzeug","embeddable":true,"href":"https:\/\/feuerwehr-espenau.de\/index.php\/wp-json\/wp\/v2\/fahrzeug?post=3176"},{"taxonomy":"exteinsatzmittel","embeddable":true,"href":"https:\/\/feuerwehr-espenau.de\/index.php\/wp-json\/wp\/v2\/exteinsatzmittel?post=3176"},{"taxonomy":"alarmierungsart","embeddable":true,"href":"https:\/\/feuerwehr-espenau.de\/index.php\/wp-json\/wp\/v2\/alarmierungsart?post=3176"},{"taxonomy":"evw_unit","embeddable":true,"href":"https:\/\/feuerwehr-espenau.de\/index.php\/wp-json\/wp\/v2\/evw_unit?post=3176"}],"curies":[{"name":"wp","href":"https:\/\/api.w.org\/{rel}","templated":true}]}}