{"id":3256,"date":"2025-02-10T16:49:00","date_gmt":"2025-02-10T15:49:00","guid":{"rendered":"https:\/\/feuerwehr-espenau.de\/?post_type=einsatz&#038;p=3256"},"modified":"2025-02-13T14:12:25","modified_gmt":"2025-02-13T13:12:25","slug":"f2-kaminbrand-7","status":"publish","type":"einsatz","link":"https:\/\/feuerwehr-espenau.de\/index.php\/einsatzberichte\/f2-kaminbrand-7\/","title":{"rendered":"F2 \/ Kaminbrand"},"content":{"rendered":"<p>\n        <strong>Datum:<\/strong> 10.02.2025<br \/>\n        <strong>Einsatznummer:<\/strong> 05-2025<br \/>\n\t<strong>Alarmzeit:<\/strong> 16:49 Uhr<br \/>\n\t<strong>Alarmierungsart:<\/strong> Vollalarm<br \/>\n\t<strong>Art: <\/strong><span style=\"color: #db5432\">Brandeinsatz<\/span><br \/>\n\t<strong>Einsatzort:<\/strong> Espenau-M\u00f6nchehof<\/p>\n<p>\t<strong>Fahrzeuge:<\/strong> <a href=\"https:\/\/feuerwehr-espenau.de\/index.php\/ueber-uns\/fahrzeuge\/staffelloeschfahrzeug\/\" title=\"Mehr Informationen zu Staffell\u00f6schfahrzeug 20\/25\">Staffell\u00f6schfahrzeug 20\/25<\/a>, <a href=\"https:\/\/feuerwehr-espenau.de\/index.php\/ueber-uns\/fahrzeuge\/geraetewagen-logistik-1\/\" title=\"Mehr Informationen zu Ger\u00e4tewagen Logistik 1\">Ger\u00e4tewagen Logistik 1<\/a>, <a href=\"https:\/\/feuerwehr-espenau.de\/index.php\/ueber-uns\/fahrzeuge\/mannschaftstransportfahrzeug\/\" title=\"Mehr Informationen zu Mannschaftstransportfahrzeug\">Mannschaftstransportfahrzeug<\/a><\/p>\n<p>\t<strong>Weitere Kr\u00e4fte:<\/strong> <a href=\"https:\/\/ppnh.polizei.hessen.de\/Startseite\/\" title=\"Mehr Informationen zu Polizei\" target=\"_blank\">Polizei<\/a>, <a href=\"https:\/\/www.kassel.de\/einrichtungen\/feuerwehr\/rubrik2-1\/index.php\" title=\"Mehr Informationen zu Rettungsdienst\" target=\"_blank\">Rettungsdienst<\/a>, <a href=\"https:\/\/www.schornsteinfeger-liv-hessen.de\/startseite.html\" title=\"Mehr Informationen zu Schornsteinfeger\" target=\"_blank\">Schornsteinfeger<\/a>\n<\/p>\n<hr>\n<h2>Einsatzbericht:<\/h2>\n<p>Am Sp\u00e4tnachmittag wurden wir von der Leitstelle Kassel in den Ortsteil M\u00f6nchehof zu einem Kaminbrand alarmiert. An der Einsatzstelle angekommen, best\u00e4tigte sich das Stichwort und dunkler Rauch zog aus dem Kamin. Die Drehleiter der Feuerwehr Immenhausen wurde parallel mitalarmiert und war kurz nach uns mit an der Einsatzstelle. So, konnte parallel von innen als auch von au\u00dfen der Brandherd erkundet und lokalisiert werden.<br \/>\nDer auch der mit von der Leitstelle alarmierte Schornsteinfeger traf wenige Minuten sp\u00e4ter an der Einsatzstelle ein, so konnte eine weitere Ausbreitung schnell verhindert werden.<\/p>\n<p>Nach circa 2 Stunden konnte die Einsatzstelle an den Schornsteinfeger \u00fcbergeben werden, und wir konnten einr\u00fccken.<br \/><\/p>\n","protected":false},"author":2,"featured_media":0,"template":"","meta":{"einsatz_weight":1,"footnotes":""},"categories":[],"einsatzart":[3],"fahrzeug":[15,84,23],"exteinsatzmittel":[21,22,71],"alarmierungsart":[31],"evw_unit":[],"class_list":["post-3256","einsatz","type-einsatz","status-publish","hentry","einsatzart-brandeinsatz","fahrzeug-gw-l","fahrzeug-mannschaftstransportfahrzeug","fahrzeug-stlf","exteinsatzmittel-polizei","exteinsatzmittel-rettungsdienst","exteinsatzmittel-schornsteinfeger","alarmierungsart-vollalarm"],"_links":{"self":[{"href":"https:\/\/feuerwehr-espenau.de\/index.php\/wp-json\/wp\/v2\/einsatz\/3256","targetHints":{"allow":["GET"]}}],"collection":[{"href":"https:\/\/feuerwehr-espenau.de\/index.php\/wp-json\/wp\/v2\/einsatz"}],"about":[{"href":"https:\/\/feuerwehr-espenau.de\/index.php\/wp-json\/wp\/v2\/types\/einsatz"}],"author":[{"embeddable":true,"href":"https:\/\/feuerwehr-espenau.de\/index.php\/wp-json\/wp\/v2\/users\/2"}],"version-history":[{"count":2,"href":"https:\/\/feuerwehr-espenau.de\/index.php\/wp-json\/wp\/v2\/einsatz\/3256\/revisions"}],"predecessor-version":[{"id":3258,"href":"https:\/\/feuerwehr-espenau.de\/index.php\/wp-json\/wp\/v2\/einsatz\/3256\/revisions\/3258"}],"wp:attachment":[{"href":"https:\/\/feuerwehr-espenau.de\/index.php\/wp-json\/wp\/v2\/media?parent=3256"}],"wp:term":[{"taxonomy":"category","embeddable":true,"href":"https:\/\/feuerwehr-espenau.de\/index.php\/wp-json\/wp\/v2\/categories?post=3256"},{"taxonomy":"einsatzart","embeddable":true,"href":"https:\/\/feuerwehr-espenau.de\/index.php\/wp-json\/wp\/v2\/einsatzart?post=3256"},{"taxonomy":"fahrzeug","embeddable":true,"href":"https:\/\/feuerwehr-espenau.de\/index.php\/wp-json\/wp\/v2\/fahrzeug?post=3256"},{"taxonomy":"exteinsatzmittel","embeddable":true,"href":"https:\/\/feuerwehr-espenau.de\/index.php\/wp-json\/wp\/v2\/exteinsatzmittel?post=3256"},{"taxonomy":"alarmierungsart","embeddable":true,"href":"https:\/\/feuerwehr-espenau.de\/index.php\/wp-json\/wp\/v2\/alarmierungsart?post=3256"},{"taxonomy":"evw_unit","embeddable":true,"href":"https:\/\/feuerwehr-espenau.de\/index.php\/wp-json\/wp\/v2\/evw_unit?post=3256"}],"curies":[{"name":"wp","href":"https:\/\/api.w.org\/{rel}","templated":true}]}}