{"id":3300,"date":"2025-04-24T12:14:00","date_gmt":"2025-04-24T10:14:00","guid":{"rendered":"https:\/\/feuerwehr-espenau.de\/?post_type=einsatz&#038;p=3300"},"modified":"2025-04-24T14:46:25","modified_gmt":"2025-04-24T12:46:25","slug":"hgefahr1oel-oelaustritt","status":"publish","type":"einsatz","link":"https:\/\/feuerwehr-espenau.de\/index.php\/einsatzberichte\/hgefahr1oel-oelaustritt\/","title":{"rendered":"HGefahr1\u00d6L \/ \u00d6laustritt"},"content":{"rendered":"<p>\n        <strong>Datum:<\/strong> 24.04.2025<br \/>\n        <strong>Einsatznummer:<\/strong> 16-2025<br \/>\n\t<strong>Alarmzeit:<\/strong> 12:14 Uhr<br \/>\n\t<strong>Alarmierungsart:<\/strong> Alamos, Pager<br \/>\n\t<strong>Art: <\/strong><span style=\"color: #1e73be\">Technische Hilfeleistung<\/span><br \/>\n\t<strong>Einsatzort:<\/strong> Calden<\/p>\n<p>\t<strong>Fahrzeuge:<\/strong> <a href=\"https:\/\/feuerwehr-espenau.de\/index.php\/ueber-uns\/fahrzeuge\/staffelloeschfahrzeug\/\" title=\"Mehr Informationen zu Staffell\u00f6schfahrzeug 20\/25\">Staffell\u00f6schfahrzeug 20\/25<\/a><\/p>\n<p>\t<strong>Weitere Kr\u00e4fte:<\/strong> <a href=\"http:\/\/www.feuerwehr-calden.de\" title=\"Mehr Informationen zu Feuerwehr Calden\" target=\"_blank\">Feuerwehr Calden<\/a>\n<\/p>\n<hr>\n<h2>Einsatzbericht:<\/h2>\n<p>Am Donnerstagmittag, den 24. Mai kam es im Caldener Ortsteil Westuffeln zu einem Einsatz.<br \/>\nEin Defekt an einem Trafo f\u00fchrte dazu, dass erhebliche Mengen Fl\u00fcssigkeit austraten.<br \/>\nDie Feuerwehr Calden hat den Einsatz selbstst\u00e4ndig abgearbeitet, sodass wir die Anfahrt abbrechen konnten.<\/p>\n<p>Seit dem 17.03. werden wir zus\u00e4tzlich ab bestimmten Stichw\u00f6rtern zur Unterst\u00fctzung der Feuerwehr Calden, aufgrund der vielen Baustellen in der Ortslage, bis diese abgeschlossen sind, zusammen in den Ortsteil Calden alarmiert.<br \/><\/p>\n","protected":false},"author":2,"featured_media":0,"template":"","meta":{"einsatz_weight":1,"footnotes":""},"categories":[],"einsatzart":[25],"fahrzeug":[23],"exteinsatzmittel":[42],"alarmierungsart":[77,38],"evw_unit":[],"class_list":["post-3300","einsatz","type-einsatz","status-publish","hentry","einsatzart-technische-hilfeleistung","fahrzeug-stlf","exteinsatzmittel-feuerwehr-calden","alarmierungsart-alamos","alarmierungsart-pager"],"_links":{"self":[{"href":"https:\/\/feuerwehr-espenau.de\/index.php\/wp-json\/wp\/v2\/einsatz\/3300","targetHints":{"allow":["GET"]}}],"collection":[{"href":"https:\/\/feuerwehr-espenau.de\/index.php\/wp-json\/wp\/v2\/einsatz"}],"about":[{"href":"https:\/\/feuerwehr-espenau.de\/index.php\/wp-json\/wp\/v2\/types\/einsatz"}],"author":[{"embeddable":true,"href":"https:\/\/feuerwehr-espenau.de\/index.php\/wp-json\/wp\/v2\/users\/2"}],"version-history":[{"count":2,"href":"https:\/\/feuerwehr-espenau.de\/index.php\/wp-json\/wp\/v2\/einsatz\/3300\/revisions"}],"predecessor-version":[{"id":3304,"href":"https:\/\/feuerwehr-espenau.de\/index.php\/wp-json\/wp\/v2\/einsatz\/3300\/revisions\/3304"}],"wp:attachment":[{"href":"https:\/\/feuerwehr-espenau.de\/index.php\/wp-json\/wp\/v2\/media?parent=3300"}],"wp:term":[{"taxonomy":"category","embeddable":true,"href":"https:\/\/feuerwehr-espenau.de\/index.php\/wp-json\/wp\/v2\/categories?post=3300"},{"taxonomy":"einsatzart","embeddable":true,"href":"https:\/\/feuerwehr-espenau.de\/index.php\/wp-json\/wp\/v2\/einsatzart?post=3300"},{"taxonomy":"fahrzeug","embeddable":true,"href":"https:\/\/feuerwehr-espenau.de\/index.php\/wp-json\/wp\/v2\/fahrzeug?post=3300"},{"taxonomy":"exteinsatzmittel","embeddable":true,"href":"https:\/\/feuerwehr-espenau.de\/index.php\/wp-json\/wp\/v2\/exteinsatzmittel?post=3300"},{"taxonomy":"alarmierungsart","embeddable":true,"href":"https:\/\/feuerwehr-espenau.de\/index.php\/wp-json\/wp\/v2\/alarmierungsart?post=3300"},{"taxonomy":"evw_unit","embeddable":true,"href":"https:\/\/feuerwehr-espenau.de\/index.php\/wp-json\/wp\/v2\/evw_unit?post=3300"}],"curies":[{"name":"wp","href":"https:\/\/api.w.org\/{rel}","templated":true}]}}