{"id":3359,"date":"2025-07-01T16:41:00","date_gmt":"2025-07-01T14:41:00","guid":{"rendered":"https:\/\/feuerwehr-espenau.de\/?post_type=einsatz&#038;p=3359"},"modified":"2025-07-02T09:27:26","modified_gmt":"2025-07-02T07:27:26","slug":"fwald2-waldbrand-2","status":"publish","type":"einsatz","link":"https:\/\/feuerwehr-espenau.de\/index.php\/einsatzberichte\/fwald2-waldbrand-2\/","title":{"rendered":"FWald2 \/ Waldbrand"},"content":{"rendered":"<p>\n        <strong>Datum:<\/strong> 01.07.2025<br \/>\n        <strong>Einsatznummer:<\/strong> 23-2025<br \/>\n\t<strong>Alarmzeit:<\/strong> 16:41 Uhr<br \/>\n\t<strong>Alarmierungsart:<\/strong> Vollalarm<br \/>\n\t<strong>Art: <\/strong><span style=\"color: #db5432\">Brandeinsatz<\/span><br \/>\n\t<strong>Einsatzort:<\/strong> Immenhausen-Holzhausen<\/p>\n<p>\t<strong>Fahrzeuge:<\/strong> <a href=\"https:\/\/feuerwehr-espenau.de\/index.php\/ueber-uns\/fahrzeuge\/staffelloeschfahrzeug\/\" title=\"Mehr Informationen zu Staffell\u00f6schfahrzeug 20\/25\">Staffell\u00f6schfahrzeug 20\/25<\/a>, <a href=\"https:\/\/feuerwehr-espenau.de\/index.php\/ueber-uns\/fahrzeuge\/loeschgruppenfahrzeug-10\/\" title=\"Mehr Informationen zu L\u00f6schgruppenfahrzeug 10\">L\u00f6schgruppenfahrzeug 10<\/a>, <a href=\"https:\/\/feuerwehr-espenau.de\/index.php\/ueber-uns\/fahrzeuge\/geraetewagen-logistik-1\/\" title=\"Mehr Informationen zu Ger\u00e4tewagen Logistik 1\">Ger\u00e4tewagen Logistik 1<\/a>, <a href=\"https:\/\/feuerwehr-espenau.de\/index.php\/ueber-uns\/fahrzeuge\/mannschaftstransportfahrzeug\/\" title=\"Mehr Informationen zu Mannschaftstransportfahrzeug\">Mannschaftstransportfahrzeug<\/a><\/p>\n<p>\t<strong>Weitere Kr\u00e4fte:<\/strong> <a href=\"http:\/\/feuerwehr-holzhausen.com\" title=\"Mehr Informationen zu Feuerwehr Holzhausen\" target=\"_blank\">Feuerwehr Holzhausen<\/a>, <a href=\"https:\/\/www.feuerwehr-immenhausen.de\/\" title=\"Mehr Informationen zu Feuerwehr Immenhausen\" target=\"_blank\">Feuerwehr Immenhausen<\/a>, <a href=\"https:\/\/de-de.facebook.com\/FreiwilligeFeuerwehrMariendorf\" title=\"Mehr Informationen zu Feuerwehr Mariendorf\" target=\"_blank\">Feuerwehr Mariendorf<\/a>, <a href=\"https:\/\/www.hessen-forst.de\/\" title=\"Mehr Informationen zu Hessen Forst\" target=\"_blank\">Hessen Forst<\/a>, <a href=\"https:\/\/ppnh.polizei.hessen.de\/Startseite\/\" title=\"Mehr Informationen zu Polizei\" target=\"_blank\">Polizei<\/a>, <a href=\"https:\/\/www.kassel.de\/einrichtungen\/feuerwehr\/rubrik2-1\/index.php\" title=\"Mehr Informationen zu Rettungsdienst\" target=\"_blank\">Rettungsdienst<\/a>, <a href=\"http:\/\/www.facebook.com\/IuKLKKS\" title=\"Mehr Informationen zu TEL LK Kassel \/ IuK Gruppe\" target=\"_blank\">TEL LK Kassel \/ IuK Gruppe<\/a>\n<\/p>\n<hr>\n<h2>Einsatzbericht:<\/h2>\n<p><strong>Waldbrand auf rund 10.000m\u00b2<\/strong><br \/>\nAls am 01. Juli, gegen 16:40 Uhr die Alarmierung per Vollalarm f\u00fcr uns und die Freiwillige Feuerwehr Immenhausen erfolgte, ahnte noch niemand, wie anstrengend und schwei\u00dftreibend die n\u00e4chsten Stunden wurden.<br \/>\nAuf Anfahrt best\u00e4tigte sich das Meldebild und schnell wurde klar, das es sich um einen Waldbrand in unwegsamen Gel\u00e4nde handelte. Beim Eintreffen der ersten Einsatzkr\u00e4fte hatte sich das Feuer bereits ausgedehnt und im weiteren Verlauf auf eine Fl\u00e4che von rund 10.000 m\u00b2 (1 Hektar).<br \/>\nDie L\u00f6scharbeiten gestalteten sich aufgrund des schwer zug\u00e4nglichen Gel\u00e4ndes \u00e4u\u00dferst schwierig. Es musste umfangreich Schlauchmaterial verlegt werden, um die Brandstellen zu erreichen. Auch die Wasserversorgung war aufwendig und stellte die Einsatzkr\u00e4fte vor logistische Herausforderungen. So fuhren mehrere Tankl\u00f6schfahrzeuge und Landwirte mit Wasserf\u00e4ssern im Pendelverkehr.<br \/>\nZur Unterst\u00fctzung wurde sp\u00e4ter ein Hubschrauber der Polizei Hessen angefordert, der gezielte Wasserabw\u00fcrfe aus der Luft vornahm und so ebenfalls zur Eind\u00e4mmung des Feuers beitrug. Besonders kr\u00e4ftezehrend waren die Nachl\u00f6scharbeiten &#8211; hierbei musste der Waldboden von Hand teilweise aufgegraben und gezielt abgel\u00f6scht werden.<br \/>\nGegen ca 23 Uhr wurden wir aus unserem Abschnitt entlassen und kehrten zum Standort zur\u00fcck. Die Nachl\u00f6scharbeiten, welche durch weitere Kr\u00e4fte durchgef\u00fchrt wurden, zogen sich noch bis in die fr\u00fchen Morgenstunden hin.<br \/>\nDie Ursache des Brandes ist noch unklar und wird durch die zust\u00e4ndigen Beh\u00f6rden ermittelt.<br \/>\nIm Einsatz waren ein Vielzahl von Feuerwehren aus dem Landkreis Kassel, sowie Unterst\u00fctzung aus Niedersachsen (u.a Freiwillige Feuerwehr Hann. M\u00fcnden)<br \/>\nweiterhin Beh\u00f6rden und zust\u00e4ndige Institutionen.<br \/><\/p>\n","protected":false},"author":2,"featured_media":0,"template":"","meta":{"einsatz_weight":1,"footnotes":""},"categories":[],"einsatzart":[3],"fahrzeug":[15,82,84,23],"exteinsatzmittel":[65,10,66,12,21,22,26],"alarmierungsart":[31],"evw_unit":[],"class_list":["post-3359","einsatz","type-einsatz","status-publish","hentry","einsatzart-brandeinsatz","fahrzeug-gw-l","fahrzeug-loeschgruppenfahrzeug-10","fahrzeug-mannschaftstransportfahrzeug","fahrzeug-stlf","exteinsatzmittel-feuerwehr-holzhausen","exteinsatzmittel-feuerwehr-immenhausen","exteinsatzmittel-feuerwehr-mariendorf","exteinsatzmittel-forst","exteinsatzmittel-polizei","exteinsatzmittel-rettungsdienst","exteinsatzmittel-tel-lk-kassel-iuk-gruppe","alarmierungsart-vollalarm"],"_links":{"self":[{"href":"https:\/\/feuerwehr-espenau.de\/index.php\/wp-json\/wp\/v2\/einsatz\/3359","targetHints":{"allow":["GET"]}}],"collection":[{"href":"https:\/\/feuerwehr-espenau.de\/index.php\/wp-json\/wp\/v2\/einsatz"}],"about":[{"href":"https:\/\/feuerwehr-espenau.de\/index.php\/wp-json\/wp\/v2\/types\/einsatz"}],"author":[{"embeddable":true,"href":"https:\/\/feuerwehr-espenau.de\/index.php\/wp-json\/wp\/v2\/users\/2"}],"version-history":[{"count":3,"href":"https:\/\/feuerwehr-espenau.de\/index.php\/wp-json\/wp\/v2\/einsatz\/3359\/revisions"}],"predecessor-version":[{"id":3364,"href":"https:\/\/feuerwehr-espenau.de\/index.php\/wp-json\/wp\/v2\/einsatz\/3359\/revisions\/3364"}],"wp:attachment":[{"href":"https:\/\/feuerwehr-espenau.de\/index.php\/wp-json\/wp\/v2\/media?parent=3359"}],"wp:term":[{"taxonomy":"category","embeddable":true,"href":"https:\/\/feuerwehr-espenau.de\/index.php\/wp-json\/wp\/v2\/categories?post=3359"},{"taxonomy":"einsatzart","embeddable":true,"href":"https:\/\/feuerwehr-espenau.de\/index.php\/wp-json\/wp\/v2\/einsatzart?post=3359"},{"taxonomy":"fahrzeug","embeddable":true,"href":"https:\/\/feuerwehr-espenau.de\/index.php\/wp-json\/wp\/v2\/fahrzeug?post=3359"},{"taxonomy":"exteinsatzmittel","embeddable":true,"href":"https:\/\/feuerwehr-espenau.de\/index.php\/wp-json\/wp\/v2\/exteinsatzmittel?post=3359"},{"taxonomy":"alarmierungsart","embeddable":true,"href":"https:\/\/feuerwehr-espenau.de\/index.php\/wp-json\/wp\/v2\/alarmierungsart?post=3359"},{"taxonomy":"evw_unit","embeddable":true,"href":"https:\/\/feuerwehr-espenau.de\/index.php\/wp-json\/wp\/v2\/evw_unit?post=3359"}],"curies":[{"name":"wp","href":"https:\/\/api.w.org\/{rel}","templated":true}]}}