{"id":3393,"date":"2025-08-30T10:34:00","date_gmt":"2025-08-30T08:34:00","guid":{"rendered":"https:\/\/feuerwehr-espenau.de\/?post_type=einsatz&#038;p=3393"},"modified":"2025-09-01T11:00:56","modified_gmt":"2025-09-01T09:00:56","slug":"h1y-tueroeffnung-21","status":"publish","type":"einsatz","link":"https:\/\/feuerwehr-espenau.de\/index.php\/einsatzberichte\/h1y-tueroeffnung-21\/","title":{"rendered":"H1Y \/ T\u00fcr\u00f6ffnung"},"content":{"rendered":"<p>\n        <strong>Datum:<\/strong> 30.08.2025<br \/>\n        <strong>Einsatznummer:<\/strong> 30-2025<br \/>\n\t<strong>Alarmzeit:<\/strong> 10:34 Uhr<br \/>\n\t<strong>Alarmierungsart:<\/strong> Vollalarm<br \/>\n\t<strong>Art: <\/strong><span style=\"color: #1e73be\">Technische Hilfeleistung<\/span><br \/>\n\t<strong>Einsatzort:<\/strong> Espenau-Hohenkirchen<\/p>\n<p>\t<strong>Fahrzeuge:<\/strong> <a href=\"https:\/\/feuerwehr-espenau.de\/index.php\/ueber-uns\/fahrzeuge\/hilfeleistungsloeschgruppenfahrzeug\/\" title=\"Mehr Informationen zu Hilfeleistungsl\u00f6schgruppenfahrzeug 20\/16\">Hilfeleistungsl\u00f6schgruppenfahrzeug 20\/16<\/a><\/p>\n<p>\t<strong>Weitere Kr\u00e4fte:<\/strong> <a href=\"https:\/\/www.kassel.de\/einrichtungen\/feuerwehr\/rubrik2-1\/index.php\" title=\"Mehr Informationen zu Rettungsdienst\" target=\"_blank\">Rettungsdienst<\/a>\n<\/p>\n<hr>\n<h2>Einsatzbericht:<\/h2>\n<p>Am 30. August, gegen 10:44 Uhr alarmierte uns die Leitstelle aufgrund einer besorgten Mutter.<br \/>\nDiese wurde von ihrem Kleinkind ausgesperrt und \u00f6ffnete die T\u00fcr auf Ansprache nicht mehr. Da sich ebenfalls ein Baby im Zimmer befand, wurde die gewaltsame T\u00fcr\u00f6ffnung vorbereitet. W\u00e4hrend dieser Ma\u00dfnahme konnte jedoch telefonisch eine berechtigte Person mit Ersatzschl\u00fcssel geordert werden.<br \/>\nMutter und Kinder waren anschlie\u00dfend wieder vereint und wohlauf. Gemeinsam mit dem Rettungsdienst betreuten wir die, teilweise erheblich nerv\u00f6sen, Bewohner der Unterkunft, bis wir ohne t\u00e4tig zu werden abr\u00fcckten.<\/p>\n<p>Mit im Einsatz:<br \/>\n ASB Regionalverband Kassel-Nordhessen<br \/><\/p>\n","protected":false},"author":8,"featured_media":0,"template":"","meta":{"einsatz_weight":1,"footnotes":""},"categories":[],"einsatzart":[25],"fahrzeug":[16],"exteinsatzmittel":[22],"alarmierungsart":[31],"evw_unit":[],"class_list":["post-3393","einsatz","type-einsatz","status-publish","hentry","einsatzart-technische-hilfeleistung","fahrzeug-hlf","exteinsatzmittel-rettungsdienst","alarmierungsart-vollalarm"],"_links":{"self":[{"href":"https:\/\/feuerwehr-espenau.de\/index.php\/wp-json\/wp\/v2\/einsatz\/3393","targetHints":{"allow":["GET"]}}],"collection":[{"href":"https:\/\/feuerwehr-espenau.de\/index.php\/wp-json\/wp\/v2\/einsatz"}],"about":[{"href":"https:\/\/feuerwehr-espenau.de\/index.php\/wp-json\/wp\/v2\/types\/einsatz"}],"author":[{"embeddable":true,"href":"https:\/\/feuerwehr-espenau.de\/index.php\/wp-json\/wp\/v2\/users\/8"}],"version-history":[{"count":2,"href":"https:\/\/feuerwehr-espenau.de\/index.php\/wp-json\/wp\/v2\/einsatz\/3393\/revisions"}],"predecessor-version":[{"id":3396,"href":"https:\/\/feuerwehr-espenau.de\/index.php\/wp-json\/wp\/v2\/einsatz\/3393\/revisions\/3396"}],"wp:attachment":[{"href":"https:\/\/feuerwehr-espenau.de\/index.php\/wp-json\/wp\/v2\/media?parent=3393"}],"wp:term":[{"taxonomy":"category","embeddable":true,"href":"https:\/\/feuerwehr-espenau.de\/index.php\/wp-json\/wp\/v2\/categories?post=3393"},{"taxonomy":"einsatzart","embeddable":true,"href":"https:\/\/feuerwehr-espenau.de\/index.php\/wp-json\/wp\/v2\/einsatzart?post=3393"},{"taxonomy":"fahrzeug","embeddable":true,"href":"https:\/\/feuerwehr-espenau.de\/index.php\/wp-json\/wp\/v2\/fahrzeug?post=3393"},{"taxonomy":"exteinsatzmittel","embeddable":true,"href":"https:\/\/feuerwehr-espenau.de\/index.php\/wp-json\/wp\/v2\/exteinsatzmittel?post=3393"},{"taxonomy":"alarmierungsart","embeddable":true,"href":"https:\/\/feuerwehr-espenau.de\/index.php\/wp-json\/wp\/v2\/alarmierungsart?post=3393"},{"taxonomy":"evw_unit","embeddable":true,"href":"https:\/\/feuerwehr-espenau.de\/index.php\/wp-json\/wp\/v2\/evw_unit?post=3393"}],"curies":[{"name":"wp","href":"https:\/\/api.w.org\/{rel}","templated":true}]}}