{"id":3446,"date":"2025-10-09T07:02:00","date_gmt":"2025-10-09T05:02:00","guid":{"rendered":"https:\/\/feuerwehr-espenau.de\/?post_type=einsatz&#038;p=3446"},"modified":"2025-10-13T08:09:15","modified_gmt":"2025-10-13T06:09:15","slug":"f3-brand-lagerhalle","status":"publish","type":"einsatz","link":"https:\/\/feuerwehr-espenau.de\/index.php\/einsatzberichte\/f3-brand-lagerhalle\/","title":{"rendered":"F3 \/ Brand Lagerhalle"},"content":{"rendered":"<p>\n        <strong>Datum:<\/strong> 09.10.2025<br \/>\n        <strong>Einsatznummer:<\/strong> 38-2025<br \/>\n\t<strong>Alarmzeit:<\/strong> 7:02 Uhr<br \/>\n\t<strong>Alarmierungsart:<\/strong> Vollalarm<br \/>\n\t<strong>Art: <\/strong><span style=\"color: #db5432\">Brandeinsatz<\/span><br \/>\n\t<strong>Einsatzort:<\/strong> Niestetal<\/p>\n<p>\t<strong>Fahrzeuge:<\/strong> <a href=\"https:\/\/feuerwehr-espenau.de\/index.php\/ueber-uns\/fahrzeuge\/loeschgruppenfahrzeug-10\/\" title=\"Mehr Informationen zu L\u00f6schgruppenfahrzeug 10\">L\u00f6schgruppenfahrzeug 10<\/a>, <a href=\"https:\/\/feuerwehr-espenau.de\/index.php\/ueber-uns\/fahrzeuge\/mannschaftstransportfahrzeug\/\" title=\"Mehr Informationen zu Mannschaftstransportfahrzeug\">Mannschaftstransportfahrzeug<\/a><\/p>\n<p>\t<strong>Weitere Kr\u00e4fte:<\/strong> <a href=\"https:\/\/feuerwehr-niestetal.de\" title=\"Mehr Informationen zu Feuerwehr Niestetal\" target=\"_blank\">Feuerwehr Niestetal<\/a>, <a href=\"http:\/\/kfv-kassel-land.de\/\" title=\"Mehr Informationen zu Umliegende Feuerwehren\" target=\"_blank\">Umliegende Feuerwehren<\/a>\n<\/p>\n<hr>\n<h2>Einsatzbericht:<\/h2>\n<p>Am 09. Oktober, gegen kurz nach 7:00 Uhr, wurden wir zur Unterst\u00fctzung bei einem Gro\u00dfbrand in Niestetal alarmiert.<\/p>\n<p>Die Lagerhalle eines Sanit\u00e4tshauses brannte zuvor in voller Ausdehnung, welches umfangreiche L\u00f6schma\u00dfnahmen sowie einen erh\u00f6hen Berdarf an Einsatzkr\u00e4ften forderte. Vor Ort unterst\u00fctzten wir die Brandbek\u00e4mpfung im Einsatz unter Atemschutz und l\u00f6sten bereits eingesetzte Kr\u00e4fte ab. Aufgrund der massiven Brandausbreitung kam im weiteren Verlauf das THW mit einem Bagger zum Einsatz. Parallel l\u00f6schten unsere Trupps Bereiche der Halle mit Schaum.<\/p>\n<p>Am sp\u00e4ten Vormittag konnte der Brand schlie\u00dflich unter Kontrolle gebracht werden. Gegen 12:30 Uhr haben wir die Einsatzstelle verlassen d\u00fcrfen und sind wieder einger\u00fcckt. Anschlie\u00dfend wurden noch Fahrzeuge und Ger\u00e4te gereinigt.<\/p>\n<p>N\u00e4here Informationen gibt es auch auf der Webseite der Freiwilligen Feuerwehr Niestetal.<br \/><\/p>\n","protected":false},"author":2,"featured_media":0,"template":"","meta":{"einsatz_weight":1,"footnotes":""},"categories":[],"einsatzart":[3],"fahrzeug":[82,84],"exteinsatzmittel":[62,29],"alarmierungsart":[31],"evw_unit":[],"class_list":["post-3446","einsatz","type-einsatz","status-publish","hentry","einsatzart-brandeinsatz","fahrzeug-loeschgruppenfahrzeug-10","fahrzeug-mannschaftstransportfahrzeug","exteinsatzmittel-feuerwehr-niestetal","exteinsatzmittel-umliegende-feuerwehren","alarmierungsart-vollalarm"],"_links":{"self":[{"href":"https:\/\/feuerwehr-espenau.de\/index.php\/wp-json\/wp\/v2\/einsatz\/3446","targetHints":{"allow":["GET"]}}],"collection":[{"href":"https:\/\/feuerwehr-espenau.de\/index.php\/wp-json\/wp\/v2\/einsatz"}],"about":[{"href":"https:\/\/feuerwehr-espenau.de\/index.php\/wp-json\/wp\/v2\/types\/einsatz"}],"author":[{"embeddable":true,"href":"https:\/\/feuerwehr-espenau.de\/index.php\/wp-json\/wp\/v2\/users\/2"}],"version-history":[{"count":2,"href":"https:\/\/feuerwehr-espenau.de\/index.php\/wp-json\/wp\/v2\/einsatz\/3446\/revisions"}],"predecessor-version":[{"id":3451,"href":"https:\/\/feuerwehr-espenau.de\/index.php\/wp-json\/wp\/v2\/einsatz\/3446\/revisions\/3451"}],"wp:attachment":[{"href":"https:\/\/feuerwehr-espenau.de\/index.php\/wp-json\/wp\/v2\/media?parent=3446"}],"wp:term":[{"taxonomy":"category","embeddable":true,"href":"https:\/\/feuerwehr-espenau.de\/index.php\/wp-json\/wp\/v2\/categories?post=3446"},{"taxonomy":"einsatzart","embeddable":true,"href":"https:\/\/feuerwehr-espenau.de\/index.php\/wp-json\/wp\/v2\/einsatzart?post=3446"},{"taxonomy":"fahrzeug","embeddable":true,"href":"https:\/\/feuerwehr-espenau.de\/index.php\/wp-json\/wp\/v2\/fahrzeug?post=3446"},{"taxonomy":"exteinsatzmittel","embeddable":true,"href":"https:\/\/feuerwehr-espenau.de\/index.php\/wp-json\/wp\/v2\/exteinsatzmittel?post=3446"},{"taxonomy":"alarmierungsart","embeddable":true,"href":"https:\/\/feuerwehr-espenau.de\/index.php\/wp-json\/wp\/v2\/alarmierungsart?post=3446"},{"taxonomy":"evw_unit","embeddable":true,"href":"https:\/\/feuerwehr-espenau.de\/index.php\/wp-json\/wp\/v2\/evw_unit?post=3446"}],"curies":[{"name":"wp","href":"https:\/\/api.w.org\/{rel}","templated":true}]}}