{"id":3482,"date":"2025-11-11T07:59:00","date_gmt":"2025-11-11T06:59:00","guid":{"rendered":"https:\/\/feuerwehr-espenau.de\/?post_type=einsatz&#038;p=3482"},"modified":"2025-11-18T17:31:48","modified_gmt":"2025-11-18T16:31:48","slug":"h1-oelspur-17","status":"publish","type":"einsatz","link":"https:\/\/feuerwehr-espenau.de\/index.php\/einsatzberichte\/h1-oelspur-17\/","title":{"rendered":"H1 \/ \u00d6lspur"},"content":{"rendered":"<p>\n        <strong>Datum:<\/strong> 11.11.2025<br \/>\n        <strong>Einsatznummer:<\/strong> 47-2025<br \/>\n\t<strong>Alarmzeit:<\/strong> 7:59 Uhr<br \/>\n\t<strong>Alarmierungsart:<\/strong> Vollalarm<br \/>\n\t<strong>Art: <\/strong><span style=\"color: #1e73be\">Technische Hilfeleistung<\/span><br \/>\n\t<strong>Einsatzort:<\/strong> Espenau-M\u00f6nchehof<\/p>\n<p>\t<strong>Fahrzeuge:<\/strong> <a href=\"https:\/\/feuerwehr-espenau.de\/index.php\/ueber-uns\/fahrzeuge\/hilfeleistungsloeschgruppenfahrzeug\/\" title=\"Mehr Informationen zu Hilfeleistungsl\u00f6schgruppenfahrzeug 20\/16\">Hilfeleistungsl\u00f6schgruppenfahrzeug 20\/16<\/a><\/p>\n<p>\t<strong>Weitere Kr\u00e4fte:<\/strong> &#8211;\n<\/p>\n<hr>\n<h2>Einsatzbericht:<\/h2>\n<p>Am 11. November, wurden wir anl\u00e4sslich einer gemeldeten \u00d6lspur (Betriebsstoffe) alarmiert.<br \/>\nNach erfolgter Erkundung durch uns, stellte sich heraus, dass die \u00d6lspur wesentlich gr\u00f6\u00dfer und umfangreicher war, als gemeldet. Aufgrund des Ausma\u00dfes wurde eine Fachfirma zur Beseitigung angefordert, welche die Fahrbahn und die betroffenen Bereiche reinigte. Wir mussten nicht weiter t\u00e4tig werden.<br \/><\/p>\n","protected":false},"author":2,"featured_media":0,"template":"","meta":{"einsatz_weight":1,"footnotes":""},"categories":[],"einsatzart":[25],"fahrzeug":[16],"exteinsatzmittel":[61],"alarmierungsart":[31],"evw_unit":[],"class_list":["post-3482","einsatz","type-einsatz","status-publish","hentry","einsatzart-technische-hilfeleistung","fahrzeug-hlf","exteinsatzmittel-61","alarmierungsart-vollalarm"],"_links":{"self":[{"href":"https:\/\/feuerwehr-espenau.de\/index.php\/wp-json\/wp\/v2\/einsatz\/3482","targetHints":{"allow":["GET"]}}],"collection":[{"href":"https:\/\/feuerwehr-espenau.de\/index.php\/wp-json\/wp\/v2\/einsatz"}],"about":[{"href":"https:\/\/feuerwehr-espenau.de\/index.php\/wp-json\/wp\/v2\/types\/einsatz"}],"author":[{"embeddable":true,"href":"https:\/\/feuerwehr-espenau.de\/index.php\/wp-json\/wp\/v2\/users\/2"}],"version-history":[{"count":1,"href":"https:\/\/feuerwehr-espenau.de\/index.php\/wp-json\/wp\/v2\/einsatz\/3482\/revisions"}],"predecessor-version":[{"id":3483,"href":"https:\/\/feuerwehr-espenau.de\/index.php\/wp-json\/wp\/v2\/einsatz\/3482\/revisions\/3483"}],"wp:attachment":[{"href":"https:\/\/feuerwehr-espenau.de\/index.php\/wp-json\/wp\/v2\/media?parent=3482"}],"wp:term":[{"taxonomy":"category","embeddable":true,"href":"https:\/\/feuerwehr-espenau.de\/index.php\/wp-json\/wp\/v2\/categories?post=3482"},{"taxonomy":"einsatzart","embeddable":true,"href":"https:\/\/feuerwehr-espenau.de\/index.php\/wp-json\/wp\/v2\/einsatzart?post=3482"},{"taxonomy":"fahrzeug","embeddable":true,"href":"https:\/\/feuerwehr-espenau.de\/index.php\/wp-json\/wp\/v2\/fahrzeug?post=3482"},{"taxonomy":"exteinsatzmittel","embeddable":true,"href":"https:\/\/feuerwehr-espenau.de\/index.php\/wp-json\/wp\/v2\/exteinsatzmittel?post=3482"},{"taxonomy":"alarmierungsart","embeddable":true,"href":"https:\/\/feuerwehr-espenau.de\/index.php\/wp-json\/wp\/v2\/alarmierungsart?post=3482"},{"taxonomy":"evw_unit","embeddable":true,"href":"https:\/\/feuerwehr-espenau.de\/index.php\/wp-json\/wp\/v2\/evw_unit?post=3482"}],"curies":[{"name":"wp","href":"https:\/\/api.w.org\/{rel}","templated":true}]}}