{"id":3487,"date":"2025-11-22T10:35:00","date_gmt":"2025-11-22T09:35:00","guid":{"rendered":"https:\/\/feuerwehr-espenau.de\/?post_type=einsatz&#038;p=3487"},"modified":"2025-11-24T17:29:15","modified_gmt":"2025-11-24T16:29:15","slug":"h1-verkehrsunfall-10","status":"publish","type":"einsatz","link":"https:\/\/feuerwehr-espenau.de\/index.php\/einsatzberichte\/h1-verkehrsunfall-10\/","title":{"rendered":"H1 \/ Wildunfall"},"content":{"rendered":"<p>\n        <strong>Datum:<\/strong> 22.11.2025<br \/>\n        <strong>Einsatznummer:<\/strong> 49-2025<br \/>\n\t<strong>Alarmzeit:<\/strong> 10:35 Uhr<br \/>\n\t<strong>Alarmierungsart:<\/strong> Alamos, Pager<br \/>\n\t<strong>Art: <\/strong><span style=\"color: #1e73be\">Technische Hilfeleistung<\/span><br \/>\n\t<strong>Einsatzort:<\/strong> Espenau-Sch\u00e4ferberg, B7<\/p>\n<p>\t<strong>Fahrzeuge:<\/strong> <a href=\"https:\/\/feuerwehr-espenau.de\/index.php\/ueber-uns\/fahrzeuge\/hilfeleistungsloeschgruppenfahrzeug\/\" title=\"Mehr Informationen zu Hilfeleistungsl\u00f6schgruppenfahrzeug 20\/16\">Hilfeleistungsl\u00f6schgruppenfahrzeug 20\/16<\/a>, <a href=\"https:\/\/feuerwehr-espenau.de\/index.php\/ueber-uns\/fahrzeuge\/geraetewagen-logistik-1\/\" title=\"Mehr Informationen zu Ger\u00e4tewagen Logistik 1\">Ger\u00e4tewagen Logistik 1<\/a>, <a href=\"https:\/\/feuerwehr-espenau.de\/index.php\/ueber-uns\/fahrzeuge\/mannschaftstransportfahrzeug\/\" title=\"Mehr Informationen zu Mannschaftstransportfahrzeug\">Mannschaftstransportfahrzeug<\/a><\/p>\n<p>\t<strong>Weitere Kr\u00e4fte:<\/strong> <a href=\"https:\/\/ppnh.polizei.hessen.de\/Startseite\/\" title=\"Mehr Informationen zu Polizei\" target=\"_blank\">Polizei<\/a>\n<\/p>\n<hr>\n<h2>Einsatzbericht:<\/h2>\n<p>Am 22 November, kam es auf der B7 zu einem Unfall, in dem auch ein Wildschwein verwickelt war. Nach dem Zusammensto\u00df verlor das Fahrzeug Betriebsmittel und Tr\u00fcmmerteile, welche sich \u00fcber die Fahrbahn verteilten. Wir sicherten die Unfallstelle w\u00e4hrend der Unfallaufnahme der Polizei Nordhessen ab und s\u00e4uberten die Fahrbahn.<br \/><\/p>\n","protected":false},"author":2,"featured_media":0,"template":"","meta":{"einsatz_weight":1,"footnotes":""},"categories":[],"einsatzart":[25],"fahrzeug":[15,16,84],"exteinsatzmittel":[21],"alarmierungsart":[77,38],"evw_unit":[],"class_list":["post-3487","einsatz","type-einsatz","status-publish","hentry","einsatzart-technische-hilfeleistung","fahrzeug-gw-l","fahrzeug-hlf","fahrzeug-mannschaftstransportfahrzeug","exteinsatzmittel-polizei","alarmierungsart-alamos","alarmierungsart-pager"],"_links":{"self":[{"href":"https:\/\/feuerwehr-espenau.de\/index.php\/wp-json\/wp\/v2\/einsatz\/3487","targetHints":{"allow":["GET"]}}],"collection":[{"href":"https:\/\/feuerwehr-espenau.de\/index.php\/wp-json\/wp\/v2\/einsatz"}],"about":[{"href":"https:\/\/feuerwehr-espenau.de\/index.php\/wp-json\/wp\/v2\/types\/einsatz"}],"author":[{"embeddable":true,"href":"https:\/\/feuerwehr-espenau.de\/index.php\/wp-json\/wp\/v2\/users\/2"}],"version-history":[{"count":3,"href":"https:\/\/feuerwehr-espenau.de\/index.php\/wp-json\/wp\/v2\/einsatz\/3487\/revisions"}],"predecessor-version":[{"id":3493,"href":"https:\/\/feuerwehr-espenau.de\/index.php\/wp-json\/wp\/v2\/einsatz\/3487\/revisions\/3493"}],"wp:attachment":[{"href":"https:\/\/feuerwehr-espenau.de\/index.php\/wp-json\/wp\/v2\/media?parent=3487"}],"wp:term":[{"taxonomy":"category","embeddable":true,"href":"https:\/\/feuerwehr-espenau.de\/index.php\/wp-json\/wp\/v2\/categories?post=3487"},{"taxonomy":"einsatzart","embeddable":true,"href":"https:\/\/feuerwehr-espenau.de\/index.php\/wp-json\/wp\/v2\/einsatzart?post=3487"},{"taxonomy":"fahrzeug","embeddable":true,"href":"https:\/\/feuerwehr-espenau.de\/index.php\/wp-json\/wp\/v2\/fahrzeug?post=3487"},{"taxonomy":"exteinsatzmittel","embeddable":true,"href":"https:\/\/feuerwehr-espenau.de\/index.php\/wp-json\/wp\/v2\/exteinsatzmittel?post=3487"},{"taxonomy":"alarmierungsart","embeddable":true,"href":"https:\/\/feuerwehr-espenau.de\/index.php\/wp-json\/wp\/v2\/alarmierungsart?post=3487"},{"taxonomy":"evw_unit","embeddable":true,"href":"https:\/\/feuerwehr-espenau.de\/index.php\/wp-json\/wp\/v2\/evw_unit?post=3487"}],"curies":[{"name":"wp","href":"https:\/\/api.w.org\/{rel}","templated":true}]}}