{"id":768,"date":"2018-01-03T10:01:00","date_gmt":"2018-01-03T09:01:00","guid":{"rendered":"http:\/\/feuerwehr-espenau.eu\/?post_type=einsatz&#038;p=768"},"modified":"2018-04-20T18:22:24","modified_gmt":"2018-04-20T16:22:24","slug":"baum-auf-strasse","status":"publish","type":"einsatz","link":"https:\/\/feuerwehr-espenau.de\/index.php\/einsatzberichte\/baum-auf-strasse\/","title":{"rendered":"Baum auf Stra\u00dfe"},"content":{"rendered":"<p>\n        <strong>Datum:<\/strong> 03.01.2018<br \/>\n        <strong>Einsatznummer:<\/strong> 02-2018<br \/>\n\t<strong>Alarmzeit:<\/strong> 10:01 Uhr<br \/>\n\t<strong>Alarmierungsart:<\/strong> Vollalarm<br \/>\n\t<strong>Art: <\/strong><span style=\"color: #1e73be\">Technische Hilfeleistung<\/span><br \/>\n\t<strong>Einsatzort:<\/strong> Espenau-Hohenkirchen<\/p>\n<p>\t<strong>Fahrzeuge:<\/strong> <a href=\"https:\/\/feuerwehr-espenau.de\/index.php\/ueber-uns\/fahrzeuge\/hilfeleistungsloeschgruppenfahrzeug\/\" title=\"Mehr Informationen zu Hilfeleistungsl\u00f6schgruppenfahrzeug 20\/16\">Hilfeleistungsl\u00f6schgruppenfahrzeug 20\/16<\/a><\/p>\n<p>\t<strong>Weitere Kr\u00e4fte:<\/strong>\n<\/p>\n<hr>\n<h2>Einsatzbericht:<\/h2>\n<p>Sturmtief Burglind erforderte am 03.01.18 um 10:01 Uhr auch den Einsatz der Feuerwehr Espenau. Auf der Landstra\u00dfe L3386 zwischen Immenhausen und Espenau war ein Baum umgest\u00fcrzt und lag quer \u00fcber beide Fahrspuren. Bei Ankunft des ersten Fahrzeuges der Feuerwehr Espenau stellte sich heraus, dass ein Eingreifen nicht erforderlich war, da bereits die Stra\u00dfenmeisterei dabei war, den Baum zu beseitigen. Somit konnten die Einsatzkr\u00e4fte der FF Espenau umgehend wieder einr\u00fccken.<br \/><\/p>\n","protected":false},"author":2,"featured_media":0,"template":"","meta":{"einsatz_weight":1,"footnotes":""},"categories":[],"einsatzart":[25],"fahrzeug":[16],"exteinsatzmittel":[],"alarmierungsart":[31],"evw_unit":[],"class_list":["post-768","einsatz","type-einsatz","status-publish","hentry","einsatzart-technische-hilfeleistung","fahrzeug-hlf","alarmierungsart-vollalarm"],"_links":{"self":[{"href":"https:\/\/feuerwehr-espenau.de\/index.php\/wp-json\/wp\/v2\/einsatz\/768","targetHints":{"allow":["GET"]}}],"collection":[{"href":"https:\/\/feuerwehr-espenau.de\/index.php\/wp-json\/wp\/v2\/einsatz"}],"about":[{"href":"https:\/\/feuerwehr-espenau.de\/index.php\/wp-json\/wp\/v2\/types\/einsatz"}],"author":[{"embeddable":true,"href":"https:\/\/feuerwehr-espenau.de\/index.php\/wp-json\/wp\/v2\/users\/2"}],"version-history":[{"count":1,"href":"https:\/\/feuerwehr-espenau.de\/index.php\/wp-json\/wp\/v2\/einsatz\/768\/revisions"}],"predecessor-version":[{"id":769,"href":"https:\/\/feuerwehr-espenau.de\/index.php\/wp-json\/wp\/v2\/einsatz\/768\/revisions\/769"}],"wp:attachment":[{"href":"https:\/\/feuerwehr-espenau.de\/index.php\/wp-json\/wp\/v2\/media?parent=768"}],"wp:term":[{"taxonomy":"category","embeddable":true,"href":"https:\/\/feuerwehr-espenau.de\/index.php\/wp-json\/wp\/v2\/categories?post=768"},{"taxonomy":"einsatzart","embeddable":true,"href":"https:\/\/feuerwehr-espenau.de\/index.php\/wp-json\/wp\/v2\/einsatzart?post=768"},{"taxonomy":"fahrzeug","embeddable":true,"href":"https:\/\/feuerwehr-espenau.de\/index.php\/wp-json\/wp\/v2\/fahrzeug?post=768"},{"taxonomy":"exteinsatzmittel","embeddable":true,"href":"https:\/\/feuerwehr-espenau.de\/index.php\/wp-json\/wp\/v2\/exteinsatzmittel?post=768"},{"taxonomy":"alarmierungsart","embeddable":true,"href":"https:\/\/feuerwehr-espenau.de\/index.php\/wp-json\/wp\/v2\/alarmierungsart?post=768"},{"taxonomy":"evw_unit","embeddable":true,"href":"https:\/\/feuerwehr-espenau.de\/index.php\/wp-json\/wp\/v2\/evw_unit?post=768"}],"curies":[{"name":"wp","href":"https:\/\/api.w.org\/{rel}","templated":true}]}}