{"id":85,"date":"2017-08-07T16:12:57","date_gmt":"2017-08-07T16:12:57","guid":{"rendered":"https:\/\/sascha-sippel.de\/beispielseite\/?page_id=85"},"modified":"2025-10-20T08:31:19","modified_gmt":"2025-10-20T06:31:19","slug":"einsaetze","status":"publish","type":"page","link":"https:\/\/feuerwehr-espenau.de\/index.php\/einsaetze\/","title":{"rendered":"Aktuelle Eins\u00e4tze"},"content":{"rendered":"<h2>Eins\u00e4tze 2026<\/h2><table class=\"einsatzverwaltung-reportlist\"><tbody><tr class=\"einsatz-title-month\"><td colspan=\"6\">August<\/td><\/tr><tr class=\"einsatz-header\"><th style=\"white-space: nowrap;\">Nummer<\/th><th style=\"white-space: nowrap;\">Datum<\/th><th style=\"white-space: nowrap;\">Uhrzeit<\/th><th style=\"\">Einsatzmeldung<\/th><th style=\"\">Einsatzort<\/th><th style=\"\">Alarmierungsart<\/th><\/tr><tr class=\"report\"><td class=\"smallscreen\" colspan=\"6\" data-permalink=\"https:\/\/feuerwehr-espenau.de\/index.php\/einsatzberichte\/h1y-tueroeffnung-32\/\"><span class=\"einsatz-number\"><strong>Nummer:<\/strong> 25-2026<\/span><br><span class=\"einsatz-date\"><strong>Datum:<\/strong> 28.08.2026<\/span><br><span class=\"einsatz-time\"><strong>Uhrzeit:<\/strong> 14:32<\/span><br><span class=\"einsatz-title\"><strong>Einsatzmeldung:<\/strong> <a href=\"https:\/\/feuerwehr-espenau.de\/index.php\/einsatzberichte\/h1y-tueroeffnung-32\/\" rel=\"bookmark\">H1Y \/ T\u00fcr\u00f6ffnung<\/a><\/span><br><span class=\"einsatz-location\"><strong>Einsatzort:<\/strong> Espenau-Sch\u00e4ferberg<\/span><br><span class=\"einsatz-alarmType\"><strong>Alarmierungsart:<\/strong> Vollalarm<\/span><br><\/td><td class=\"einsatz-column-number\">25-2026<\/td><td class=\"einsatz-column-date\">28.08.2026<\/td><td class=\"einsatz-column-time\">14:32<\/td><td class=\"einsatz-column-title\"><a href=\"https:\/\/feuerwehr-espenau.de\/index.php\/einsatzberichte\/h1y-tueroeffnung-32\/\" rel=\"bookmark\">H1Y \/ T\u00fcr\u00f6ffnung<\/a><\/td><td class=\"einsatz-column-location\">Espenau-Sch\u00e4ferberg<\/td><td class=\"einsatz-column-alarmType\">Vollalarm<\/td><\/tr><tr class=\"report\"><td class=\"smallscreen\" colspan=\"6\" data-permalink=\"https:\/\/feuerwehr-espenau.de\/index.php\/einsatzberichte\/h1-oelspur-20\/\"><span class=\"einsatz-number\"><strong>Nummer:<\/strong> 24-2026<\/span><br><span class=\"einsatz-date\"><strong>Datum:<\/strong> 18.08.2026<\/span><br><span class=\"einsatz-time\"><strong>Uhrzeit:<\/strong> 17:28<\/span><br><span class=\"einsatz-title\"><strong>Einsatzmeldung:<\/strong> <a href=\"https:\/\/feuerwehr-espenau.de\/index.php\/einsatzberichte\/h1-oelspur-20\/\" rel=\"bookmark\">H1 \/ \u00d6lspur<\/a><\/span><br><span class=\"einsatz-location\"><strong>Einsatzort:<\/strong> Espenau-M\u00f6nchehof<\/span><br><span class=\"einsatz-alarmType\"><strong>Alarmierungsart:<\/strong> Vollalarm<\/span><br><\/td><td class=\"einsatz-column-number\">24-2026<\/td><td class=\"einsatz-column-date\">18.08.2026<\/td><td class=\"einsatz-column-time\">17:28<\/td><td class=\"einsatz-column-title\"><a href=\"https:\/\/feuerwehr-espenau.de\/index.php\/einsatzberichte\/h1-oelspur-20\/\" rel=\"bookmark\">H1 \/ \u00d6lspur<\/a><\/td><td class=\"einsatz-column-location\">Espenau-M\u00f6nchehof<\/td><td class=\"einsatz-column-alarmType\">Vollalarm<\/td><\/tr><tr class=\"report\"><td class=\"smallscreen\" colspan=\"6\" data-permalink=\"https:\/\/feuerwehr-espenau.de\/index.php\/einsatzberichte\/f2y-brand-in-gebaeude-8\/\"><span class=\"einsatz-number\"><strong>Nummer:<\/strong> 23-2026<\/span><br><span class=\"einsatz-date\"><strong>Datum:<\/strong> 13.08.2026<\/span><br><span class=\"einsatz-time\"><strong>Uhrzeit:<\/strong> 12:51<\/span><br><span class=\"einsatz-title\"><strong>Einsatzmeldung:<\/strong> <a href=\"https:\/\/feuerwehr-espenau.de\/index.php\/einsatzberichte\/f2y-brand-in-gebaeude-8\/\" rel=\"bookmark\">F2Y \/ Brand in Geb\u00e4ude<\/a><\/span><br><span class=\"einsatz-location\"><strong>Einsatzort:<\/strong> Immenhausen<\/span><br><span class=\"einsatz-alarmType\"><strong>Alarmierungsart:<\/strong> Vollalarm<\/span><br><\/td><td class=\"einsatz-column-number\">23-2026<\/td><td class=\"einsatz-column-date\">13.08.2026<\/td><td class=\"einsatz-column-time\">12:51<\/td><td class=\"einsatz-column-title\"><a href=\"https:\/\/feuerwehr-espenau.de\/index.php\/einsatzberichte\/f2y-brand-in-gebaeude-8\/\" rel=\"bookmark\">F2Y \/ Brand in Geb\u00e4ude<\/a><\/td><td class=\"einsatz-column-location\">Immenhausen<\/td><td class=\"einsatz-column-alarmType\">Vollalarm<\/td><\/tr><tr class=\"report\"><td class=\"smallscreen\" colspan=\"6\" data-permalink=\"https:\/\/feuerwehr-espenau.de\/index.php\/einsatzberichte\/h1y-tueroeffnung-31\/\"><span class=\"einsatz-number\"><strong>Nummer:<\/strong> 22-2026<\/span><br><span class=\"einsatz-date\"><strong>Datum:<\/strong> 13.08.2026<\/span><br><span class=\"einsatz-time\"><strong>Uhrzeit:<\/strong> 11:34<\/span><br><span class=\"einsatz-title\"><strong>Einsatzmeldung:<\/strong> <a href=\"https:\/\/feuerwehr-espenau.de\/index.php\/einsatzberichte\/h1y-tueroeffnung-31\/\" rel=\"bookmark\">H1Y \/ T\u00fcr\u00f6ffnung<\/a><\/span><br><span class=\"einsatz-location\"><strong>Einsatzort:<\/strong> Espenau-Sch\u00e4ferberg<\/span><br><span class=\"einsatz-alarmType\"><strong>Alarmierungsart:<\/strong> Vollalarm<\/span><br><\/td><td class=\"einsatz-column-number\">22-2026<\/td><td class=\"einsatz-column-date\">13.08.2026<\/td><td class=\"einsatz-column-time\">11:34<\/td><td class=\"einsatz-column-title\"><a href=\"https:\/\/feuerwehr-espenau.de\/index.php\/einsatzberichte\/h1y-tueroeffnung-31\/\" rel=\"bookmark\">H1Y \/ T\u00fcr\u00f6ffnung<\/a><\/td><td class=\"einsatz-column-location\">Espenau-Sch\u00e4ferberg<\/td><td class=\"einsatz-column-alarmType\">Vollalarm<\/td><\/tr><tr class=\"report\"><td class=\"smallscreen\" colspan=\"6\" data-permalink=\"https:\/\/feuerwehr-espenau.de\/index.php\/einsatzberichte\/fwald-2-waldbrand\/\"><span class=\"einsatz-number\"><strong>Nummer:<\/strong> 21-2026<\/span><br><span class=\"einsatz-date\"><strong>Datum:<\/strong> 12.08.2026<\/span><br><span class=\"einsatz-time\"><strong>Uhrzeit:<\/strong> 15:44<\/span><br><span class=\"einsatz-title\"><strong>Einsatzmeldung:<\/strong> <a href=\"https:\/\/feuerwehr-espenau.de\/index.php\/einsatzberichte\/fwald-2-waldbrand\/\" rel=\"bookmark\">FWald2 \/ Waldbrand (IuK-Gruppe)<\/a><\/span><br><span class=\"einsatz-location\"><strong>Einsatzort:<\/strong> Kaufungen<\/span><br><span class=\"einsatz-alarmType\"><strong>Alarmierungsart:<\/strong> Alamos, Pager<\/span><br><\/td><td class=\"einsatz-column-number\">21-2026<\/td><td class=\"einsatz-column-date\">12.08.2026<\/td><td class=\"einsatz-column-time\">15:44<\/td><td class=\"einsatz-column-title\"><a href=\"https:\/\/feuerwehr-espenau.de\/index.php\/einsatzberichte\/fwald-2-waldbrand\/\" rel=\"bookmark\">FWald2 \/ Waldbrand (IuK-Gruppe)<\/a><\/td><td class=\"einsatz-column-location\">Kaufungen<\/td><td class=\"einsatz-column-alarmType\">Alamos, Pager<\/td><\/tr><tr class=\"report\"><td class=\"smallscreen\" colspan=\"6\" data-permalink=\"https:\/\/feuerwehr-espenau.de\/index.php\/einsatzberichte\/frwm-ausgeloester-funkrauchwarnmelder\/\"><span class=\"einsatz-number\"><strong>Nummer:<\/strong> 20-2026<\/span><br><span class=\"einsatz-date\"><strong>Datum:<\/strong> 06.08.2026<\/span><br><span class=\"einsatz-time\"><strong>Uhrzeit:<\/strong> 20:02<\/span><br><span class=\"einsatz-title\"><strong>Einsatzmeldung:<\/strong> <a href=\"https:\/\/feuerwehr-espenau.de\/index.php\/einsatzberichte\/frwm-ausgeloester-funkrauchwarnmelder\/\" rel=\"bookmark\">FRWM \/ ausgel\u00f6ster Rauchwarnmelder<\/a><\/span><br><span class=\"einsatz-location\"><strong>Einsatzort:<\/strong> Espenau-M\u00f6nchehof<\/span><br><span class=\"einsatz-alarmType\"><strong>Alarmierungsart:<\/strong> Alamos, Pager<\/span><br><\/td><td class=\"einsatz-column-number\">20-2026<\/td><td class=\"einsatz-column-date\">06.08.2026<\/td><td class=\"einsatz-column-time\">20:02<\/td><td class=\"einsatz-column-title\"><a href=\"https:\/\/feuerwehr-espenau.de\/index.php\/einsatzberichte\/frwm-ausgeloester-funkrauchwarnmelder\/\" rel=\"bookmark\">FRWM \/ ausgel\u00f6ster Rauchwarnmelder<\/a><\/td><td class=\"einsatz-column-location\">Espenau-M\u00f6nchehof<\/td><td class=\"einsatz-column-alarmType\">Alamos, Pager<\/td><\/tr><tr class=\"report\"><td class=\"smallscreen\" colspan=\"6\" data-permalink=\"https:\/\/feuerwehr-espenau.de\/index.php\/einsatzberichte\/f2-ausgeloester-heimrauchwarnmelder\/\"><span class=\"einsatz-number\"><strong>Nummer:<\/strong> 19-2026<\/span><br><span class=\"einsatz-date\"><strong>Datum:<\/strong> 05.08.2026<\/span><br><span class=\"einsatz-time\"><strong>Uhrzeit:<\/strong> 18:09<\/span><br><span class=\"einsatz-title\"><strong>Einsatzmeldung:<\/strong> <a href=\"https:\/\/feuerwehr-espenau.de\/index.php\/einsatzberichte\/f2-ausgeloester-heimrauchwarnmelder\/\" rel=\"bookmark\">F2 \/ Essen auf Herd<\/a><\/span><br><span class=\"einsatz-location\"><strong>Einsatzort:<\/strong> Immenhausen-Holzhausen<\/span><br><span class=\"einsatz-alarmType\"><strong>Alarmierungsart:<\/strong> Alamos, Pager<\/span><br><\/td><td class=\"einsatz-column-number\">19-2026<\/td><td class=\"einsatz-column-date\">05.08.2026<\/td><td class=\"einsatz-column-time\">18:09<\/td><td class=\"einsatz-column-title\"><a href=\"https:\/\/feuerwehr-espenau.de\/index.php\/einsatzberichte\/f2-ausgeloester-heimrauchwarnmelder\/\" rel=\"bookmark\">F2 \/ Essen auf Herd<\/a><\/td><td class=\"einsatz-column-location\">Immenhausen-Holzhausen<\/td><td class=\"einsatz-column-alarmType\">Alamos, Pager<\/td><\/tr><tr class=\"zebracorrection\"><td colspan=\"6\">&nbsp;<\/td><\/tr><tr class=\"einsatz-title-month\"><td colspan=\"6\">Juli<\/td><\/tr><tr class=\"einsatz-header\"><th style=\"white-space: nowrap;\">Nummer<\/th><th style=\"white-space: nowrap;\">Datum<\/th><th style=\"white-space: nowrap;\">Uhrzeit<\/th><th style=\"\">Einsatzmeldung<\/th><th style=\"\">Einsatzort<\/th><th style=\"\">Alarmierungsart<\/th><\/tr><tr class=\"report\"><td class=\"smallscreen\" colspan=\"6\" data-permalink=\"https:\/\/feuerwehr-espenau.de\/index.php\/einsatzberichte\/flkw-fwald2-brennt-wald\/\"><span class=\"einsatz-number\"><strong>Nummer:<\/strong> 18-2026<\/span><br><span class=\"einsatz-date\"><strong>Datum:<\/strong> 30.07.2026<\/span><br><span class=\"einsatz-time\"><strong>Uhrzeit:<\/strong> 15:26<\/span><br><span class=\"einsatz-title\"><strong>Einsatzmeldung:<\/strong> <a href=\"https:\/\/feuerwehr-espenau.de\/index.php\/einsatzberichte\/flkw-fwald2-brennt-wald\/\" rel=\"bookmark\">FLKW, FWald2 \/ brennt Wald (IuK-Gruppe)<\/a><\/span><br><span class=\"einsatz-location\"><strong>Einsatzort:<\/strong> Wolfhagen<\/span><br><span class=\"einsatz-alarmType\"><strong>Alarmierungsart:<\/strong> Alamos, Pager<\/span><br><\/td><td class=\"einsatz-column-number\">18-2026<\/td><td class=\"einsatz-column-date\">30.07.2026<\/td><td class=\"einsatz-column-time\">15:26<\/td><td class=\"einsatz-column-title\"><a href=\"https:\/\/feuerwehr-espenau.de\/index.php\/einsatzberichte\/flkw-fwald2-brennt-wald\/\" rel=\"bookmark\">FLKW, FWald2 \/ brennt Wald (IuK-Gruppe)<\/a><\/td><td class=\"einsatz-column-location\">Wolfhagen<\/td><td class=\"einsatz-column-alarmType\">Alamos, Pager<\/td><\/tr><tr class=\"report\"><td class=\"smallscreen\" colspan=\"6\" data-permalink=\"https:\/\/feuerwehr-espenau.de\/index.php\/einsatzberichte\/h1y-tueroeffnung-30\/\"><span class=\"einsatz-number\"><strong>Nummer:<\/strong> 17-2026<\/span><br><span class=\"einsatz-date\"><strong>Datum:<\/strong> 27.07.2026<\/span><br><span class=\"einsatz-time\"><strong>Uhrzeit:<\/strong> 16:25<\/span><br><span class=\"einsatz-title\"><strong>Einsatzmeldung:<\/strong> <a href=\"https:\/\/feuerwehr-espenau.de\/index.php\/einsatzberichte\/h1y-tueroeffnung-30\/\" rel=\"bookmark\">H1Y \/ T\u00fcr\u00f6ffnung<\/a><\/span><br><span class=\"einsatz-location\"><strong>Einsatzort:<\/strong> Espenau-M\u00f6nchehof<\/span><br><span class=\"einsatz-alarmType\"><strong>Alarmierungsart:<\/strong> Vollalarm<\/span><br><\/td><td class=\"einsatz-column-number\">17-2026<\/td><td class=\"einsatz-column-date\">27.07.2026<\/td><td class=\"einsatz-column-time\">16:25<\/td><td class=\"einsatz-column-title\"><a href=\"https:\/\/feuerwehr-espenau.de\/index.php\/einsatzberichte\/h1y-tueroeffnung-30\/\" rel=\"bookmark\">H1Y \/ T\u00fcr\u00f6ffnung<\/a><\/td><td class=\"einsatz-column-location\">Espenau-M\u00f6nchehof<\/td><td class=\"einsatz-column-alarmType\">Vollalarm<\/td><\/tr><tr class=\"report\"><td class=\"smallscreen\" colspan=\"6\" data-permalink=\"https:\/\/feuerwehr-espenau.de\/index.php\/einsatzberichte\/f3-grossbrand-iuk\/\"><span class=\"einsatz-number\"><strong>Nummer:<\/strong> 16-2026<\/span><br><span class=\"einsatz-date\"><strong>Datum:<\/strong> 26.07.2026<\/span><br><span class=\"einsatz-time\"><strong>Uhrzeit:<\/strong> 19:23<\/span><br><span class=\"einsatz-title\"><strong>Einsatzmeldung:<\/strong> <a href=\"https:\/\/feuerwehr-espenau.de\/index.php\/einsatzberichte\/f3-grossbrand-iuk\/\" rel=\"bookmark\">F3 \/ Gro\u00dfbrand (IuK-Gruppe)<\/a><\/span><br><span class=\"einsatz-location\"><strong>Einsatzort:<\/strong> Hofgeismar<\/span><br><span class=\"einsatz-alarmType\"><strong>Alarmierungsart:<\/strong> Alamos, Pager<\/span><br><\/td><td class=\"einsatz-column-number\">16-2026<\/td><td class=\"einsatz-column-date\">26.07.2026<\/td><td class=\"einsatz-column-time\">19:23<\/td><td class=\"einsatz-column-title\"><a href=\"https:\/\/feuerwehr-espenau.de\/index.php\/einsatzberichte\/f3-grossbrand-iuk\/\" rel=\"bookmark\">F3 \/ Gro\u00dfbrand (IuK-Gruppe)<\/a><\/td><td class=\"einsatz-column-location\">Hofgeismar<\/td><td class=\"einsatz-column-alarmType\">Alamos, Pager<\/td><\/tr><tr class=\"report\"><td class=\"smallscreen\" colspan=\"6\" data-permalink=\"https:\/\/feuerwehr-espenau.de\/index.php\/einsatzberichte\/f2-dachstuhlbrand-2\/\"><span class=\"einsatz-number\"><strong>Nummer:<\/strong> 15-2025<\/span><br><span class=\"einsatz-date\"><strong>Datum:<\/strong> 24.07.2026<\/span><br><span class=\"einsatz-time\"><strong>Uhrzeit:<\/strong> 15:36<\/span><br><span class=\"einsatz-title\"><strong>Einsatzmeldung:<\/strong> <a href=\"https:\/\/feuerwehr-espenau.de\/index.php\/einsatzberichte\/f2-dachstuhlbrand-2\/\" rel=\"bookmark\">F2 \/ Dachstuhlbrand<\/a><\/span><br><span class=\"einsatz-location\"><strong>Einsatzort:<\/strong> Espenau-M\u00f6nchehof<\/span><br><span class=\"einsatz-alarmType\"><strong>Alarmierungsart:<\/strong> Vollalarm<\/span><br><\/td><td class=\"einsatz-column-number\">15-2025<\/td><td class=\"einsatz-column-date\">24.07.2026<\/td><td class=\"einsatz-column-time\">15:36<\/td><td class=\"einsatz-column-title\"><a href=\"https:\/\/feuerwehr-espenau.de\/index.php\/einsatzberichte\/f2-dachstuhlbrand-2\/\" rel=\"bookmark\">F2 \/ Dachstuhlbrand<\/a><\/td><td class=\"einsatz-column-location\">Espenau-M\u00f6nchehof<\/td><td class=\"einsatz-column-alarmType\">Vollalarm<\/td><\/tr><tr class=\"report\"><td class=\"smallscreen\" colspan=\"6\" data-permalink=\"https:\/\/feuerwehr-espenau.de\/index.php\/einsatzberichte\/h1y-tueroeffnung-29\/\"><span class=\"einsatz-number\"><strong>Nummer:<\/strong> 14-2026<\/span><br><span class=\"einsatz-date\"><strong>Datum:<\/strong> 22.07.2026<\/span><br><span class=\"einsatz-time\"><strong>Uhrzeit:<\/strong> 23:09<\/span><br><span class=\"einsatz-title\"><strong>Einsatzmeldung:<\/strong> <a href=\"https:\/\/feuerwehr-espenau.de\/index.php\/einsatzberichte\/h1y-tueroeffnung-29\/\" rel=\"bookmark\">H1Y \/ T\u00fcr\u00f6ffnung<\/a><\/span><br><span class=\"einsatz-location\"><strong>Einsatzort:<\/strong> Espenau-Sch\u00e4ferberg<\/span><br><span class=\"einsatz-alarmType\"><strong>Alarmierungsart:<\/strong> Vollalarm<\/span><br><\/td><td class=\"einsatz-column-number\">14-2026<\/td><td class=\"einsatz-column-date\">22.07.2026<\/td><td class=\"einsatz-column-time\">23:09<\/td><td class=\"einsatz-column-title\"><a href=\"https:\/\/feuerwehr-espenau.de\/index.php\/einsatzberichte\/h1y-tueroeffnung-29\/\" rel=\"bookmark\">H1Y \/ T\u00fcr\u00f6ffnung<\/a><\/td><td class=\"einsatz-column-location\">Espenau-Sch\u00e4ferberg<\/td><td class=\"einsatz-column-alarmType\">Vollalarm<\/td><\/tr><tr class=\"zebracorrection\"><td colspan=\"6\">&nbsp;<\/td><\/tr><tr class=\"einsatz-title-month\"><td colspan=\"6\">Juni<\/td><\/tr><tr class=\"einsatz-header\"><th style=\"white-space: nowrap;\">Nummer<\/th><th style=\"white-space: nowrap;\">Datum<\/th><th style=\"white-space: nowrap;\">Uhrzeit<\/th><th style=\"\">Einsatzmeldung<\/th><th style=\"\">Einsatzort<\/th><th style=\"\">Alarmierungsart<\/th><\/tr><tr class=\"report\"><td class=\"smallscreen\" colspan=\"6\" data-permalink=\"https:\/\/feuerwehr-espenau.de\/index.php\/einsatzberichte\/h1-verkehrsunfall-11\/\"><span class=\"einsatz-number\"><strong>Nummer:<\/strong> 13-2026<\/span><br><span class=\"einsatz-date\"><strong>Datum:<\/strong> 13.06.2026<\/span><br><span class=\"einsatz-time\"><strong>Uhrzeit:<\/strong> 09:58<\/span><br><span class=\"einsatz-title\"><strong>Einsatzmeldung:<\/strong> <a href=\"https:\/\/feuerwehr-espenau.de\/index.php\/einsatzberichte\/h1-verkehrsunfall-11\/\" rel=\"bookmark\">H1 \/ Verkehrsunfall<\/a><\/span><br><span class=\"einsatz-location\"><strong>Einsatzort:<\/strong> Espenau-Auf der Heide<\/span><br><span class=\"einsatz-alarmType\"><strong>Alarmierungsart:<\/strong> Alamos, Pager<\/span><br><\/td><td class=\"einsatz-column-number\">13-2026<\/td><td class=\"einsatz-column-date\">13.06.2026<\/td><td class=\"einsatz-column-time\">09:58<\/td><td class=\"einsatz-column-title\"><a href=\"https:\/\/feuerwehr-espenau.de\/index.php\/einsatzberichte\/h1-verkehrsunfall-11\/\" rel=\"bookmark\">H1 \/ Verkehrsunfall<\/a><\/td><td class=\"einsatz-column-location\">Espenau-Auf der Heide<\/td><td class=\"einsatz-column-alarmType\">Alamos, Pager<\/td><\/tr><tr class=\"report\"><td class=\"smallscreen\" colspan=\"6\" data-permalink=\"https:\/\/feuerwehr-espenau.de\/index.php\/einsatzberichte\/f2-dachstuhlbrand\/\"><span class=\"einsatz-number\"><strong>Nummer:<\/strong> 12-2026<\/span><br><span class=\"einsatz-date\"><strong>Datum:<\/strong> 10.06.2026<\/span><br><span class=\"einsatz-time\"><strong>Uhrzeit:<\/strong> 18:02<\/span><br><span class=\"einsatz-title\"><strong>Einsatzmeldung:<\/strong> <a href=\"https:\/\/feuerwehr-espenau.de\/index.php\/einsatzberichte\/f2-dachstuhlbrand\/\" rel=\"bookmark\">F2 \/ Dachstuhlbrand<\/a><\/span><br><span class=\"einsatz-location\"><strong>Einsatzort:<\/strong> Niestetal<\/span><br><span class=\"einsatz-alarmType\"><strong>Alarmierungsart:<\/strong> Alamos, Pager<\/span><br><\/td><td class=\"einsatz-column-number\">12-2026<\/td><td class=\"einsatz-column-date\">10.06.2026<\/td><td class=\"einsatz-column-time\">18:02<\/td><td class=\"einsatz-column-title\"><a href=\"https:\/\/feuerwehr-espenau.de\/index.php\/einsatzberichte\/f2-dachstuhlbrand\/\" rel=\"bookmark\">F2 \/ Dachstuhlbrand<\/a><\/td><td class=\"einsatz-column-location\">Niestetal<\/td><td class=\"einsatz-column-alarmType\">Alamos, Pager<\/td><\/tr><tr class=\"einsatz-title-month\"><td colspan=\"6\">Mai<\/td><\/tr><tr class=\"einsatz-header\"><th style=\"white-space: nowrap;\">Nummer<\/th><th style=\"white-space: nowrap;\">Datum<\/th><th style=\"white-space: nowrap;\">Uhrzeit<\/th><th style=\"\">Einsatzmeldung<\/th><th style=\"\">Einsatzort<\/th><th style=\"\">Alarmierungsart<\/th><\/tr><tr class=\"report\"><td class=\"smallscreen\" colspan=\"6\" data-permalink=\"https:\/\/feuerwehr-espenau.de\/index.php\/einsatzberichte\/h1-oelspur-19\/\"><span class=\"einsatz-number\"><strong>Nummer:<\/strong> 11-2026<\/span><br><span class=\"einsatz-date\"><strong>Datum:<\/strong> 28.05.2026<\/span><br><span class=\"einsatz-time\"><strong>Uhrzeit:<\/strong> 17:13<\/span><br><span class=\"einsatz-title\"><strong>Einsatzmeldung:<\/strong> <a href=\"https:\/\/feuerwehr-espenau.de\/index.php\/einsatzberichte\/h1-oelspur-19\/\" rel=\"bookmark\">H1 \/ \u00d6lspur<\/a><\/span><br><span class=\"einsatz-location\"><strong>Einsatzort:<\/strong> Espenau-Sch\u00e4ferberg, B7<\/span><br><span class=\"einsatz-alarmType\"><strong>Alarmierungsart:<\/strong> Vollalarm<\/span><br><\/td><td class=\"einsatz-column-number\">11-2026<\/td><td class=\"einsatz-column-date\">28.05.2026<\/td><td class=\"einsatz-column-time\">17:13<\/td><td class=\"einsatz-column-title\"><a href=\"https:\/\/feuerwehr-espenau.de\/index.php\/einsatzberichte\/h1-oelspur-19\/\" rel=\"bookmark\">H1 \/ \u00d6lspur<\/a><\/td><td class=\"einsatz-column-location\">Espenau-Sch\u00e4ferberg, B7<\/td><td class=\"einsatz-column-alarmType\">Vollalarm<\/td><\/tr><tr class=\"report\"><td class=\"smallscreen\" colspan=\"6\" data-permalink=\"https:\/\/feuerwehr-espenau.de\/index.php\/einsatzberichte\/h1y-tueroeffnung-28\/\"><span class=\"einsatz-number\"><strong>Nummer:<\/strong> 10-2026<\/span><br><span class=\"einsatz-date\"><strong>Datum:<\/strong> 01.05.2026<\/span><br><span class=\"einsatz-time\"><strong>Uhrzeit:<\/strong> 23:07<\/span><br><span class=\"einsatz-title\"><strong>Einsatzmeldung:<\/strong> <a href=\"https:\/\/feuerwehr-espenau.de\/index.php\/einsatzberichte\/h1y-tueroeffnung-28\/\" rel=\"bookmark\">H1Y \/ T\u00fcr\u00f6ffnung<\/a><\/span><br><span class=\"einsatz-location\"><strong>Einsatzort:<\/strong> Espenau-Hohenkirchen<\/span><br><span class=\"einsatz-alarmType\"><strong>Alarmierungsart:<\/strong> Vollalarm<\/span><br><\/td><td class=\"einsatz-column-number\">10-2026<\/td><td class=\"einsatz-column-date\">01.05.2026<\/td><td class=\"einsatz-column-time\">23:07<\/td><td class=\"einsatz-column-title\"><a href=\"https:\/\/feuerwehr-espenau.de\/index.php\/einsatzberichte\/h1y-tueroeffnung-28\/\" rel=\"bookmark\">H1Y \/ T\u00fcr\u00f6ffnung<\/a><\/td><td class=\"einsatz-column-location\">Espenau-Hohenkirchen<\/td><td class=\"einsatz-column-alarmType\">Vollalarm<\/td><\/tr><tr class=\"einsatz-title-month\"><td colspan=\"6\">April<\/td><\/tr><tr class=\"einsatz-header\"><th style=\"white-space: nowrap;\">Nummer<\/th><th style=\"white-space: nowrap;\">Datum<\/th><th style=\"white-space: nowrap;\">Uhrzeit<\/th><th style=\"\">Einsatzmeldung<\/th><th style=\"\">Einsatzort<\/th><th style=\"\">Alarmierungsart<\/th><\/tr><tr class=\"report\"><td class=\"smallscreen\" colspan=\"6\" data-permalink=\"https:\/\/feuerwehr-espenau.de\/index.php\/einsatzberichte\/h1-technische-hilfeleistung\/\"><span class=\"einsatz-number\"><strong>Nummer:<\/strong> 09-2026<\/span><br><span class=\"einsatz-date\"><strong>Datum:<\/strong> 27.04.2026<\/span><br><span class=\"einsatz-time\"><strong>Uhrzeit:<\/strong> 20:26<\/span><br><span class=\"einsatz-title\"><strong>Einsatzmeldung:<\/strong> <a href=\"https:\/\/feuerwehr-espenau.de\/index.php\/einsatzberichte\/h1-technische-hilfeleistung\/\" rel=\"bookmark\">H1 \/ technische Hilfeleistung<\/a><\/span><br><span class=\"einsatz-location\"><strong>Einsatzort:<\/strong> Espenau-M\u00f6nchehof<\/span><br><span class=\"einsatz-alarmType\"><strong>Alarmierungsart:<\/strong> Alamos, Pager<\/span><br><\/td><td class=\"einsatz-column-number\">09-2026<\/td><td class=\"einsatz-column-date\">27.04.2026<\/td><td class=\"einsatz-column-time\">20:26<\/td><td class=\"einsatz-column-title\"><a href=\"https:\/\/feuerwehr-espenau.de\/index.php\/einsatzberichte\/h1-technische-hilfeleistung\/\" rel=\"bookmark\">H1 \/ technische Hilfeleistung<\/a><\/td><td class=\"einsatz-column-location\">Espenau-M\u00f6nchehof<\/td><td class=\"einsatz-column-alarmType\">Alamos, Pager<\/td><\/tr><tr class=\"report\"><td class=\"smallscreen\" colspan=\"6\" data-permalink=\"https:\/\/feuerwehr-espenau.de\/index.php\/einsatzberichte\/f1-kleinflaechenbrand\/\"><span class=\"einsatz-number\"><strong>Nummer:<\/strong> 08-2026<\/span><br><span class=\"einsatz-date\"><strong>Datum:<\/strong> 27.04.2026<\/span><br><span class=\"einsatz-time\"><strong>Uhrzeit:<\/strong> 18:24<\/span><br><span class=\"einsatz-title\"><strong>Einsatzmeldung:<\/strong> <a href=\"https:\/\/feuerwehr-espenau.de\/index.php\/einsatzberichte\/f1-kleinflaechenbrand\/\" rel=\"bookmark\">F1 \/ Kleinfl\u00e4chenbrand<\/a><\/span><br><span class=\"einsatz-location\"><strong>Einsatzort:<\/strong> Espenau-Hohenkirchen, K33<\/span><br><span class=\"einsatz-alarmType\"><strong>Alarmierungsart:<\/strong> Vollalarm<\/span><br><\/td><td class=\"einsatz-column-number\">08-2026<\/td><td class=\"einsatz-column-date\">27.04.2026<\/td><td class=\"einsatz-column-time\">18:24<\/td><td class=\"einsatz-column-title\"><a href=\"https:\/\/feuerwehr-espenau.de\/index.php\/einsatzberichte\/f1-kleinflaechenbrand\/\" rel=\"bookmark\">F1 \/ Kleinfl\u00e4chenbrand<\/a><\/td><td class=\"einsatz-column-location\">Espenau-Hohenkirchen, K33<\/td><td class=\"einsatz-column-alarmType\">Vollalarm<\/td><\/tr><tr class=\"report\"><td class=\"smallscreen\" colspan=\"6\" data-permalink=\"https:\/\/feuerwehr-espenau.de\/index.php\/einsatzberichte\/f3y-brand-in-gebaeude-mit-menschenleben-in-gefahr-iuk-gruppe-3\/\"><span class=\"einsatz-number\"><strong>Nummer:<\/strong> 07-2026<\/span><br><span class=\"einsatz-date\"><strong>Datum:<\/strong> 14.04.2026<\/span><br><span class=\"einsatz-time\"><strong>Uhrzeit:<\/strong> 22:27<\/span><br><span class=\"einsatz-title\"><strong>Einsatzmeldung:<\/strong> <a href=\"https:\/\/feuerwehr-espenau.de\/index.php\/einsatzberichte\/f3y-brand-in-gebaeude-mit-menschenleben-in-gefahr-iuk-gruppe-3\/\" rel=\"bookmark\">F3Y \/ Brand in Geb\u00e4ude mit Menschenleben in Gefahr (IuK-Gruppe)<\/a><\/span><br><span class=\"einsatz-location\"><strong>Einsatzort:<\/strong> Wolfhagen<\/span><br><span class=\"einsatz-alarmType\"><strong>Alarmierungsart:<\/strong> Alamos, Pager<\/span><br><\/td><td class=\"einsatz-column-number\">07-2026<\/td><td class=\"einsatz-column-date\">14.04.2026<\/td><td class=\"einsatz-column-time\">22:27<\/td><td class=\"einsatz-column-title\"><a href=\"https:\/\/feuerwehr-espenau.de\/index.php\/einsatzberichte\/f3y-brand-in-gebaeude-mit-menschenleben-in-gefahr-iuk-gruppe-3\/\" rel=\"bookmark\">F3Y \/ Brand in Geb\u00e4ude mit Menschenleben in Gefahr (IuK-Gruppe)<\/a><\/td><td class=\"einsatz-column-location\">Wolfhagen<\/td><td class=\"einsatz-column-alarmType\">Alamos, Pager<\/td><\/tr><tr class=\"report\"><td class=\"smallscreen\" colspan=\"6\" data-permalink=\"https:\/\/feuerwehr-espenau.de\/index.php\/einsatzberichte\/f1-muelleimerbrand\/\"><span class=\"einsatz-number\"><strong>Nummer:<\/strong> 06-2026<\/span><br><span class=\"einsatz-date\"><strong>Datum:<\/strong> 09.04.2026<\/span><br><span class=\"einsatz-time\"><strong>Uhrzeit:<\/strong> 15:57<\/span><br><span class=\"einsatz-title\"><strong>Einsatzmeldung:<\/strong> <a href=\"https:\/\/feuerwehr-espenau.de\/index.php\/einsatzberichte\/f1-muelleimerbrand\/\" rel=\"bookmark\">F1 \/ M\u00fclleimerbrand<\/a><\/span><br><span class=\"einsatz-location\"><strong>Einsatzort:<\/strong> Espenau-Sch\u00e4ferberg<\/span><br><span class=\"einsatz-alarmType\"><strong>Alarmierungsart:<\/strong> Vollalarm<\/span><br><\/td><td class=\"einsatz-column-number\">06-2026<\/td><td class=\"einsatz-column-date\">09.04.2026<\/td><td class=\"einsatz-column-time\">15:57<\/td><td class=\"einsatz-column-title\"><a href=\"https:\/\/feuerwehr-espenau.de\/index.php\/einsatzberichte\/f1-muelleimerbrand\/\" rel=\"bookmark\">F1 \/ M\u00fclleimerbrand<\/a><\/td><td class=\"einsatz-column-location\">Espenau-Sch\u00e4ferberg<\/td><td class=\"einsatz-column-alarmType\">Vollalarm<\/td><\/tr><tr class=\"einsatz-title-month\"><td colspan=\"6\">M\u00e4rz<\/td><\/tr><tr class=\"einsatz-header\"><th style=\"white-space: nowrap;\">Nummer<\/th><th style=\"white-space: nowrap;\">Datum<\/th><th style=\"white-space: nowrap;\">Uhrzeit<\/th><th style=\"\">Einsatzmeldung<\/th><th style=\"\">Einsatzort<\/th><th style=\"\">Alarmierungsart<\/th><\/tr><tr class=\"report\"><td class=\"smallscreen\" colspan=\"6\" data-permalink=\"https:\/\/feuerwehr-espenau.de\/index.php\/einsatzberichte\/h1-oelspur-18\/\"><span class=\"einsatz-number\"><strong>Nummer:<\/strong> 05-2026<\/span><br><span class=\"einsatz-date\"><strong>Datum:<\/strong> 28.03.2026<\/span><br><span class=\"einsatz-time\"><strong>Uhrzeit:<\/strong> 08:57<\/span><br><span class=\"einsatz-title\"><strong>Einsatzmeldung:<\/strong> <a href=\"https:\/\/feuerwehr-espenau.de\/index.php\/einsatzberichte\/h1-oelspur-18\/\" rel=\"bookmark\">H1 \/ \u00d6lspur<\/a><\/span><br><span class=\"einsatz-location\"><strong>Einsatzort:<\/strong> Espenau-Hohenkirchen<\/span><br><span class=\"einsatz-alarmType\"><strong>Alarmierungsart:<\/strong> Alamos, Pager<\/span><br><\/td><td class=\"einsatz-column-number\">05-2026<\/td><td class=\"einsatz-column-date\">28.03.2026<\/td><td class=\"einsatz-column-time\">08:57<\/td><td class=\"einsatz-column-title\"><a href=\"https:\/\/feuerwehr-espenau.de\/index.php\/einsatzberichte\/h1-oelspur-18\/\" rel=\"bookmark\">H1 \/ \u00d6lspur<\/a><\/td><td class=\"einsatz-column-location\">Espenau-Hohenkirchen<\/td><td class=\"einsatz-column-alarmType\">Alamos, Pager<\/td><\/tr><tr class=\"report\"><td class=\"smallscreen\" colspan=\"6\" data-permalink=\"https:\/\/feuerwehr-espenau.de\/index.php\/einsatzberichte\/h1y-tueroeffnung-27\/\"><span class=\"einsatz-number\"><strong>Nummer:<\/strong> 04-2026<\/span><br><span class=\"einsatz-date\"><strong>Datum:<\/strong> 11.03.2026<\/span><br><span class=\"einsatz-time\"><strong>Uhrzeit:<\/strong> 04:47<\/span><br><span class=\"einsatz-title\"><strong>Einsatzmeldung:<\/strong> <a href=\"https:\/\/feuerwehr-espenau.de\/index.php\/einsatzberichte\/h1y-tueroeffnung-27\/\" rel=\"bookmark\">H1Y \/ T\u00fcr\u00f6ffnung<\/a><\/span><br><span class=\"einsatz-location\"><strong>Einsatzort:<\/strong> Espenau-Sch\u00e4ferberg<\/span><br><span class=\"einsatz-alarmType\"><strong>Alarmierungsart:<\/strong> Vollalarm<\/span><br><\/td><td class=\"einsatz-column-number\">04-2026<\/td><td class=\"einsatz-column-date\">11.03.2026<\/td><td class=\"einsatz-column-time\">04:47<\/td><td class=\"einsatz-column-title\"><a href=\"https:\/\/feuerwehr-espenau.de\/index.php\/einsatzberichte\/h1y-tueroeffnung-27\/\" rel=\"bookmark\">H1Y \/ T\u00fcr\u00f6ffnung<\/a><\/td><td class=\"einsatz-column-location\">Espenau-Sch\u00e4ferberg<\/td><td class=\"einsatz-column-alarmType\">Vollalarm<\/td><\/tr><tr class=\"einsatz-title-month\"><td colspan=\"6\">Februar<\/td><\/tr><tr class=\"einsatz-header\"><th style=\"white-space: nowrap;\">Nummer<\/th><th style=\"white-space: nowrap;\">Datum<\/th><th style=\"white-space: nowrap;\">Uhrzeit<\/th><th style=\"\">Einsatzmeldung<\/th><th style=\"\">Einsatzort<\/th><th style=\"\">Alarmierungsart<\/th><\/tr><tr class=\"report\"><td class=\"smallscreen\" colspan=\"6\" data-permalink=\"https:\/\/feuerwehr-espenau.de\/index.php\/einsatzberichte\/h1-amtshilfe-3\/\"><span class=\"einsatz-number\"><strong>Nummer:<\/strong> 03-2026<\/span><br><span class=\"einsatz-date\"><strong>Datum:<\/strong> 14.02.2026<\/span><br><span class=\"einsatz-time\"><strong>Uhrzeit:<\/strong> 20:41<\/span><br><span class=\"einsatz-title\"><strong>Einsatzmeldung:<\/strong> <a href=\"https:\/\/feuerwehr-espenau.de\/index.php\/einsatzberichte\/h1-amtshilfe-3\/\" rel=\"bookmark\">H1 \/ Amtshilfe<\/a><\/span><br><span class=\"einsatz-location\"><strong>Einsatzort:<\/strong> Espenau-Hohenkirchen<\/span><br><span class=\"einsatz-alarmType\"><strong>Alarmierungsart:<\/strong> Telefonisch\/Fax<\/span><br><\/td><td class=\"einsatz-column-number\">03-2026<\/td><td class=\"einsatz-column-date\">14.02.2026<\/td><td class=\"einsatz-column-time\">20:41<\/td><td class=\"einsatz-column-title\"><a href=\"https:\/\/feuerwehr-espenau.de\/index.php\/einsatzberichte\/h1-amtshilfe-3\/\" rel=\"bookmark\">H1 \/ Amtshilfe<\/a><\/td><td class=\"einsatz-column-location\">Espenau-Hohenkirchen<\/td><td class=\"einsatz-column-alarmType\">Telefonisch\/Fax<\/td><\/tr><tr class=\"report\"><td class=\"smallscreen\" colspan=\"6\" data-permalink=\"https:\/\/feuerwehr-espenau.de\/index.php\/einsatzberichte\/h1y-tueroeffnung-26\/\"><span class=\"einsatz-number\"><strong>Nummer:<\/strong> 02-2026<\/span><br><span class=\"einsatz-date\"><strong>Datum:<\/strong> 12.02.2026<\/span><br><span class=\"einsatz-time\"><strong>Uhrzeit:<\/strong> 09:08<\/span><br><span class=\"einsatz-title\"><strong>Einsatzmeldung:<\/strong> <a href=\"https:\/\/feuerwehr-espenau.de\/index.php\/einsatzberichte\/h1y-tueroeffnung-26\/\" rel=\"bookmark\">H1Y \/ T\u00fcr\u00f6ffnung<\/a><\/span><br><span class=\"einsatz-location\"><strong>Einsatzort:<\/strong> Espenau-M\u00f6nchehof<\/span><br><span class=\"einsatz-alarmType\"><strong>Alarmierungsart:<\/strong> Vollalarm<\/span><br><\/td><td class=\"einsatz-column-number\">02-2026<\/td><td class=\"einsatz-column-date\">12.02.2026<\/td><td class=\"einsatz-column-time\">09:08<\/td><td class=\"einsatz-column-title\"><a href=\"https:\/\/feuerwehr-espenau.de\/index.php\/einsatzberichte\/h1y-tueroeffnung-26\/\" rel=\"bookmark\">H1Y \/ T\u00fcr\u00f6ffnung<\/a><\/td><td class=\"einsatz-column-location\">Espenau-M\u00f6nchehof<\/td><td class=\"einsatz-column-alarmType\">Vollalarm<\/td><\/tr><tr class=\"einsatz-title-month\"><td colspan=\"6\">Januar<\/td><\/tr><tr class=\"einsatz-header\"><th style=\"white-space: nowrap;\">Nummer<\/th><th style=\"white-space: nowrap;\">Datum<\/th><th style=\"white-space: nowrap;\">Uhrzeit<\/th><th style=\"\">Einsatzmeldung<\/th><th style=\"\">Einsatzort<\/th><th style=\"\">Alarmierungsart<\/th><\/tr><tr class=\"report\"><td class=\"smallscreen\" colspan=\"6\" data-permalink=\"https:\/\/feuerwehr-espenau.de\/index.php\/einsatzberichte\/h1y-tragehilfe-9\/\"><span class=\"einsatz-number\"><strong>Nummer:<\/strong> 01-2026<\/span><br><span class=\"einsatz-date\"><strong>Datum:<\/strong> 08.01.2026<\/span><br><span class=\"einsatz-time\"><strong>Uhrzeit:<\/strong> 10:05<\/span><br><span class=\"einsatz-title\"><strong>Einsatzmeldung:<\/strong> <a href=\"https:\/\/feuerwehr-espenau.de\/index.php\/einsatzberichte\/h1y-tragehilfe-9\/\" rel=\"bookmark\">H1Y \/ Tragehilfe<\/a><\/span><br><span class=\"einsatz-location\"><strong>Einsatzort:<\/strong> Espenau-M\u00f6nchehof<\/span><br><span class=\"einsatz-alarmType\"><strong>Alarmierungsart:<\/strong> Vollalarm<\/span><br><\/td><td class=\"einsatz-column-number\">01-2026<\/td><td class=\"einsatz-column-date\">08.01.2026<\/td><td class=\"einsatz-column-time\">10:05<\/td><td class=\"einsatz-column-title\"><a href=\"https:\/\/feuerwehr-espenau.de\/index.php\/einsatzberichte\/h1y-tragehilfe-9\/\" rel=\"bookmark\">H1Y \/ Tragehilfe<\/a><\/td><td class=\"einsatz-column-location\">Espenau-M\u00f6nchehof<\/td><td class=\"einsatz-column-alarmType\">Vollalarm<\/td><\/tr><\/tbody><\/table>\n","protected":false},"excerpt":{"rendered":"Eins\u00e4tze 2026AugustNummerDatumUhrzeitEinsatzmeldungEinsatzortAlarmierungsartNummer: 25-2026Datum: 28.08.2026Uhrzeit: 14:32Einsatzmeldung: H1Y \/ T\u00fcr\u00f6ffnungEinsatzort: Espenau-Sch\u00e4ferbergAlarmierungsart: Vollalarm25-202628.08.202614:32H1Y \/ T\u00fcr\u00f6ffnungEspenau-Sch\u00e4ferbergVollalarmNummer: 24-2026Datum: 18.08.2026Uhrzeit: 17:28Einsatzmeldung: H1 \/ \u00d6lspurEinsatzort: Espenau-M\u00f6nchehofAlarmierungsart: Vollalarm24-202618.08.202617:28H1 \/ \u00d6lspurEspenau-M\u00f6nchehofVollalarmNummer: 23-2026Datum: 13.08.2026Uhrzeit: 12:51Einsatzmeldung: F2Y \/ Brand in Geb\u00e4udeEinsatzort: ImmenhausenAlarmierungsart: Vollalarm23-202613.08.202612:51F2Y \/ Brand in Geb\u00e4udeImmenhausenVollalarmNummer: 22-2026Datum: 13.08.2026Uhrzeit: 11:34Einsatzmeldung: H1Y","protected":false},"author":2,"featured_media":0,"parent":0,"menu_order":2,"comment_status":"closed","ping_status":"closed","template":"","meta":{"footnotes":""},"class_list":["post-85","page","type-page","status-publish","hentry"],"_links":{"self":[{"href":"https:\/\/feuerwehr-espenau.de\/index.php\/wp-json\/wp\/v2\/pages\/85","targetHints":{"allow":["GET"]}}],"collection":[{"href":"https:\/\/feuerwehr-espenau.de\/index.php\/wp-json\/wp\/v2\/pages"}],"about":[{"href":"https:\/\/feuerwehr-espenau.de\/index.php\/wp-json\/wp\/v2\/types\/page"}],"author":[{"embeddable":true,"href":"https:\/\/feuerwehr-espenau.de\/index.php\/wp-json\/wp\/v2\/users\/2"}],"replies":[{"embeddable":true,"href":"https:\/\/feuerwehr-espenau.de\/index.php\/wp-json\/wp\/v2\/comments?post=85"}],"version-history":[{"count":9,"href":"https:\/\/feuerwehr-espenau.de\/index.php\/wp-json\/wp\/v2\/pages\/85\/revisions"}],"predecessor-version":[{"id":3462,"href":"https:\/\/feuerwehr-espenau.de\/index.php\/wp-json\/wp\/v2\/pages\/85\/revisions\/3462"}],"wp:attachment":[{"href":"https:\/\/feuerwehr-espenau.de\/index.php\/wp-json\/wp\/v2\/media?parent=85"}],"curies":[{"name":"wp","href":"https:\/\/api.w.org\/{rel}","templated":true}]}}